{"id":7771,"date":"2015-12-09T15:59:29","date_gmt":"2015-12-09T15:59:29","guid":{"rendered":"http:\/\/wordpress.gsgrebenstein.net\/?page_id=12"},"modified":"2021-02-11T13:29:47","modified_gmt":"2021-02-11T12:29:47","slug":"schulsozialarbeit","status":"publish","type":"page","link":"https:\/\/altgsgrebenstein.de\/?page_id=7771","title":{"rendered":"Schulsozialarbeit"},"content":{"rendered":"<p><strong>Ansprechpartnerinnen: Evelyn Gartung\u00a0<\/strong><\/p>\n<p><strong><br \/>\n<img decoding=\"async\" class=\"alignnone size-medium wp-image-12067\" src=\"http:\/\/altgsgrebenstein.de\/wp-content\/uploads\/2020\/12\/Fr.-E.-Gartung-scaled-1-300x199.jpg\" alt=\"\" width=\"300\" height=\"199\" srcset=\"https:\/\/altgsgrebenstein.de\/wp-content\/uploads\/2020\/12\/Fr.-E.-Gartung-scaled-1-300x199.jpg 300w, https:\/\/altgsgrebenstein.de\/wp-content\/uploads\/2020\/12\/Fr.-E.-Gartung-scaled-1-1024x678.jpg 1024w, https:\/\/altgsgrebenstein.de\/wp-content\/uploads\/2020\/12\/Fr.-E.-Gartung-scaled-1-768x509.jpg 768w, https:\/\/altgsgrebenstein.de\/wp-content\/uploads\/2020\/12\/Fr.-E.-Gartung-scaled-1-1536x1018.jpg 1536w, https:\/\/altgsgrebenstein.de\/wp-content\/uploads\/2020\/12\/Fr.-E.-Gartung-scaled-1-2048x1357.jpg 2048w\" sizes=\"(max-width: 300px) 100vw, 300px\" \/><br \/>\n<\/strong><\/p>\n<p>Foto: Evelyn Gartung<\/p>\n<p>Tel.: 05674 &#8211; 99 76 28<br \/>\nDienstnummer: 01525 4658549<\/p>\n<p>email: <a href=\"mailto:Evelyn-gartung@landkreiskassel.de\">Evelyn-Gartung@landkreiskassel.de<\/a><\/p>\n<p>&nbsp;<\/p>\n<p><strong>Sozialarbeit in Schule (SiS)<\/strong> ist ein <strong>verl\u00e4sslicher, professioneller Partner f\u00fcr Kinder, Jugendliche, Eltern und LehrerInnen<\/strong>. Wir verstehen uns als Teil der Jugendhilfe. Als eigenst\u00e4ndiger Fachdienst an unseren Schulen sind wir Bindeglied zwischen verschiedensten Akteuren, Institutionen und Gremien (Auszug aus dem Leitbild der Schulsozialarbeit im Landkreis Kassel).<\/p>\n<p>Ich biete <strong>Beratung<\/strong> f\u00fcr Sch\u00fclerInnen in pers\u00f6nlichen, schulischen und beruflichen Fragen und Unterst\u00fctzung f\u00fcr Eltern und LehrerInnen in Schul- und Erziehungsfragen. Wer meine Hilfe und Unterst\u00fctzung in Anspruch nehmen m\u00f6chte kann einfach\u00a0anrufen, mailen oder direkt im B\u00fcro vorbeischauen! Alles was wir gemeinsam besprechen wird vertraulich behandelt und nicht an Dritte weitergegeben.<\/p>\n<p>Neben der Einzelberatung biete\u00a0ich auch <strong>Gruppenangebote<\/strong> an, die w\u00e4hrend oder au\u00dferhalb des Unterrichts stattfinden k\u00f6nnen. Im Rahmen der Sozialarbeit in Schule haben bereits viele Klassenprojekte zur Verbesserung der Klassengemeinschaft, Entdecker- und M\u00e4dchentage sowie kreative Projekte stattgefunden.<\/p>\n<p>F\u00fcr Eltern gibt es in regelm\u00e4\u00dfigen Abst\u00e4nden einen <strong>Elternabend<\/strong> zu unterschiedlichen Themen, wie z.B. Lernschwierigkeiten und Pubert\u00e4t. Hier k\u00f6nnen Eltern in netter Atmosph\u00e4re neue Strategien erfahren, um mehr Sicherheit im Erziehungsprozess zu gewinnen und so die Beziehung zu ihren Kindern zu st\u00e4rken.<\/p>\n<p>Ich\u00a0habe immer ein offenes Ohr f\u00fcr Fragen und Anregungen und freue\u00a0mich \u00fcber einen pers\u00f6nlichen Kontakt!<\/p>\n<p><a href=\"http:\/\/altgsgrebenstein.de\/wp-content\/uploads\/2021\/02\/Flyer-Sozialarbeit-in-Schule-06-2020.pdf\">Flyer Sozialarbeit in Schule (06-2020)<\/a><\/p>\n<p><a href=\"http:\/\/altgsgrebenstein.de\/wp-content\/uploads\/2020\/12\/Multiprofessionelle-Zusammenarbeit-an-der-HGS-Stand-September-2020.jpg\"><img decoding=\"async\" class=\"alignnone size-large wp-image-12068\" src=\"http:\/\/altgsgrebenstein.de\/wp-content\/uploads\/2020\/12\/Multiprofessionelle-Zusammenarbeit-an-der-HGS-Stand-September-2020-1024x723.jpg\" alt=\"\" width=\"604\" height=\"426\" srcset=\"https:\/\/altgsgrebenstein.de\/wp-content\/uploads\/2020\/12\/Multiprofessionelle-Zusammenarbeit-an-der-HGS-Stand-September-2020-1024x723.jpg 1024w, https:\/\/altgsgrebenstein.de\/wp-content\/uploads\/2020\/12\/Multiprofessionelle-Zusammenarbeit-an-der-HGS-Stand-September-2020-300x212.jpg 300w, https:\/\/altgsgrebenstein.de\/wp-content\/uploads\/2020\/12\/Multiprofessionelle-Zusammenarbeit-an-der-HGS-Stand-September-2020-768x543.jpg 768w, https:\/\/altgsgrebenstein.de\/wp-content\/uploads\/2020\/12\/Multiprofessionelle-Zusammenarbeit-an-der-HGS-Stand-September-2020-1536x1085.jpg 1536w, https:\/\/altgsgrebenstein.de\/wp-content\/uploads\/2020\/12\/Multiprofessionelle-Zusammenarbeit-an-der-HGS-Stand-September-2020.jpg 1754w\" sizes=\"(max-width: 604px) 100vw, 604px\" \/><\/a><\/p>\n","protected":false},"excerpt":{"rendered":"<p>Ansprechpartnerinnen: Evelyn Gartung\u00a0 Foto: Evelyn Gartung Tel.: 05674 &#8211; 99 76 28 Dienstnummer: 01525 4658549 email: Evelyn-Gartung@landkreiskassel.de &nbsp; Sozialarbeit in Schule (SiS) ist ein verl\u00e4sslicher, professioneller Partner f\u00fcr Kinder, Jugendliche, Eltern und LehrerInnen. Wir verstehen uns als Teil der Jugendhilfe. Als eigenst\u00e4ndiger Fachdienst an unseren Schulen sind wir Bindeglied zwischen verschiedensten Akteuren, Institutionen und Gremien &hellip; <a href=\"https:\/\/altgsgrebenstein.de\/?page_id=7771\" class=\"more-link\"><span class=\"screen-reader-text\">Schulsozialarbeit<\/span> weiterlesen <span class=\"meta-nav\">&rarr;<\/span><\/a><\/p>\n","protected":false},"author":9,"featured_media":0,"parent":0,"menu_order":0,"comment_status":"closed","ping_status":"closed","template":"","meta":{"saved_in_kubio":false,"footnotes":""},"class_list":["post-7771","page","type-page","status-publish","hentry"],"kubio_ai_page_context":{"short_desc":"","purpose":"general"},"_links":{"self":[{"href":"https:\/\/altgsgrebenstein.de\/index.php?rest_route=\/wp\/v2\/pages\/7771","targetHints":{"allow":["GET"]}}],"collection":[{"href":"https:\/\/altgsgrebenstein.de\/index.php?rest_route=\/wp\/v2\/pages"}],"about":[{"href":"https:\/\/altgsgrebenstein.de\/index.php?rest_route=\/wp\/v2\/types\/page"}],"author":[{"embeddable":true,"href":"https:\/\/altgsgrebenstein.de\/index.php?rest_route=\/wp\/v2\/users\/9"}],"replies":[{"embeddable":true,"href":"https:\/\/altgsgrebenstein.de\/index.php?rest_route=%2Fwp%2Fv2%2Fcomments&post=7771"}],"version-history":[{"count":6,"href":"https:\/\/altgsgrebenstein.de\/index.php?rest_route=\/wp\/v2\/pages\/7771\/revisions"}],"predecessor-version":[{"id":13037,"href":"https:\/\/altgsgrebenstein.de\/index.php?rest_route=\/wp\/v2\/pages\/7771\/revisions\/13037"}],"wp:attachment":[{"href":"https:\/\/altgsgrebenstein.de\/index.php?rest_route=%2Fwp%2Fv2%2Fmedia&parent=7771"}],"curies":[{"name":"wp","href":"https:\/\/api.w.org\/{rel}","templated":true}]}}