{"id":6904,"date":"2020-04-05T20:13:41","date_gmt":"2020-04-05T19:13:41","guid":{"rendered":"http:\/\/www.gsgrebenstein.net\/wordpress\/?page_id=6904"},"modified":"2025-06-21T08:04:05","modified_gmt":"2025-06-21T07:04:05","slug":"vorstellung-sv-2019-2020","status":"publish","type":"page","link":"https:\/\/altgsgrebenstein.de\/?page_id=6904","title":{"rendered":"Sch\u00fclervertretung 2024\/25"},"content":{"rendered":"<p><img decoding=\"async\" class=\"alignnone size-medium wp-image-17162\" src=\"http:\/\/altgsgrebenstein.de\/wp-content\/uploads\/2024\/09\/IMG-20240923-WA0001-300x225.jpg\" alt=\"\" width=\"300\" height=\"225\" srcset=\"https:\/\/altgsgrebenstein.de\/wp-content\/uploads\/2024\/09\/IMG-20240923-WA0001-300x225.jpg 300w, https:\/\/altgsgrebenstein.de\/wp-content\/uploads\/2024\/09\/IMG-20240923-WA0001-1024x768.jpg 1024w, https:\/\/altgsgrebenstein.de\/wp-content\/uploads\/2024\/09\/IMG-20240923-WA0001-768x576.jpg 768w, https:\/\/altgsgrebenstein.de\/wp-content\/uploads\/2024\/09\/IMG-20240923-WA0001-1536x1152.jpg 1536w, https:\/\/altgsgrebenstein.de\/wp-content\/uploads\/2024\/09\/IMG-20240923-WA0001.jpg 1600w\" sizes=\"(max-width: 300px) 100vw, 300px\" \/><br \/>\nWir sind die neue Sch\u00fclervertretung der HGS.<\/p>\n<p>Als SV-Team wollen wir uns bei euch, den Sch\u00fclerinnen und Sch\u00fclern, bedanken, dass IHR uns gew\u00e4hlt und damit uns euer Vertrauen gegeben habt.<\/p>\n<p><img decoding=\"async\" class=\"alignnone size-medium wp-image-17163\" src=\"http:\/\/altgsgrebenstein.de\/wp-content\/uploads\/2024\/09\/Noah_-225x300.jpg\" alt=\"\" width=\"225\" height=\"300\" srcset=\"https:\/\/altgsgrebenstein.de\/wp-content\/uploads\/2024\/09\/Noah_-225x300.jpg 225w, https:\/\/altgsgrebenstein.de\/wp-content\/uploads\/2024\/09\/Noah_-768x1024.jpg 768w, https:\/\/altgsgrebenstein.de\/wp-content\/uploads\/2024\/09\/Noah_-1152x1536.jpg 1152w, https:\/\/altgsgrebenstein.de\/wp-content\/uploads\/2024\/09\/Noah_.jpg 1200w\" sizes=\"(max-width: 225px) 100vw, 225px\" \/><\/p>\n<p><img decoding=\"async\" class=\"alignnone size-medium wp-image-17175\" src=\"http:\/\/altgsgrebenstein.de\/wp-content\/uploads\/2024\/09\/Pauline-225x300.jpg\" alt=\"\" width=\"225\" height=\"300\" srcset=\"https:\/\/altgsgrebenstein.de\/wp-content\/uploads\/2024\/09\/Pauline-225x300.jpg 225w, https:\/\/altgsgrebenstein.de\/wp-content\/uploads\/2024\/09\/Pauline-768x1024.jpg 768w, https:\/\/altgsgrebenstein.de\/wp-content\/uploads\/2024\/09\/Pauline-1152x1536.jpg 1152w, https:\/\/altgsgrebenstein.de\/wp-content\/uploads\/2024\/09\/Pauline.jpg 1200w\" sizes=\"(max-width: 225px) 100vw, 225px\" \/><\/p>\n<p><img decoding=\"async\" class=\"alignnone size-medium wp-image-17172\" src=\"http:\/\/altgsgrebenstein.de\/wp-content\/uploads\/2024\/09\/Mico-225x300.jpg\" alt=\"\" width=\"225\" height=\"300\" srcset=\"https:\/\/altgsgrebenstein.de\/wp-content\/uploads\/2024\/09\/Mico-225x300.jpg 225w, https:\/\/altgsgrebenstein.de\/wp-content\/uploads\/2024\/09\/Mico-768x1024.jpg 768w, https:\/\/altgsgrebenstein.de\/wp-content\/uploads\/2024\/09\/Mico-1152x1536.jpg 1152w, https:\/\/altgsgrebenstein.de\/wp-content\/uploads\/2024\/09\/Mico.jpg 1200w\" sizes=\"(max-width: 225px) 100vw, 225px\" \/><\/p>\n<p>Von oben nach unten &#8211; Schulsprecher Noah Prei\u00df (R10c), stellvertretende Schulsprecherin Pauline Woltring (G10b), stellvertretender Schulsprecher Mico Sharbaji (G10b)<\/p>\n<p><img decoding=\"async\" class=\"alignnone size-medium wp-image-17167\" src=\"http:\/\/altgsgrebenstein.de\/wp-content\/uploads\/2024\/09\/Egemen-225x300.jpg\" alt=\"\" width=\"225\" height=\"300\" srcset=\"https:\/\/altgsgrebenstein.de\/wp-content\/uploads\/2024\/09\/Egemen-225x300.jpg 225w, https:\/\/altgsgrebenstein.de\/wp-content\/uploads\/2024\/09\/Egemen-768x1024.jpg 768w, https:\/\/altgsgrebenstein.de\/wp-content\/uploads\/2024\/09\/Egemen-1152x1536.jpg 1152w, https:\/\/altgsgrebenstein.de\/wp-content\/uploads\/2024\/09\/Egemen.jpg 1200w\" sizes=\"(max-width: 225px) 100vw, 225px\" \/><img decoding=\"async\" class=\"alignnone size-medium wp-image-17179\" src=\"http:\/\/altgsgrebenstein.de\/wp-content\/uploads\/2024\/09\/David-1-225x300.jpg\" alt=\"\" width=\"225\" height=\"300\" srcset=\"https:\/\/altgsgrebenstein.de\/wp-content\/uploads\/2024\/09\/David-1-225x300.jpg 225w, https:\/\/altgsgrebenstein.de\/wp-content\/uploads\/2024\/09\/David-1-768x1024.jpg 768w, https:\/\/altgsgrebenstein.de\/wp-content\/uploads\/2024\/09\/David-1-1152x1536.jpg 1152w, https:\/\/altgsgrebenstein.de\/wp-content\/uploads\/2024\/09\/David-1.jpg 1200w\" sizes=\"(max-width: 225px) 100vw, 225px\" \/><\/p>\n<p><img decoding=\"async\" class=\"alignnone size-medium wp-image-17173\" src=\"http:\/\/altgsgrebenstein.de\/wp-content\/uploads\/2024\/09\/Moritz-225x300.jpg\" alt=\"\" width=\"225\" height=\"300\" srcset=\"https:\/\/altgsgrebenstein.de\/wp-content\/uploads\/2024\/09\/Moritz-225x300.jpg 225w, https:\/\/altgsgrebenstein.de\/wp-content\/uploads\/2024\/09\/Moritz-768x1024.jpg 768w, https:\/\/altgsgrebenstein.de\/wp-content\/uploads\/2024\/09\/Moritz-1152x1536.jpg 1152w, https:\/\/altgsgrebenstein.de\/wp-content\/uploads\/2024\/09\/Moritz.jpg 1200w\" sizes=\"(max-width: 225px) 100vw, 225px\" \/><img decoding=\"async\" class=\"alignnone size-medium wp-image-17176\" src=\"http:\/\/altgsgrebenstein.de\/wp-content\/uploads\/2024\/09\/Silas-225x300.jpg\" alt=\"\" width=\"225\" height=\"300\" srcset=\"https:\/\/altgsgrebenstein.de\/wp-content\/uploads\/2024\/09\/Silas-225x300.jpg 225w, https:\/\/altgsgrebenstein.de\/wp-content\/uploads\/2024\/09\/Silas-768x1024.jpg 768w, https:\/\/altgsgrebenstein.de\/wp-content\/uploads\/2024\/09\/Silas-1152x1536.jpg 1152w, https:\/\/altgsgrebenstein.de\/wp-content\/uploads\/2024\/09\/Silas.jpg 1200w\" sizes=\"(max-width: 225px) 100vw, 225px\" \/><\/p>\n<p>Die Vertreterinnen und Vetreter f\u00fcr die Gesamtkonferenzen von oben links nach unten rechts, Egemen Yener (G9a), David Gie\u00dfler (R10b), Moritz Engelbrecht (R10c), Silas Sen (R10b) (es fehlen Maik Reinemann und Jonathan Basler)<\/p>\n<p><img decoding=\"async\" class=\"alignnone size-medium wp-image-17164\" src=\"http:\/\/altgsgrebenstein.de\/wp-content\/uploads\/2024\/09\/Anna-225x300.jpg\" alt=\"\" width=\"225\" height=\"300\" srcset=\"https:\/\/altgsgrebenstein.de\/wp-content\/uploads\/2024\/09\/Anna-225x300.jpg 225w, https:\/\/altgsgrebenstein.de\/wp-content\/uploads\/2024\/09\/Anna-768x1024.jpg 768w, https:\/\/altgsgrebenstein.de\/wp-content\/uploads\/2024\/09\/Anna-1152x1536.jpg 1152w, https:\/\/altgsgrebenstein.de\/wp-content\/uploads\/2024\/09\/Anna.jpg 1200w\" sizes=\"(max-width: 225px) 100vw, 225px\" \/><img decoding=\"async\" class=\"alignnone size-medium wp-image-17169\" src=\"http:\/\/altgsgrebenstein.de\/wp-content\/uploads\/2024\/09\/Felician-225x300.jpg\" alt=\"\" width=\"225\" height=\"300\" srcset=\"https:\/\/altgsgrebenstein.de\/wp-content\/uploads\/2024\/09\/Felician-225x300.jpg 225w, https:\/\/altgsgrebenstein.de\/wp-content\/uploads\/2024\/09\/Felician-768x1024.jpg 768w, https:\/\/altgsgrebenstein.de\/wp-content\/uploads\/2024\/09\/Felician-1152x1536.jpg 1152w, https:\/\/altgsgrebenstein.de\/wp-content\/uploads\/2024\/09\/Felician.jpg 1200w\" sizes=\"(max-width: 225px) 100vw, 225px\" \/><\/p>\n<p><img decoding=\"async\" class=\"alignnone size-medium wp-image-17174\" src=\"http:\/\/altgsgrebenstein.de\/wp-content\/uploads\/2024\/09\/Noah-225x300.jpg\" alt=\"\" width=\"225\" height=\"300\" srcset=\"https:\/\/altgsgrebenstein.de\/wp-content\/uploads\/2024\/09\/Noah-225x300.jpg 225w, https:\/\/altgsgrebenstein.de\/wp-content\/uploads\/2024\/09\/Noah-768x1024.jpg 768w, https:\/\/altgsgrebenstein.de\/wp-content\/uploads\/2024\/09\/Noah-1152x1536.jpg 1152w, https:\/\/altgsgrebenstein.de\/wp-content\/uploads\/2024\/09\/Noah.jpg 1200w\" sizes=\"(max-width: 225px) 100vw, 225px\" \/><img decoding=\"async\" class=\"alignnone size-medium wp-image-17178\" src=\"http:\/\/altgsgrebenstein.de\/wp-content\/uploads\/2024\/09\/Yves-225x300.jpg\" alt=\"\" width=\"225\" height=\"300\" srcset=\"https:\/\/altgsgrebenstein.de\/wp-content\/uploads\/2024\/09\/Yves-225x300.jpg 225w, https:\/\/altgsgrebenstein.de\/wp-content\/uploads\/2024\/09\/Yves-768x1024.jpg 768w, https:\/\/altgsgrebenstein.de\/wp-content\/uploads\/2024\/09\/Yves-1152x1536.jpg 1152w, https:\/\/altgsgrebenstein.de\/wp-content\/uploads\/2024\/09\/Yves.jpg 1200w\" sizes=\"(max-width: 225px) 100vw, 225px\" \/><\/p>\n<p>Die KSR-Deligierten von links oben nach rechts unten, Anna B\u00fcchler, Felizian Weigl &amp; ihre Vertreter Noah Braune, Yves B\u00f6ttcher (alle G9a)<\/p>\n<p><img decoding=\"async\" class=\"alignnone size-medium wp-image-17177\" src=\"http:\/\/altgsgrebenstein.de\/wp-content\/uploads\/2024\/09\/Talia-225x300.jpg\" alt=\"\" width=\"225\" height=\"300\" srcset=\"https:\/\/altgsgrebenstein.de\/wp-content\/uploads\/2024\/09\/Talia-225x300.jpg 225w, https:\/\/altgsgrebenstein.de\/wp-content\/uploads\/2024\/09\/Talia-768x1024.jpg 768w, https:\/\/altgsgrebenstein.de\/wp-content\/uploads\/2024\/09\/Talia-1152x1536.jpg 1152w, https:\/\/altgsgrebenstein.de\/wp-content\/uploads\/2024\/09\/Talia.jpg 1200w\" sizes=\"(max-width: 225px) 100vw, 225px\" \/><img decoding=\"async\" class=\"alignnone size-medium wp-image-17168\" src=\"http:\/\/altgsgrebenstein.de\/wp-content\/uploads\/2024\/09\/Eila-225x300.jpg\" alt=\"\" width=\"225\" height=\"300\" srcset=\"https:\/\/altgsgrebenstein.de\/wp-content\/uploads\/2024\/09\/Eila-225x300.jpg 225w, https:\/\/altgsgrebenstein.de\/wp-content\/uploads\/2024\/09\/Eila-768x1024.jpg 768w, https:\/\/altgsgrebenstein.de\/wp-content\/uploads\/2024\/09\/Eila-1152x1536.jpg 1152w, https:\/\/altgsgrebenstein.de\/wp-content\/uploads\/2024\/09\/Eila.jpg 1200w\" sizes=\"(max-width: 225px) 100vw, 225px\" \/><\/p>\n<p>Die Vertreterinnen f\u00fcr die Schulkonferenz von links, Talia Kl\u00fcppel (R10c) &amp; Eila N\u00f6ding (G10b)<\/p>\n<p><img decoding=\"async\" class=\"alignnone size-medium wp-image-17170\" src=\"http:\/\/altgsgrebenstein.de\/wp-content\/uploads\/2024\/09\/Fynn-225x300.jpg\" alt=\"\" width=\"225\" height=\"300\" srcset=\"https:\/\/altgsgrebenstein.de\/wp-content\/uploads\/2024\/09\/Fynn-225x300.jpg 225w, https:\/\/altgsgrebenstein.de\/wp-content\/uploads\/2024\/09\/Fynn-768x1024.jpg 768w, https:\/\/altgsgrebenstein.de\/wp-content\/uploads\/2024\/09\/Fynn-1152x1536.jpg 1152w, https:\/\/altgsgrebenstein.de\/wp-content\/uploads\/2024\/09\/Fynn.jpg 1200w\" sizes=\"(max-width: 225px) 100vw, 225px\" \/><img decoding=\"async\" class=\"alignnone size-medium wp-image-17165\" src=\"http:\/\/altgsgrebenstein.de\/wp-content\/uploads\/2024\/09\/Benjamin-225x300.jpg\" alt=\"\" width=\"225\" height=\"300\" srcset=\"https:\/\/altgsgrebenstein.de\/wp-content\/uploads\/2024\/09\/Benjamin-225x300.jpg 225w, https:\/\/altgsgrebenstein.de\/wp-content\/uploads\/2024\/09\/Benjamin-768x1024.jpg 768w, https:\/\/altgsgrebenstein.de\/wp-content\/uploads\/2024\/09\/Benjamin-1152x1536.jpg 1152w, https:\/\/altgsgrebenstein.de\/wp-content\/uploads\/2024\/09\/Benjamin.jpg 1200w\" sizes=\"(max-width: 225px) 100vw, 225px\" \/><\/p>\n<p>Die Beisitzer von links, Fynn Homburg (R10b) &amp; Benjamin M\u00f6ckel (G10b)<\/p>\n<div class=\"gs\">\n<div class=\"\">\n<div id=\":ly\" class=\"ii gt adO\">\n<div id=\":lx\" class=\"a3s aXjCH \">\n<div dir=\"ltr\">\n<div dir=\"ltr\">\n<p>Wir haben einen SV-Schaukasten im Flur vor dem Sekretariat, in dem aktuelle Infos \u00fcber Aktionen und das, was uns gerade in der SV besch\u00e4ftigt, aush\u00e4ngen.<\/p>\n<p>Au\u00dferdem k\u00f6nnt ihr sehr gerne zu uns kommen, wenn Ihr Probleme oder Anmerkungen habt oder Ihr etwas loswerden wollt. Dies k\u00f6nnt ihr machen, indem Ihr zu uns in der\u00a0<b>2. gro\u00dfen Pause Dienstags\u00a0<\/b>kommt in den SV Raum (<b>4.2.05<\/b>) oder indem Ihr uns einfach auf dem Schulhof ansprecht. Davon lebt unsere Arbeit!<em>\u00a0<\/em><\/p>\n<p align=\"center\">Wir freuen uns auf die restliche Zeit \ud83d\ude42<\/p>\n<p align=\"center\">Eure SV<\/p>\n<p align=\"center\"><strong>Achtung! Ihr k\u00f6nnt uns auch gerne unter dieser E-Mail Adresse erreichen:\u00a0 <\/strong><a href=\"mailto:sv@gsgrebenstein.de\/\" target=\"_blank\" rel=\"noopener noreferrer\" data-saferedirecturl=\"https:\/\/www.google.com\/url?q=http:\/\/sv@gsgrebenstein.de&amp;source=gmail&amp;ust=1586196667680000&amp;usg=AFQjCNHyZp2zGMOsIWKE75X9RNuzUD_3Cw\">sv@gsgrebenstein.de<\/a><\/p>\n<p style=\"text-align: left;\" align=\"center\"><img decoding=\"async\" class=\"ajT alignleft\" src=\"https:\/\/ssl.gstatic.com\/ui\/v1\/icons\/mail\/images\/cleardot.gif\" \/><\/p>\n<\/div>\n<\/div>\n<\/div>\n<\/div>\n<\/div>\n<\/div>\n","protected":false},"excerpt":{"rendered":"<p>Wir sind die neue Sch\u00fclervertretung der HGS. Als SV-Team wollen wir uns bei euch, den Sch\u00fclerinnen und Sch\u00fclern, bedanken, dass IHR uns gew\u00e4hlt und damit uns euer Vertrauen gegeben habt. Von oben nach unten &#8211; Schulsprecher Noah Prei\u00df (R10c), stellvertretende Schulsprecherin Pauline Woltring (G10b), stellvertretender Schulsprecher Mico Sharbaji (G10b) Die Vertreterinnen und Vetreter f\u00fcr die &hellip; <a href=\"https:\/\/altgsgrebenstein.de\/?page_id=6904\" class=\"more-link\"><span class=\"screen-reader-text\">Sch\u00fclervertretung 2024\/25<\/span> weiterlesen <span class=\"meta-nav\">&rarr;<\/span><\/a><\/p>\n","protected":false},"author":25,"featured_media":0,"parent":0,"menu_order":0,"comment_status":"closed","ping_status":"closed","template":"","meta":{"saved_in_kubio":false,"footnotes":""},"class_list":["post-6904","page","type-page","status-publish","hentry"],"kubio_ai_page_context":{"short_desc":"","purpose":"general"},"_links":{"self":[{"href":"https:\/\/altgsgrebenstein.de\/index.php?rest_route=\/wp\/v2\/pages\/6904","targetHints":{"allow":["GET"]}}],"collection":[{"href":"https:\/\/altgsgrebenstein.de\/index.php?rest_route=\/wp\/v2\/pages"}],"about":[{"href":"https:\/\/altgsgrebenstein.de\/index.php?rest_route=\/wp\/v2\/types\/page"}],"author":[{"embeddable":true,"href":"https:\/\/altgsgrebenstein.de\/index.php?rest_route=\/wp\/v2\/users\/25"}],"replies":[{"embeddable":true,"href":"https:\/\/altgsgrebenstein.de\/index.php?rest_route=%2Fwp%2Fv2%2Fcomments&post=6904"}],"version-history":[{"count":20,"href":"https:\/\/altgsgrebenstein.de\/index.php?rest_route=\/wp\/v2\/pages\/6904\/revisions"}],"predecessor-version":[{"id":18302,"href":"https:\/\/altgsgrebenstein.de\/index.php?rest_route=\/wp\/v2\/pages\/6904\/revisions\/18302"}],"wp:attachment":[{"href":"https:\/\/altgsgrebenstein.de\/index.php?rest_route=%2Fwp%2Fv2%2Fmedia&parent=6904"}],"curies":[{"name":"wp","href":"https:\/\/api.w.org\/{rel}","templated":true}]}}