{"id":543,"date":"2016-06-29T12:55:35","date_gmt":"2016-06-29T11:55:35","guid":{"rendered":"http:\/\/wordpress.gsgrebenstein.net\/?page_id=543"},"modified":"2025-05-16T10:01:58","modified_gmt":"2025-05-16T09:01:58","slug":"aktuelles","status":"publish","type":"page","link":"https:\/\/altgsgrebenstein.de\/?page_id=543","title":{"rendered":"Aktuelles"},"content":{"rendered":"<p><span style=\"font-size: 14pt;\">Ein neues Angebot f\u00fcr DICH:<\/span><br \/>\n<strong><span style=\"color: #ff0000; font-size: 24pt;\">DAS BOZ in Immenhausen<\/span><\/strong><br \/>\nBOZ steht f\u00fcr <strong><span style=\"color: #ff0000; font-size: 14pt;\">B<\/span><\/strong>erufs<strong><span style=\"color: #ff0000; font-size: 14pt;\">O<\/span><\/strong>rientierungs<span style=\"font-size: 14pt;\"><strong><span style=\"color: #ff0000;\">Z<\/span><\/strong><\/span>entrum<\/p>\n<p style=\"background: #004F9F; margin: 12.0pt 0cm 13.2pt 0cm;\"><span style=\"font-size: 24.0pt; font-family: 'Verdana',sans-serif; color: white;\">Was erwartet DICH im BOZ?\u00a0<\/span><\/p>\n<p style=\"background: #004F9F; font-variant-ligatures: normal; font-variant-caps: normal; orphans: 2; widows: 2; -webkit-text-stroke-width: 0px; text-decoration-thickness: initial; text-decoration-style: initial; text-decoration-color: initial; word-spacing: 0px; margin: 12.0pt 0cm 13.2pt 0cm;\"><span style=\"font-family: 'Verdana',sans-serif; color: white;\">Im BerufsOrientierungsZentrum bieten wir\u00a0<strong><span style=\"font-family: 'Verdana',sans-serif;\">praxisnahe Einblicke<\/span><\/strong>\u00a0in<strong><span style=\"font-family: 'Verdana',sans-serif;\">\u00a0verschiedene Berufsfelder<\/span><\/strong>\u00a0und unterst\u00fctzen junge Menschen dabei, ihre\u00a0<strong><span style=\"font-family: 'Verdana',sans-serif;\">beruflichen Interessen und Talente<\/span><\/strong>\u00a0zu entdecken. Durch individuell zugeschnittene Programme und moderne Technologien schaffen wir ein inspirierendes Umfeld, das die\u00a0<strong><span style=\"font-family: 'Verdana',sans-serif;\">pers\u00f6nliche\u00a0Berufswahl<\/span><\/strong>\u00a0erleichtert und die\u00a0<strong><span style=\"font-family: 'Verdana',sans-serif;\">Entscheidungskompetenz<\/span><\/strong>\u00a0st\u00e4rkt.<\/span><\/p>\n<p style=\"background: #004F9F; font-variant-ligatures: normal; font-variant-caps: normal; orphans: 2; widows: 2; -webkit-text-stroke-width: 0px; text-decoration-thickness: initial; text-decoration-style: initial; text-decoration-color: initial; word-spacing: 0px; margin: 12.0pt 0cm 13.2pt 0cm;\"><span style=\"font-size: 24.0pt; font-family: 'Verdana',sans-serif; color: white;\">F\u00fcr wen sind wir da?<\/span><\/p>\n<p style=\"background: #004F9F; font-variant-ligatures: normal; font-variant-caps: normal; orphans: 2; widows: 2; -webkit-text-stroke-width: 0px; text-decoration-thickness: initial; text-decoration-style: initial; text-decoration-color: initial; word-spacing: 0px; margin: 12.0pt 0cm 13.2pt 0cm;\"><span style=\"font-family: 'Verdana',sans-serif; color: white;\">Unser BOZ richtet sich an\u00a0<strong><span style=\"font-family: 'Verdana',sans-serif;\">Sch\u00fclerinnen und Sch\u00fcler<\/span><\/strong>, die sich beruflich orientieren m\u00f6chten, ebenso wie an\u00a0<strong><span style=\"font-family: 'Verdana',sans-serif;\">Eltern<\/span><\/strong>,\u00a0<strong><span style=\"font-family: 'Verdana',sans-serif;\">Lehrerinnen und Lehrer<\/span><\/strong>, die sie auf diesem Weg begleiten.\u00a0<strong><span style=\"font-family: 'Verdana',sans-serif;\">Unternehmen<\/span><\/strong>, die sich als attraktive Arbeitgeber pr\u00e4sentieren und zuk\u00fcnftige Talente fr\u00fchzeitig f\u00f6rdern m\u00f6chten, finden bei uns ebenfalls vielf\u00e4ltige Angebote und M\u00f6glichkeiten einer effektiven Zusammenarbeit.\u00a0<\/span><\/p>\n<p><span style=\"font-size: 18pt;\"><strong>Wie komme ich zum BOZ? Wie kann ich das BOZ erreichen:<\/strong><br \/>\n<\/span><span style=\"color: #ff0000;\"><strong>BOZ Berufsorientierungszentrum im Landkreis Kassel eG<br \/>\n<\/strong>Karl-Heinz-Fr\u00e4ger-Stra\u00dfe 1 (sera-Werk 2)<\/span><br \/>\n<span style=\"color: #ff0000;\">34376 Immenhausen<\/span><br \/>\n<span style=\"color: #ff0000;\">Mail:\u00a0<a style=\"color: #ff0000;\" href=\"mailto:info@boz-kassel.de\"><span style=\"font-size: 14pt;\"><strong>info@boz-kassel.de<\/strong><\/span><br \/>\n<\/a>Mobil: 01556-6344533<\/span><\/p>\n<p>&nbsp;<\/p>\n<p>Hier die neue HNA-Beilage &#8222;<span style=\"font-size: 18pt;\"><strong>Azubigo<\/strong><\/span>!&#8220;<\/p>\n<p><a href=\"http:\/\/altgsgrebenstein.de\/wp-content\/uploads\/2024\/09\/Azubigo-Beruf-und-Karriere-31.08.2024.pdf\">Azubigo-Beruf-und-Karriere-31.08.2024<\/a><\/p>\n<p>________________________________________________________________<\/p>\n<p>F\u00fcr weitere R\u00fcckfragen steht <b>das Berufswahlb\u00fcro <\/b>gerne zur Verf\u00fcgung!<br \/>\nE-Mail: Berufsorientierung9227@schule.hessen.de<\/p>\n","protected":false},"excerpt":{"rendered":"<p>Ein neues Angebot f\u00fcr DICH: DAS BOZ in Immenhausen BOZ steht f\u00fcr BerufsOrientierungsZentrum Was erwartet DICH im BOZ?\u00a0 Im BerufsOrientierungsZentrum bieten wir\u00a0praxisnahe Einblicke\u00a0in\u00a0verschiedene Berufsfelder\u00a0und unterst\u00fctzen junge Menschen dabei, ihre\u00a0beruflichen Interessen und Talente\u00a0zu entdecken. Durch individuell zugeschnittene Programme und moderne Technologien schaffen wir ein inspirierendes Umfeld, das die\u00a0pers\u00f6nliche\u00a0Berufswahl\u00a0erleichtert und die\u00a0Entscheidungskompetenz\u00a0st\u00e4rkt. F\u00fcr wen sind wir da? Unser &hellip; <a href=\"https:\/\/altgsgrebenstein.de\/?page_id=543\" class=\"more-link\"><span class=\"screen-reader-text\">Aktuelles<\/span> weiterlesen <span class=\"meta-nav\">&rarr;<\/span><\/a><\/p>\n","protected":false},"author":10,"featured_media":0,"parent":0,"menu_order":0,"comment_status":"closed","ping_status":"closed","template":"","meta":{"saved_in_kubio":false,"footnotes":""},"class_list":["post-543","page","type-page","status-publish","hentry"],"kubio_ai_page_context":{"short_desc":"","purpose":"general"},"_links":{"self":[{"href":"https:\/\/altgsgrebenstein.de\/index.php?rest_route=\/wp\/v2\/pages\/543","targetHints":{"allow":["GET"]}}],"collection":[{"href":"https:\/\/altgsgrebenstein.de\/index.php?rest_route=\/wp\/v2\/pages"}],"about":[{"href":"https:\/\/altgsgrebenstein.de\/index.php?rest_route=\/wp\/v2\/types\/page"}],"author":[{"embeddable":true,"href":"https:\/\/altgsgrebenstein.de\/index.php?rest_route=\/wp\/v2\/users\/10"}],"replies":[{"embeddable":true,"href":"https:\/\/altgsgrebenstein.de\/index.php?rest_route=%2Fwp%2Fv2%2Fcomments&post=543"}],"version-history":[{"count":53,"href":"https:\/\/altgsgrebenstein.de\/index.php?rest_route=\/wp\/v2\/pages\/543\/revisions"}],"predecessor-version":[{"id":18150,"href":"https:\/\/altgsgrebenstein.de\/index.php?rest_route=\/wp\/v2\/pages\/543\/revisions\/18150"}],"wp:attachment":[{"href":"https:\/\/altgsgrebenstein.de\/index.php?rest_route=%2Fwp%2Fv2%2Fmedia&parent=543"}],"curies":[{"name":"wp","href":"https:\/\/api.w.org\/{rel}","templated":true}]}}