{"id":540,"date":"2016-06-29T12:52:53","date_gmt":"2016-06-29T11:52:53","guid":{"rendered":"http:\/\/wordpress.gsgrebenstein.net\/?page_id=540"},"modified":"2023-02-16T18:25:22","modified_gmt":"2023-02-16T17:25:22","slug":"berufswahlvorbereitung","status":"publish","type":"page","link":"https:\/\/altgsgrebenstein.de\/?page_id=540","title":{"rendered":"Berufswahlvorbereitung"},"content":{"rendered":"<div>\n<p><b><u>G\u00fctesiegel Berufs- und Studienorientierung:<\/u><\/b><\/p>\n<p>Im Jahr 2011 wurde der Heinrich-Grupe-Schule das <b>\u201eG\u00fctesiegel Berufsorientierung\u201c<\/b> verliehen. Seither d\u00fcrfen wir offiziell das G\u00fctesiegel tragen. 2014 wurde es im Rahmen der Re-Zertifizierung um den Gymnasialzweig erweitert: <strong>&#8222;G\u00fctesiegel Berufs- und Studienorientierung&#8220;. <\/strong>Drei Jahre sp\u00e4ter folgte die<strong> Zweite RE-Zertifizierung<\/strong>, eine seltene Auszeichnung an nordhessischen Schulen.<strong><br \/>\n<\/strong><\/p>\n<p>Im <strong>Oktober 2022<\/strong> wurden wir zum <strong>VIERTEN Mal gesiegelt &#8211; die <span style=\"color: #ff0000;\">dritte Re<\/span>-Zertifizierung<\/strong> wurde durchgef\u00fchrt. Die Siegerehrung fand in Oberursel statt (s. Rubrik G\u00fctesiegel BO).<\/p>\n<table style=\"width: 604px;\">\n<tbody>\n<tr style=\"height: 332px;\">\n<td style=\"width: 290.367px; height: 332px;\"><a href=\"http:\/\/altgsgrebenstein.de\/wp-content\/uploads\/2020\/12\/Guetesiegel-Logo.jpg\"><img decoding=\"async\" class=\"alignnone wp-image-12229 size-medium\" src=\"http:\/\/altgsgrebenstein.de\/wp-content\/uploads\/2020\/12\/Guetesiegel-Logo-300x300.jpg\" alt=\"\" width=\"300\" height=\"300\" srcset=\"https:\/\/altgsgrebenstein.de\/wp-content\/uploads\/2020\/12\/Guetesiegel-Logo-300x300.jpg 300w, https:\/\/altgsgrebenstein.de\/wp-content\/uploads\/2020\/12\/Guetesiegel-Logo-1024x1024.jpg 1024w, https:\/\/altgsgrebenstein.de\/wp-content\/uploads\/2020\/12\/Guetesiegel-Logo-150x150.jpg 150w, https:\/\/altgsgrebenstein.de\/wp-content\/uploads\/2020\/12\/Guetesiegel-Logo-768x768.jpg 768w, https:\/\/altgsgrebenstein.de\/wp-content\/uploads\/2020\/12\/Guetesiegel-Logo-1536x1536.jpg 1536w, https:\/\/altgsgrebenstein.de\/wp-content\/uploads\/2020\/12\/Guetesiegel-Logo.jpg 1654w\" sizes=\"(max-width: 300px) 100vw, 300px\" \/><\/a><\/td>\n<td style=\"width: 289.633px; height: 332px;\"><a href=\"http:\/\/altgsgrebenstein.de\/wp-content\/uploads\/2020\/12\/Logo-Netzwerk-Berufswahl-Siegel.jpg\"><img decoding=\"async\" class=\"size-medium wp-image-12230 aligncenter\" src=\"http:\/\/altgsgrebenstein.de\/wp-content\/uploads\/2020\/12\/Logo-Netzwerk-Berufswahl-Siegel-219x300.jpg\" alt=\"\" width=\"219\" height=\"300\" srcset=\"https:\/\/altgsgrebenstein.de\/wp-content\/uploads\/2020\/12\/Logo-Netzwerk-Berufswahl-Siegel-219x300.jpg 219w, https:\/\/altgsgrebenstein.de\/wp-content\/uploads\/2020\/12\/Logo-Netzwerk-Berufswahl-Siegel-748x1024.jpg 748w, https:\/\/altgsgrebenstein.de\/wp-content\/uploads\/2020\/12\/Logo-Netzwerk-Berufswahl-Siegel-768x1051.jpg 768w, https:\/\/altgsgrebenstein.de\/wp-content\/uploads\/2020\/12\/Logo-Netzwerk-Berufswahl-Siegel-1122x1536.jpg 1122w, https:\/\/altgsgrebenstein.de\/wp-content\/uploads\/2020\/12\/Logo-Netzwerk-Berufswahl-Siegel.jpg 1370w\" sizes=\"(max-width: 219px) 100vw, 219px\" \/><\/a><\/td>\n<\/tr>\n<\/tbody>\n<\/table>\n<\/div>\n<div>\n<p style=\"text-align: left;\"><span style=\"font-size: 14pt;\"><b>Diese Auszeichnung ist Beleg f\u00fcr die gute BSO-Arbeit an unserer Schule!<\/b><\/span><\/p>\n<\/div>\n<p><span style=\"text-decoration: underline;\"><b><br \/>\nBerufs- und Studienorientierung<\/b> <\/span><strong><span style=\"text-decoration: underline;\">(BSO):<\/span> <\/strong>Die <b>Berufswahlvorbereitung<\/b> ist nicht gleichzusetzen mit einer <b>Berufsvorbereitung<\/b>. Die Berufswahl soll vorbereitet werden, es soll keine vorberufliche Ausbildung stattfinden. Die <b>Berufswahlvorbereitung<\/b> wird zugleich als <b>Berufs- und Studienorientierung<\/b> <strong>(BSO)<\/strong> verstanden.<\/p>\n<p>Laut <b>Erlass zur Ausgestaltung der Berufs- und Studienorientierung vom Juni 2015<\/b> sollen die Jugendlichen am Ende ihrer Schulzeit in der Lage sein, eine ihren Kompetenzen entsprechende Berufs- und Studienwahlentscheidung zu treffen und die dann an sie gestellten Anforderungen zu bew\u00e4ltigen.<\/p>\n<p>Das schulinterne <b>Curriculum zur<\/b> <b>Berufs- und Studienorientierung<\/b> ist in dieser Hinsicht kein statisches Gebilde, sondern bedarf der st\u00e4ndigen Weiterentwicklung und Evaluation.<\/p>\n<p><b><u>Ziele der Berufs- und Studienorientierung<\/u><\/b><\/p>\n<ol>\n<li>Das Ziel von Berufsorientierung ist das <b>Erreichen einer Berufswahlkompetenz<\/b>. Die Sch\u00fcler sollen bef\u00e4higt werden, ihre Berufswahl planvoll vorzubereiten.<\/li>\n<li>Die Sch\u00fcler sollen dabei unterst\u00fctzt werde, ihre <b>individuellen fachlichen Interessen und F\u00e4higkeiten<\/b> in Einklang mit den Anforderungen der Berufswelt weiter zu entwickeln.<\/li>\n<li>Unseren Sch\u00fclern werden <b>Kompetenzen \u00fcber die Wirtschafts- und Arbeitswelt<\/b> vermittelt und Hilfen f\u00fcr den \u00dcbergang in eine Ausbildung oder ein Studium gegeben.<\/li>\n<li>Die zentrale Fragestellung lautet: <b>\u201eWas m\u00fcssen Sch\u00fcler\/innen wissen und k\u00f6nnen, um eine planvolle und zielgerichtete Berufswahlentscheidung treffen zu k\u00f6nnen?\u201c<\/b><\/li>\n<li><b>Alle F\u00e4cher leisten Beitr\u00e4ge zur Orientierung und Beratung. <\/b>Eine besondere Bedeutung kommt dabei an unserer Schule den F\u00e4chern <b>Arbeitslehre, Politik\/Wirtschaft<\/b> (PoWi) sowie den vielf\u00e4ltig ausgerichteten <b>Wahlpflichtkursen <\/b>sowie<b> Wahlangeboten<\/b> zu.<\/li>\n<\/ol>\n<ul>\n<li>WPU \/ AG <b>\u201eSchulsozialprojekt\u201c<\/b><\/li>\n<li>WPU <b>\u201eRegenerative Energien\u201c<\/b><\/li>\n<li>AG <b>\u201eBiogarten- und Experimentierclub\u201c<\/b><\/li>\n<li>AG <b>\u201eZeichnen und Malen\u201c<\/b><\/li>\n<li>AG <b>\u201eSch\u00fclerzeitung\u201c<\/b><\/li>\n<li>WPU <b>\u201eMedien\u201c<\/b><\/li>\n<li>WPU <b>\u201eSchulband\u201c<\/b><\/li>\n<li>WPU <b>\u201eTheater\u201c<\/b><\/li>\n<li>(\u2026)<\/li>\n<\/ul>\n<p>Im <u>Haupt- und Realschulzweig<\/u> stellt das <b>Fach Arbeitslehre<\/b> das <b>Leitfach<\/b> f\u00fcr die Berufswahlvorbereitung sowie f\u00fcr die Ausgestaltung des Betriebspraktikums (Vorbereitung, Durchf\u00fchrung, Nachbereitung) dar.<\/p>\n<p>Im <u>Gymnasialzweig<\/u> \u00fcbernimmt das <b>Fach Politik und Wirtschaft (PoWi)<\/b> eine <b>Schl\u00fcsselfunktion bei der Berufs- und Studienorientierung<\/b>, da das Fach Arbeitslehre nicht existiert.<\/p>\n<p>Insbesondere geht es dabei um die Vorbereitung und Nachbereitung des dreiw\u00f6chigen Sch\u00fclerbetriebspraktikums.<\/p>\n<p>Zudem liegt die F\u00fchrung des Berufswahl-Portfolios in den H\u00e4nden von PoWi.<\/p>\n<p><b><u>Vielfalt an berufs- und studienorientierenden Ma\u00dfnahmen an der HGS<\/u><\/b><\/p>\n<p>Eine <b>Vielfalt an berufs- und studienorientierenden Ma\u00dfnahmen<\/b> unterst\u00fctzen die Sch\u00fcler\/innen bei ihrer Entscheidung. Zu den einzelnen Bausteinen zum Erreichen der Berufswahlkompetenz an der Heinrich-Grupe-Schule geh\u00f6ren <b>\u00fcber 20 verschiedene Aktivit\u00e4ten<\/b>, die \u00fcber die einzelnen Schuljahre sowie \u00fcber das Schuljahr hinweg im Sinne eines Spiralcurriculums sinnvoll aufgeteilt sind (<u>siehe Grafiken:<\/u> <b>Berufswahlfahrpl\u00e4ne<\/b>).<\/p>\n<p><b><u>Die verschiedenen BSO-Aktivit\u00e4ten umfassen:<\/u><\/b><\/p>\n<ol>\n<li>Handlungsorientierter Arbeitslehreunterricht in den Fachr\u00e4umen mit Theorie-Praxisverschr\u00e4nkung und Integration der Sachbez\u00fcge<\/li>\n<li>Einbeziehung der Berufs- und Studienorientierung in alle F\u00e4cher<\/li>\n<li>Situations- und bedarfsgerechte Internetrecherchen \u00fcber Berufsbilder, Betriebe etc.<\/li>\n<li>Einbeziehung der Eltern in den Berufswahlprozess<\/li>\n<li>Caf\u00e9 Beruf (2x im Schuljahr)<\/li>\n<li>KomPo 7 (<span style=\"text-decoration: underline;\"><em>Kom<\/em><\/span>petzenzen &amp; <span style=\"text-decoration: underline;\"><em>Po<\/em><\/span>tentiale: Kompetenzfeststellungsverfahren Jg. 7)<\/li>\n<li>Potenzialanalysen im Gymnasialzweig: &#8222;geva&#8220;-Test (kostenpflichtig)<\/li>\n<li>Bewerbungstrainings durch Geldinstitute und Krankenkassen<\/li>\n<li>Informationsveranstaltung der weiterf\u00fchrenden Schulen f\u00fcr Sch\u00fcler\/innen<\/li>\n<li>Informationsveranstaltung der weiterf\u00fchrenden Schulen f\u00fcr Eltern<\/li>\n<li>Ganzt\u00e4giger Schnupperunterricht an weiterf\u00fchrender Schule (HBS Hofgeismar)<\/li>\n<li>Besuch div. Ausbildungsmessen (azubi &amp; studientage, vocatium etc.)<\/li>\n<li>Probierwerkstatt W\u00fclmersen (H-Zweig)<\/li>\n<li>Berufsinformationstage VW (BIT)<\/li>\n<li>M &amp; E-Bus der Metall- und Elektroindustrie \/ BIOTechnikum<\/li>\n<li>Girls`Day \/ Boys`Day<\/li>\n<li>HGS-Zukunftstag mit div. workshop-Angeboten<\/li>\n<li>Betriebspraktika (Blockpraktikum)<\/li>\n<li>Betriebserkundungen und Exkursionen im regionalen Umfeld<\/li>\n<li>Berufsberatung f\u00fcr Sch\u00fcler\/innen (Bundesagentur f\u00fcr Arbeit) &#8211; w\u00f6chentlich<\/li>\n<li>Informationsveranstaltungen des Berufsberaters f\u00fcr Eltern<\/li>\n<li>Kooperation mit Unternehmen, Vereinen und Institutionen<\/li>\n<li>Gr\u00fcndung von Sch\u00fclerfirmen (Kn\u00f6\u00f6rt, Wood Chair)<\/li>\n<li>(\u2026)<\/li>\n<\/ol>\n<div><\/div>\n","protected":false},"excerpt":{"rendered":"<p>G\u00fctesiegel Berufs- und Studienorientierung: Im Jahr 2011 wurde der Heinrich-Grupe-Schule das \u201eG\u00fctesiegel Berufsorientierung\u201c verliehen. Seither d\u00fcrfen wir offiziell das G\u00fctesiegel tragen. 2014 wurde es im Rahmen der Re-Zertifizierung um den Gymnasialzweig erweitert: &#8222;G\u00fctesiegel Berufs- und Studienorientierung&#8220;. Drei Jahre sp\u00e4ter folgte die Zweite RE-Zertifizierung, eine seltene Auszeichnung an nordhessischen Schulen. Im Oktober 2022 wurden wir zum &hellip; <a href=\"https:\/\/altgsgrebenstein.de\/?page_id=540\" class=\"more-link\"><span class=\"screen-reader-text\">Berufswahlvorbereitung<\/span> weiterlesen <span class=\"meta-nav\">&rarr;<\/span><\/a><\/p>\n","protected":false},"author":10,"featured_media":0,"parent":0,"menu_order":0,"comment_status":"closed","ping_status":"closed","template":"","meta":{"saved_in_kubio":false,"footnotes":""},"class_list":["post-540","page","type-page","status-publish","hentry"],"kubio_ai_page_context":{"short_desc":"","purpose":"general"},"_links":{"self":[{"href":"https:\/\/altgsgrebenstein.de\/index.php?rest_route=\/wp\/v2\/pages\/540","targetHints":{"allow":["GET"]}}],"collection":[{"href":"https:\/\/altgsgrebenstein.de\/index.php?rest_route=\/wp\/v2\/pages"}],"about":[{"href":"https:\/\/altgsgrebenstein.de\/index.php?rest_route=\/wp\/v2\/types\/page"}],"author":[{"embeddable":true,"href":"https:\/\/altgsgrebenstein.de\/index.php?rest_route=\/wp\/v2\/users\/10"}],"replies":[{"embeddable":true,"href":"https:\/\/altgsgrebenstein.de\/index.php?rest_route=%2Fwp%2Fv2%2Fcomments&post=540"}],"version-history":[{"count":8,"href":"https:\/\/altgsgrebenstein.de\/index.php?rest_route=\/wp\/v2\/pages\/540\/revisions"}],"predecessor-version":[{"id":15243,"href":"https:\/\/altgsgrebenstein.de\/index.php?rest_route=\/wp\/v2\/pages\/540\/revisions\/15243"}],"wp:attachment":[{"href":"https:\/\/altgsgrebenstein.de\/index.php?rest_route=%2Fwp%2Fv2%2Fmedia&parent=540"}],"curies":[{"name":"wp","href":"https:\/\/api.w.org\/{rel}","templated":true}]}}