{"id":34,"date":"2015-12-10T20:24:59","date_gmt":"2015-12-10T20:24:59","guid":{"rendered":"http:\/\/wordpress.gsgrebenstein.net\/?page_id=34"},"modified":"2025-06-21T08:02:14","modified_gmt":"2025-06-21T07:02:14","slug":"foerderverein","status":"publish","type":"page","link":"https:\/\/altgsgrebenstein.de\/?page_id=34","title":{"rendered":"F\u00f6rderverein"},"content":{"rendered":"<p><span style=\"color: #000000;\"><span style=\"font-size: 18pt;\"><strong>Kontaktdaten des\u00a0\u00a0F\u00f6rdervereins der <\/strong><\/span><span style=\"font-size: 18pt;\"><strong>Heinrich-Grupe-Schule in Grebenstein<\/strong><\/span><\/span><\/p>\n<ol>\n<li><span style=\"color: #ff6600;\">Vorsitzender, Herr Mike D\u00f6hne<\/span><\/li>\n<li><span style=\"color: #ff6600;\">Vorsitzende, Frau Martina Boye-Griesel<\/span><\/li>\n<li><span style=\"color: #ff6600;\">Kassiererin,\u00a0 Anja M\u00fchlbrodt<\/span><\/li>\n<li><span style=\"color: #ff6600;\">Schriftf\u00fchrerin, Frau Claudia Dehne<\/span><\/li>\n<li><span style=\"color: #ff6600;\">Beisitzer, Herr Franz Burghard<\/span><\/li>\n<\/ol>\n<p><span style=\"color: #ff6600;\"><strong>Sie erreichen uns telefonisch und per Mail <\/strong><\/span><span style=\"color: #ff6600;\"><strong>\u00fcber das Sekretariat der Heinrich-Grupe-Schule<br \/>\n<\/strong><\/span><span style=\"color: #ff6600;\">Telefon: 05674 &#8211; 99 76 0<br \/>\n<\/span><span style=\"color: #ff6600;\">Fax:\u00a0\u00a0\u00a0\u00a0\u00a0\u00a0\u00a0 \u00a005674 &#8211; 99 76 30<br \/>\n<\/span><span style=\"color: #ff6600;\">eMail: Poststelle@heinrich-grupe-schule.grebenstein.schulverwaltung.hessen.de<\/span><\/p>\n<p>&nbsp;<\/p>\n<p><span style=\"font-size: 18pt; color: #33cccc;\"><strong><a style=\"color: #33cccc;\" href=\"http:\/\/altgsgrebenstein.de\/wp-content\/uploads\/2021\/05\/Beitrittserklaerung-Foerderverein-der-HGS.pdf\">Beitrittserkl\u00e4rung F\u00f6rderverein der HGS<\/a><\/strong><\/span><\/p>\n<p>&nbsp;<\/p>\n<p><strong><span style=\"color: #3366ff; font-size: 14pt;\">\u00d6ffnungszeiten der Mensa:<br \/>\n<\/span><\/strong><strong><span style=\"color: #3366ff; font-size: 14pt;\">Montag &#8211; Donnerstag:\u00a0\u00a0\u00a0\u00a0 07.30 &#8211; 14.30 Uhr<br \/>\n<\/span><\/strong><strong><span style=\"color: #3366ff; font-size: 14pt;\">Freitag:\u00a0\u00a0\u00a0\u00a0\u00a0\u00a0\u00a0\u00a0\u00a0\u00a0\u00a0\u00a0\u00a0\u00a0\u00a0\u00a0\u00a0\u00a0\u00a0\u00a0\u00a0\u00a0\u00a0\u00a0\u00a0\u00a0\u00a0 \u00a0\u00a0\u00a0\u00a0\u00a0\u00a0 07.30 &#8211; 13.45 Uhr<\/span><\/strong><\/p>\n<p>&nbsp;<\/p>\n<p><span style=\"font-size: 14pt; color: #ff0000;\"><strong>Wichtige Information f\u00fcr das neue Schuljahr 2022\/ 23<\/strong><\/span><\/p>\n<p>Liebe Sch\u00fclerinnen und Sch\u00fcler,<\/p>\n<p>liebes Kollegium,<\/p>\n<p>liebe Mitarbeiterinnen und Mitarbeiter,<\/p>\n<p>liebe G\u00e4ste der Mensa,<\/p>\n<p>&nbsp;<\/p>\n<p>wir, der Vorstand des F\u00f6rdervereins und die Mitarbeiterinnen der Mensa freuen uns, Sie und euch nach den Sommerferien wieder in unserer sch\u00f6nen Mensa begr\u00fc\u00dfen zu k\u00f6nnen<\/p>\n<p><strong>\u00a0<\/strong>Die aktuellen Preisen entnehmen Sie\/Ihr bitte den ausgeh\u00e4ngten Preislisten.<\/p>\n<p><strong><span style=\"font-size: 18pt;\">Die Kosten f\u00fcr das warme Mittagessen betragen ab dem 08.02.2023\u00a0<\/span><\/strong><\/p>\n<p><span style=\"font-size: 14pt; color: #ff0000;\"><span style=\"color: #000000;\">f\u00fcr Lernende:<\/span> 4,00 Euro<\/span><\/p>\n<p><span style=\"font-size: 14pt; color: #ff0000;\"><span style=\"color: #000000;\">f\u00fcr Erwachsene:<\/span> 4,80 Euro<\/span><\/p>\n<p><strong>\u00a0<\/strong><\/p>\n<p><span style=\"color: #ff0000;\"><strong>Bestellung von warmen Mittagessen, Tagesangeboten und Salattellern vom Speiseplan!<\/strong><\/span><\/p>\n<p>Wir bitten die oben angegebenen Essen bis sp\u00e4testens <strong>09.30 Uhr am Vortag<\/strong> in der Mensa am seitlichen Fenster direkt neben dem Wasserspender zu bestellen.<\/p>\n<p><strong>Gern k\u00f6nnen Sie auch f\u00fcr einen l\u00e4ngeren Zeitraum bestellen!<\/strong> Denken Sie bitte daran, Ihren Kindern dann die Essenmarken mitzugeben<\/p>\n<p>Sollte Ihr Kind <strong>erkranken<\/strong>, k\u00f6nnen Sie das Essen <strong>am 1. Tag der Erkrankung in der Mensa abholen<\/strong>. Aus Gr\u00fcnden der Nachhaltigkeit bitten wir Sie, einen Beh\u00e4lter zum Transport des Essens mitzubringen.<\/p>\n<p>Falls Ihr <strong>Kind l\u00e4nger erkrankt<\/strong> ist, k\u00f6nnen die weiteren schon bestellten Essen <strong>abbestellt<\/strong> werden. Sie bekommen gegen Vorlage der Essensmarken Ihr Geld zur\u00fcck.<\/p>\n<p>Das Essen k\u00f6nnen Sie telefonisch \u00fcber die Mensa \u2013 05674\/99 76 24 &#8211; abbestellen. Das Geld bekommen Sie gegen Vorlage der Essenmarken sp\u00e4ter ausbezahlt.<\/p>\n<p>In den gro\u00dfen Pausen k\u00f6nnen keine Essenmarken verkauft werden, da wir in diesen Zeitr\u00e4umen die Lernenden und Lehrkr\u00e4fte vorrangig beim Verkauf bedienen!<\/p>\n<p>&nbsp;<\/p>\n<p><strong>\u00a0<\/strong><\/p>\n<p><strong>Mit freundlichen Gr\u00fc\u00dfen <\/strong><\/p>\n<p><strong>der Vorstand des F\u00f6rdervereins<\/strong><\/p>\n<p><img decoding=\"async\" src=\"https:\/\/encrypted-tbn0.gstatic.com\/images?q=tbn:ANd9GcQbMsILGAQ4br8Sc_xymTjO_UjNgjH_E09qZQ&amp;usqp=CAU\" alt=\"Strichm\u00e4nnchen Bild strichmaennchen-0002.gif kostenlos auf deiner Homepage einbinden oder als Grusskarte versenden | 123gif.de\" \/><\/p>\n<p><span style=\"color: #ff0000;\">Unsere aktuellen Speisepl\u00e4ne finden Sie auf der Homepage unter:<br \/>\n<\/span><span style=\"color: #ff0000;\">Info\/ Organisation &#8211;&gt; <\/span><span style=\"color: #ff0000;\">Speisepl\u00e4ne<\/span><\/p>\n<p><span style=\"font-size: 14pt;\"><strong>Der F\u00f6rderverein der Heinrich-Grupe-Schule<br \/>\n<\/strong><\/span><span style=\"font-family: verdana,geneva,sans-serif; font-size: 10pt;\">Der F\u00f6rderverein der HGS wurde 1998 gegr\u00fcndet und unterst\u00fctzt seitdem die HGS in zahlreichen Bereichen.<\/span><br \/>\n<span style=\"font-family: verdana,geneva,sans-serif; font-size: 10pt;\">Bei der letzten Jahreshauptversammlung im November 2023 wurde der F\u00f6rderverein innerhalb des Vorstands neu aufgestellt. F\u00fcr Frau G\u00f6ring ist neu im Vorstand Frau Dehne, mit dem Amt der Schriftf\u00fchrerin betraut wurde. Weiterhin wurde Anja M\u00fchlbrodt in das Amt der Kassiererin gew\u00e4hlt. Den Vorsitz bildet weiterhin Herr D\u00f6hne (1. Vorsitzender) und Frau Boye-Griesel (2. Vorsitzende). Der Burghardt verbleibt in seinem Amt als Beisitzer.<\/span><\/p>\n<p>Wir m\u00f6chten uns ganz herzlich bei Frau G\u00f6ring f\u00fcr ihr jahrelanges Engagement und ihre Mitarbeit im F\u00f6rderverein bedanken und w\u00fcnschen Ihr alles Gute.<\/p>\n<p>Frau Dehne begr\u00fc\u00dfen wir herzlich in unserem Vorstand und freuen uns auf die gemeinsame Arbeit. (Ein Foto wird nachgereicht)<\/p>\n<p>&nbsp;<\/p>\n<p><span style=\"font-family: verdana,geneva,sans-serif; font-size: 10pt;\">Der F\u00f6rderverein freut sich \u00fcber weitere Mitglieder zu einem Jahresbeitrag von 20 \u20ac f\u00fcr Erwachsene und 7 \u20ac f\u00fcr Kinder\/Jugendliche. Anmeldeformulare gibt es im Sekretariat der<br \/>\nHeinrich-Grupe-Schule.<\/span><\/p>\n","protected":false},"excerpt":{"rendered":"<p>Kontaktdaten des\u00a0\u00a0F\u00f6rdervereins der Heinrich-Grupe-Schule in Grebenstein Vorsitzender, Herr Mike D\u00f6hne Vorsitzende, Frau Martina Boye-Griesel Kassiererin,\u00a0 Anja M\u00fchlbrodt Schriftf\u00fchrerin, Frau Claudia Dehne Beisitzer, Herr Franz Burghard Sie erreichen uns telefonisch und per Mail \u00fcber das Sekretariat der Heinrich-Grupe-Schule Telefon: 05674 &#8211; 99 76 0 Fax:\u00a0\u00a0\u00a0\u00a0\u00a0\u00a0\u00a0 \u00a005674 &#8211; 99 76 30 eMail: Poststelle@heinrich-grupe-schule.grebenstein.schulverwaltung.hessen.de &nbsp; Beitrittserkl\u00e4rung F\u00f6rderverein der &hellip; <a href=\"https:\/\/altgsgrebenstein.de\/?page_id=34\" class=\"more-link\"><span class=\"screen-reader-text\">F\u00f6rderverein<\/span> weiterlesen <span class=\"meta-nav\">&rarr;<\/span><\/a><\/p>\n","protected":false},"author":9,"featured_media":0,"parent":0,"menu_order":0,"comment_status":"closed","ping_status":"closed","template":"","meta":{"saved_in_kubio":false,"footnotes":""},"class_list":["post-34","page","type-page","status-publish","hentry"],"kubio_ai_page_context":{"short_desc":"","purpose":"general"},"_links":{"self":[{"href":"https:\/\/altgsgrebenstein.de\/index.php?rest_route=\/wp\/v2\/pages\/34","targetHints":{"allow":["GET"]}}],"collection":[{"href":"https:\/\/altgsgrebenstein.de\/index.php?rest_route=\/wp\/v2\/pages"}],"about":[{"href":"https:\/\/altgsgrebenstein.de\/index.php?rest_route=\/wp\/v2\/types\/page"}],"author":[{"embeddable":true,"href":"https:\/\/altgsgrebenstein.de\/index.php?rest_route=\/wp\/v2\/users\/9"}],"replies":[{"embeddable":true,"href":"https:\/\/altgsgrebenstein.de\/index.php?rest_route=%2Fwp%2Fv2%2Fcomments&post=34"}],"version-history":[{"count":25,"href":"https:\/\/altgsgrebenstein.de\/index.php?rest_route=\/wp\/v2\/pages\/34\/revisions"}],"predecessor-version":[{"id":18300,"href":"https:\/\/altgsgrebenstein.de\/index.php?rest_route=\/wp\/v2\/pages\/34\/revisions\/18300"}],"wp:attachment":[{"href":"https:\/\/altgsgrebenstein.de\/index.php?rest_route=%2Fwp%2Fv2%2Fmedia&parent=34"}],"curies":[{"name":"wp","href":"https:\/\/api.w.org\/{rel}","templated":true}]}}