{"id":17299,"date":"2024-10-17T09:48:21","date_gmt":"2024-10-17T08:48:21","guid":{"rendered":"http:\/\/altgsgrebenstein.de\/?page_id=17299"},"modified":"2025-08-07T23:55:08","modified_gmt":"2025-08-07T22:55:08","slug":"klangwand-projekt","status":"publish","type":"page","link":"https:\/\/altgsgrebenstein.de\/?page_id=17299","title":{"rendered":"&#8222;Klangwand&#8220; &#8211; Projekt"},"content":{"rendered":"<p><img decoding=\"async\" class=\"alignnone size-full wp-image-18444\" src=\"http:\/\/altgsgrebenstein.de\/wp-content\/uploads\/2025\/08\/IMG_2192-2-scaled.jpg\" alt=\"\" width=\"2560\" height=\"1569\" srcset=\"https:\/\/altgsgrebenstein.de\/wp-content\/uploads\/2025\/08\/IMG_2192-2-scaled.jpg 2560w, https:\/\/altgsgrebenstein.de\/wp-content\/uploads\/2025\/08\/IMG_2192-2-300x184.jpg 300w, https:\/\/altgsgrebenstein.de\/wp-content\/uploads\/2025\/08\/IMG_2192-2-1024x627.jpg 1024w, https:\/\/altgsgrebenstein.de\/wp-content\/uploads\/2025\/08\/IMG_2192-2-768x471.jpg 768w, https:\/\/altgsgrebenstein.de\/wp-content\/uploads\/2025\/08\/IMG_2192-2-1536x941.jpg 1536w, https:\/\/altgsgrebenstein.de\/wp-content\/uploads\/2025\/08\/IMG_2192-2-2048x1255.jpg 2048w\" sizes=\"(max-width: 2560px) 100vw, 2560px\" \/><\/p>\n<p style=\"text-align: justify;\">Im Verlauf des Schuljahres 2024\/2025 entstand an der Heinrich-Grupe-Schule eine besondere Klanglandschaft, die in dieser Form im Altkreis Hofgeismar einzigartig ist. Die Gesamtschule ging mit dem von Gymnasialzweigleiter Dirk Weidmann initiierten innovativen Klangwand-Projekt mutig neue Wege, denn Sch\u00fclerinnen und Sch\u00fcler der Schule hatten jahrgangs- und schulform\u00fcbergreifend die M\u00f6glichkeit, mit Unterst\u00fctzung von geeigneten Expertinnen und Experten eine &#8222;Klangwand&#8220; zu konzipieren, zu bauen und auf dieser schlie\u00dflich auch musikalisch zu improvisieren. Bei einer &#8222;Klangwand&#8220; handelt es sich um einen gro\u00dffl\u00e4chigen Klangk\u00f6rper mit festen und mobilen Klangelementen, mit dem in allen Jahrgangsstufen und Schulzweigen im Sinne einer Musikwerkstatt bzw. eines Klanglabors kreativ und explorativ gearbeitet werden kann. Verwendet wurden hierzu sowohl Alltagsgegenst\u00e4nde (wie Gabeln, T\u00f6pfe, Metallrohre oder T\u00fcrklingeln) als auch professionelle Musikinstrumente (wie Trommeln, Glocken, Becken oder Orgelpfeifen aus einer Kirche im Nachbarort), wobei besonders hervorzuheben ist, dass die Klangwand sowie weitere Module, die mobil in sogenannten &#8222;Klangwagen&#8220; zum Einsatz kommen, zum Teil aus gespendeten alten Musikinstrumenten sowie aus ausrangierten Alltagsgegenst\u00e4nden bestehen. Hierdurch wird f\u00fcr das Projekt der sinnvolle \u201eUpcycling-Gedanke\u201c aufgegriffen: &#8222;Aus alt mach neu!&#8220;<\/p>\n<table style=\"border-collapse: collapse; width: 100%;\">\n<tbody>\n<tr>\n<td style=\"width: 35.0993%;\"><img decoding=\"async\" class=\"alignnone size-full wp-image-18451\" src=\"http:\/\/altgsgrebenstein.de\/wp-content\/uploads\/2025\/08\/Metallpfeifen-scaled.png\" alt=\"\" width=\"1920\" height=\"2560\" srcset=\"https:\/\/altgsgrebenstein.de\/wp-content\/uploads\/2025\/08\/Metallpfeifen-scaled.png 1920w, https:\/\/altgsgrebenstein.de\/wp-content\/uploads\/2025\/08\/Metallpfeifen-225x300.png 225w, https:\/\/altgsgrebenstein.de\/wp-content\/uploads\/2025\/08\/Metallpfeifen-768x1024.png 768w, https:\/\/altgsgrebenstein.de\/wp-content\/uploads\/2025\/08\/Metallpfeifen-1152x1536.png 1152w, https:\/\/altgsgrebenstein.de\/wp-content\/uploads\/2025\/08\/Metallpfeifen-1536x2048.png 1536w\" sizes=\"(max-width: 1920px) 100vw, 1920px\" \/><\/td>\n<td style=\"width: 64.9007%;\"><img decoding=\"async\" class=\"alignnone size-full wp-image-18450\" src=\"http:\/\/altgsgrebenstein.de\/wp-content\/uploads\/2025\/08\/Zertifikat-scaled.jpg\" alt=\"\" width=\"2560\" height=\"1810\" srcset=\"https:\/\/altgsgrebenstein.de\/wp-content\/uploads\/2025\/08\/Zertifikat-scaled.jpg 2560w, https:\/\/altgsgrebenstein.de\/wp-content\/uploads\/2025\/08\/Zertifikat-300x212.jpg 300w, https:\/\/altgsgrebenstein.de\/wp-content\/uploads\/2025\/08\/Zertifikat-1024x724.jpg 1024w, https:\/\/altgsgrebenstein.de\/wp-content\/uploads\/2025\/08\/Zertifikat-768x543.jpg 768w, https:\/\/altgsgrebenstein.de\/wp-content\/uploads\/2025\/08\/Zertifikat-1536x1086.jpg 1536w, https:\/\/altgsgrebenstein.de\/wp-content\/uploads\/2025\/08\/Zertifikat-2048x1448.jpg 2048w\" sizes=\"(max-width: 2560px) 100vw, 2560px\" \/><\/td>\n<\/tr>\n<\/tbody>\n<\/table>\n<p style=\"text-align: justify;\">Die Schule freute sich hierbei \u00fcber die finanzielle F\u00f6rderung des Klangwand-Projektes durch die <a href=\"https:\/\/www.neumayer-stiftung.de\/\" target=\"_blank\" rel=\"noopener\">NEUMAYER-Stiftung<\/a>, die dieses Vorhaben im Schuljahr 2024\/2025 im Rahmen des Programms &#8222;<a href=\"https:\/\/www.neumayer-stiftung.de\/project\/kulturarbeit-an-schulen-pilotprojekt\/\" target=\"_blank\" rel=\"noopener\">Projekt:Kultur<\/a>&#8220; als eines von 30 Projekten im deutschsprachigen Raum unterst\u00fctzte., wodurch der Bau der Klangwand realisiert und zudem die eingegangenen Instrumentenspenden mit der Anschaffung hochwertiger Musikinstrumente erg\u00e4nzt werden konnten.<\/p>\n<table style=\"border-collapse: collapse; width: 100%;\">\n<tbody>\n<tr>\n<td style=\"width: 50%;\"><img decoding=\"async\" class=\"alignnone size-full wp-image-18447\" src=\"http:\/\/altgsgrebenstein.de\/wp-content\/uploads\/2025\/08\/Logo-NEUMAYER-CMYK.jpg\" alt=\"\" width=\"2362\" height=\"2362\" srcset=\"https:\/\/altgsgrebenstein.de\/wp-content\/uploads\/2025\/08\/Logo-NEUMAYER-CMYK.jpg 2362w, https:\/\/altgsgrebenstein.de\/wp-content\/uploads\/2025\/08\/Logo-NEUMAYER-CMYK-300x300.jpg 300w, https:\/\/altgsgrebenstein.de\/wp-content\/uploads\/2025\/08\/Logo-NEUMAYER-CMYK-1024x1024.jpg 1024w, https:\/\/altgsgrebenstein.de\/wp-content\/uploads\/2025\/08\/Logo-NEUMAYER-CMYK-150x150.jpg 150w, https:\/\/altgsgrebenstein.de\/wp-content\/uploads\/2025\/08\/Logo-NEUMAYER-CMYK-768x768.jpg 768w, https:\/\/altgsgrebenstein.de\/wp-content\/uploads\/2025\/08\/Logo-NEUMAYER-CMYK-1536x1536.jpg 1536w, https:\/\/altgsgrebenstein.de\/wp-content\/uploads\/2025\/08\/Logo-NEUMAYER-CMYK-2048x2048.jpg 2048w\" sizes=\"(max-width: 2362px) 100vw, 2362px\" \/><\/td>\n<td style=\"width: 50%;\"><img decoding=\"async\" class=\"alignnone size-full wp-image-18446\" src=\"http:\/\/altgsgrebenstein.de\/wp-content\/uploads\/2025\/08\/Projekt-Kultur-Logo-hoch-CMYK.jpg\" alt=\"\" width=\"886\" height=\"886\" srcset=\"https:\/\/altgsgrebenstein.de\/wp-content\/uploads\/2025\/08\/Projekt-Kultur-Logo-hoch-CMYK.jpg 886w, https:\/\/altgsgrebenstein.de\/wp-content\/uploads\/2025\/08\/Projekt-Kultur-Logo-hoch-CMYK-300x300.jpg 300w, https:\/\/altgsgrebenstein.de\/wp-content\/uploads\/2025\/08\/Projekt-Kultur-Logo-hoch-CMYK-150x150.jpg 150w, https:\/\/altgsgrebenstein.de\/wp-content\/uploads\/2025\/08\/Projekt-Kultur-Logo-hoch-CMYK-768x768.jpg 768w\" sizes=\"(max-width: 886px) 100vw, 886px\" \/><\/td>\n<\/tr>\n<\/tbody>\n<\/table>\n<p style=\"text-align: justify;\">Durch die Vielzahl an Klangk\u00f6rpern kann eine F\u00fclle an potentiellen Kl\u00e4ngen und T\u00f6nen erzeugt werden, die unterschiedlich Verwendung finden k\u00f6nnen. Denkbar ist beispielsweise ein Einsatz der Klangwand im Musikunterricht zur Erarbeitung von Improvisationen, im Deutsch- und Fremdsprachenunterricht im Rahmen von der Vertonung von Texten oder Filmen oder im Physik- oder NaWi-Unterricht im Zusammenhang mit Experimenten zum Thema Schall und Akustik. Auch Eins\u00e4tze im Rahmen von Projektwochen oder &#8222;Kulturpausen&#8220; sind denkbar und erw\u00fcnscht, ebenso gemeinsame Projekte mit anderen Bildungseinrichtungen wie dem benachbarten Kindergarten, den Schulen im Schulverbund, dem Institut f\u00fcr Musik der Universit\u00e4t Kassel oder dem st\u00e4dtischen Jugendzentrum.<img decoding=\"async\" class=\"aligncenter size-large wp-image-17329\" src=\"http:\/\/altgsgrebenstein.de\/wp-content\/uploads\/2024\/11\/Klangwand-Werkraum-1024x576.jpg\" alt=\"\" width=\"604\" height=\"340\" srcset=\"https:\/\/altgsgrebenstein.de\/wp-content\/uploads\/2024\/11\/Klangwand-Werkraum-1024x576.jpg 1024w, https:\/\/altgsgrebenstein.de\/wp-content\/uploads\/2024\/11\/Klangwand-Werkraum-300x169.jpg 300w, https:\/\/altgsgrebenstein.de\/wp-content\/uploads\/2024\/11\/Klangwand-Werkraum-768x432.jpg 768w, https:\/\/altgsgrebenstein.de\/wp-content\/uploads\/2024\/11\/Klangwand-Werkraum-1536x864.jpg 1536w, https:\/\/altgsgrebenstein.de\/wp-content\/uploads\/2024\/11\/Klangwand-Werkraum-2048x1152.jpg 2048w\" sizes=\"(max-width: 604px) 100vw, 604px\" \/><\/p>\n<p><img decoding=\"async\" class=\" wp-image-18485 aligncenter\" src=\"http:\/\/altgsgrebenstein.de\/wp-content\/uploads\/2025\/08\/111gu78z-e1754606177559.png\" alt=\"\" width=\"234\" height=\"33\" srcset=\"https:\/\/altgsgrebenstein.de\/wp-content\/uploads\/2025\/08\/111gu78z-e1754606177559.png 340w, https:\/\/altgsgrebenstein.de\/wp-content\/uploads\/2025\/08\/111gu78z-e1754606177559-300x42.png 300w\" sizes=\"(max-width: 234px) 100vw, 234px\" \/><\/p>\n<p style=\"text-align: justify;\">Im Folgenden werden r\u00fccklaufend wichtige Meilensteine des Projektes im Rahmen eines \u00f6ffentlichen Projekttagesbuches dokumentiert:<\/p>\n<p><strong>17.06.2025:<\/strong><\/p>\n<p><img decoding=\"async\" class=\"alignnone size-full wp-image-18453\" src=\"http:\/\/altgsgrebenstein.de\/wp-content\/uploads\/2025\/08\/20250617_202105-scaled.jpg\" alt=\"\" width=\"2560\" height=\"1630\" srcset=\"https:\/\/altgsgrebenstein.de\/wp-content\/uploads\/2025\/08\/20250617_202105-scaled.jpg 2560w, https:\/\/altgsgrebenstein.de\/wp-content\/uploads\/2025\/08\/20250617_202105-300x191.jpg 300w, https:\/\/altgsgrebenstein.de\/wp-content\/uploads\/2025\/08\/20250617_202105-1024x652.jpg 1024w, https:\/\/altgsgrebenstein.de\/wp-content\/uploads\/2025\/08\/20250617_202105-768x489.jpg 768w, https:\/\/altgsgrebenstein.de\/wp-content\/uploads\/2025\/08\/20250617_202105-1536x978.jpg 1536w, https:\/\/altgsgrebenstein.de\/wp-content\/uploads\/2025\/08\/20250617_202105-2048x1304.jpg 2048w\" sizes=\"(max-width: 2560px) 100vw, 2560px\" \/><\/p>\n<p style=\"text-align: justify;\">Endlich war es soweit: In Gegenwart von interessierten Mitgliedern der Schulgemeinde sowie Vertreterinnen und Vertretern der Verbundschulen und der st\u00e4dtischen Gremien wurde die Klangwand am heutigen Abend feierlich eingeweiht. Nachdem zuvor die klanglichen M\u00f6glichkeiten dieses einmaligen Klangk\u00f6rpers mithilfe des <a href=\"https:\/\/www.olafpyras.de\/olaf-pyras\/\" target=\"_blank\" rel=\"noopener\">Hochschuldozenten und Schlagwerkers Olaf Pyras<\/a> im Rahmen eines mehrt\u00e4gigen Workshops professionell ausgelotet wurden, entwickelten die Workshop-Teilnehmerinnen und -teilnehmer ein abwechslungsreiches Programm mit Publikumsaktivierung, um den Anwesenden die M\u00f6glichkeit zu bieten, die entstandenen Produkte selbst aktiv zu bespielen.<\/p>\n<table style=\"border-collapse: collapse; width: 100%;\">\n<tbody>\n<tr>\n<td style=\"width: 36.6267%;\"><img decoding=\"async\" class=\"alignnone size-full wp-image-18456\" src=\"http:\/\/altgsgrebenstein.de\/wp-content\/uploads\/2025\/08\/IMG_2229.jpeg\" alt=\"\" width=\"958\" height=\"1280\" srcset=\"https:\/\/altgsgrebenstein.de\/wp-content\/uploads\/2025\/08\/IMG_2229.jpeg 958w, https:\/\/altgsgrebenstein.de\/wp-content\/uploads\/2025\/08\/IMG_2229-225x300.jpeg 225w, https:\/\/altgsgrebenstein.de\/wp-content\/uploads\/2025\/08\/IMG_2229-766x1024.jpeg 766w, https:\/\/altgsgrebenstein.de\/wp-content\/uploads\/2025\/08\/IMG_2229-768x1026.jpeg 768w\" sizes=\"(max-width: 958px) 100vw, 958px\" \/><\/td>\n<td style=\"width: 63.3733%;\"><img decoding=\"async\" class=\"alignnone size-full wp-image-18455\" src=\"http:\/\/altgsgrebenstein.de\/wp-content\/uploads\/2025\/08\/IMG_2242.jpeg\" alt=\"\" width=\"1280\" height=\"960\" srcset=\"https:\/\/altgsgrebenstein.de\/wp-content\/uploads\/2025\/08\/IMG_2242.jpeg 1280w, https:\/\/altgsgrebenstein.de\/wp-content\/uploads\/2025\/08\/IMG_2242-300x225.jpeg 300w, https:\/\/altgsgrebenstein.de\/wp-content\/uploads\/2025\/08\/IMG_2242-1024x768.jpeg 1024w, https:\/\/altgsgrebenstein.de\/wp-content\/uploads\/2025\/08\/IMG_2242-768x576.jpeg 768w\" sizes=\"(max-width: 1280px) 100vw, 1280px\" \/><\/td>\n<\/tr>\n<\/tbody>\n<\/table>\n<p style=\"text-align: justify;\">Bei einem abschlie\u00dfenden Imbiss kamen die Anwesenden ungezwungen mit den beteiligten Sch\u00fclerinnen und Sch\u00fclern und den Projektverantwortlichen ins Gespr\u00e4ch und lie\u00dfen sich genauer von den Details der Projektarbeit berichten. \u00dcber den kurzweiligen Abend berichten ein <a href=\"http:\/\/altgsgrebenstein.de\/?p=18310\" target=\"_blank\" rel=\"noopener\">Homepage-Bericht<\/a> sowie ein Artikel in der lokalen Presse (&#8222;Hessisch-Nieders\u00e4chsische Allgemeine&#8220;).<\/p>\n<p style=\"text-align: justify;\"><strong>11. + 12. Juni 2025:<\/strong><\/p>\n<p style=\"text-align: justify;\">Die enorme Vielfalt an klanglichen M\u00f6glichkeiten, die durch den Bau der Klangwand und mobilen Klangwagen entstanden ist, begeisterte die beteiligten Sch\u00fclerinnen und Sch\u00fcler einerseits, wirkte aber durchaus auch \u00fcberfordernd: &#8222;Wie k\u00f6nnen wir aus dieser Klangf\u00fclle nur eine auff\u00fchrungsreife Pr\u00e4sentation entwickeln??&#8220;<\/p>\n<p><img decoding=\"async\" class=\"alignnone size-full wp-image-18460\" src=\"http:\/\/altgsgrebenstein.de\/wp-content\/uploads\/2025\/08\/IMG_2246.jpeg\" alt=\"\" width=\"1280\" height=\"958\" srcset=\"https:\/\/altgsgrebenstein.de\/wp-content\/uploads\/2025\/08\/IMG_2246.jpeg 1280w, https:\/\/altgsgrebenstein.de\/wp-content\/uploads\/2025\/08\/IMG_2246-300x225.jpeg 300w, https:\/\/altgsgrebenstein.de\/wp-content\/uploads\/2025\/08\/IMG_2246-1024x766.jpeg 1024w, https:\/\/altgsgrebenstein.de\/wp-content\/uploads\/2025\/08\/IMG_2246-768x575.jpeg 768w\" sizes=\"(max-width: 1280px) 100vw, 1280px\" \/><\/p>\n<p style=\"text-align: justify;\">Gut, wenn mit <a href=\"https:\/\/www.olafpyras.de\/olaf-pyras\/\" target=\"_blank\" rel=\"noopener\">Olaf Pyras<\/a> ein erfahrener Experte in Sachen &#8222;Soundrecherche&#8220; und Klangkunst im Rahmen eines Workshops beratend zur Seite steht! Sein Ansatz des genauen Hin-\/Zuh\u00f6rens \u00f6ffnete den Teilnehmenden buchst\u00e4blich die Ohren und motivierte zu eigenen Klangexperimenten, insbesondere mit selbstgebauten Instrumenten wie dem &#8222;Gabelophon&#8220;.<\/p>\n<table style=\"border-collapse: collapse; width: 100%;\">\n<tbody>\n<tr>\n<td style=\"width: 46.4181%;\"><img decoding=\"async\" class=\"alignnone size-full wp-image-18463\" src=\"http:\/\/altgsgrebenstein.de\/wp-content\/uploads\/2025\/08\/IMG_2227-rotated.jpeg\" alt=\"\" width=\"958\" height=\"1280\" srcset=\"https:\/\/altgsgrebenstein.de\/wp-content\/uploads\/2025\/08\/IMG_2227-rotated.jpeg 958w, https:\/\/altgsgrebenstein.de\/wp-content\/uploads\/2025\/08\/IMG_2227-225x300.jpeg 225w, https:\/\/altgsgrebenstein.de\/wp-content\/uploads\/2025\/08\/IMG_2227-766x1024.jpeg 766w, https:\/\/altgsgrebenstein.de\/wp-content\/uploads\/2025\/08\/IMG_2227-768x1026.jpeg 768w\" sizes=\"(max-width: 958px) 100vw, 958px\" \/><\/td>\n<td style=\"width: 53.5819%;\"><img decoding=\"async\" class=\"alignnone size-full wp-image-18462\" src=\"http:\/\/altgsgrebenstein.de\/wp-content\/uploads\/2025\/08\/IMG_2232.jpeg\" alt=\"\" width=\"1280\" height=\"958\" srcset=\"https:\/\/altgsgrebenstein.de\/wp-content\/uploads\/2025\/08\/IMG_2232.jpeg 1280w, https:\/\/altgsgrebenstein.de\/wp-content\/uploads\/2025\/08\/IMG_2232-300x225.jpeg 300w, https:\/\/altgsgrebenstein.de\/wp-content\/uploads\/2025\/08\/IMG_2232-1024x766.jpeg 1024w, https:\/\/altgsgrebenstein.de\/wp-content\/uploads\/2025\/08\/IMG_2232-768x575.jpeg 768w\" sizes=\"(max-width: 1280px) 100vw, 1280px\" \/><\/td>\n<\/tr>\n<tr>\n<td style=\"width: 46.4181%;\"><img decoding=\"async\" class=\"alignnone size-full wp-image-18458\" src=\"http:\/\/altgsgrebenstein.de\/wp-content\/uploads\/2025\/08\/IMG_2234.jpeg\" alt=\"\" width=\"958\" height=\"1280\" srcset=\"https:\/\/altgsgrebenstein.de\/wp-content\/uploads\/2025\/08\/IMG_2234.jpeg 958w, https:\/\/altgsgrebenstein.de\/wp-content\/uploads\/2025\/08\/IMG_2234-225x300.jpeg 225w, https:\/\/altgsgrebenstein.de\/wp-content\/uploads\/2025\/08\/IMG_2234-766x1024.jpeg 766w, https:\/\/altgsgrebenstein.de\/wp-content\/uploads\/2025\/08\/IMG_2234-768x1026.jpeg 768w\" sizes=\"(max-width: 958px) 100vw, 958px\" \/><\/td>\n<td style=\"width: 53.5819%;\"><img decoding=\"async\" class=\"alignnone size-full wp-image-18465\" src=\"http:\/\/altgsgrebenstein.de\/wp-content\/uploads\/2025\/08\/IMG_2235-1.jpeg\" alt=\"\" width=\"958\" height=\"1280\" srcset=\"https:\/\/altgsgrebenstein.de\/wp-content\/uploads\/2025\/08\/IMG_2235-1.jpeg 958w, https:\/\/altgsgrebenstein.de\/wp-content\/uploads\/2025\/08\/IMG_2235-1-225x300.jpeg 225w, https:\/\/altgsgrebenstein.de\/wp-content\/uploads\/2025\/08\/IMG_2235-1-766x1024.jpeg 766w, https:\/\/altgsgrebenstein.de\/wp-content\/uploads\/2025\/08\/IMG_2235-1-768x1026.jpeg 768w\" sizes=\"(max-width: 958px) 100vw, 958px\" \/><\/td>\n<\/tr>\n<\/tbody>\n<\/table>\n<p style=\"text-align: justify;\">Hieraus erwuchs schnell eine Vielzahl an kreativen Ideen, die sogar publikumsaktivierende Elemente beinhaltete. So blieb am Ende der Workshop-Zeit sogar noch Zeit f\u00fcr ein gemeinsames Pizzaessen! \ud83d\ude42<\/p>\n<p><img decoding=\"async\" class=\"alignnone size-full wp-image-18459\" src=\"http:\/\/altgsgrebenstein.de\/wp-content\/uploads\/2025\/08\/IMG_2252.jpeg\" alt=\"\" width=\"958\" height=\"1280\" srcset=\"https:\/\/altgsgrebenstein.de\/wp-content\/uploads\/2025\/08\/IMG_2252.jpeg 958w, https:\/\/altgsgrebenstein.de\/wp-content\/uploads\/2025\/08\/IMG_2252-225x300.jpeg 225w, https:\/\/altgsgrebenstein.de\/wp-content\/uploads\/2025\/08\/IMG_2252-766x1024.jpeg 766w, https:\/\/altgsgrebenstein.de\/wp-content\/uploads\/2025\/08\/IMG_2252-768x1026.jpeg 768w\" sizes=\"(max-width: 958px) 100vw, 958px\" \/><\/p>\n<p style=\"text-align: justify;\"><strong>Mai\/Juni: 2025:<\/strong><\/p>\n<p><img decoding=\"async\" class=\"alignnone size-full wp-image-18487\" src=\"http:\/\/altgsgrebenstein.de\/wp-content\/uploads\/2025\/08\/In-der-Holzwerkstatt-1024x683-1.jpg\" alt=\"\" width=\"1024\" height=\"683\" srcset=\"https:\/\/altgsgrebenstein.de\/wp-content\/uploads\/2025\/08\/In-der-Holzwerkstatt-1024x683-1.jpg 1024w, https:\/\/altgsgrebenstein.de\/wp-content\/uploads\/2025\/08\/In-der-Holzwerkstatt-1024x683-1-300x200.jpg 300w, https:\/\/altgsgrebenstein.de\/wp-content\/uploads\/2025\/08\/In-der-Holzwerkstatt-1024x683-1-768x512.jpg 768w\" sizes=\"(max-width: 1024px) 100vw, 1024px\" \/><\/p>\n<table style=\"border-collapse: collapse; width: 100%;\">\n<tbody>\n<tr>\n<td style=\"width: 36.6268%;\"><img decoding=\"async\" class=\"alignnone size-full wp-image-18475\" src=\"http:\/\/altgsgrebenstein.de\/wp-content\/uploads\/2025\/08\/IMG_1647-scaled.jpg\" alt=\"\" width=\"1920\" height=\"2560\" srcset=\"https:\/\/altgsgrebenstein.de\/wp-content\/uploads\/2025\/08\/IMG_1647-scaled.jpg 1920w, https:\/\/altgsgrebenstein.de\/wp-content\/uploads\/2025\/08\/IMG_1647-225x300.jpg 225w, https:\/\/altgsgrebenstein.de\/wp-content\/uploads\/2025\/08\/IMG_1647-768x1024.jpg 768w, https:\/\/altgsgrebenstein.de\/wp-content\/uploads\/2025\/08\/IMG_1647-1152x1536.jpg 1152w, https:\/\/altgsgrebenstein.de\/wp-content\/uploads\/2025\/08\/IMG_1647-1536x2048.jpg 1536w\" sizes=\"(max-width: 1920px) 100vw, 1920px\" \/><\/td>\n<td style=\"width: 63.3732%;\"><img decoding=\"async\" class=\"alignnone size-full wp-image-18473\" src=\"http:\/\/altgsgrebenstein.de\/wp-content\/uploads\/2025\/08\/IMG_1649-scaled.jpg\" alt=\"\" width=\"2560\" height=\"1920\" srcset=\"https:\/\/altgsgrebenstein.de\/wp-content\/uploads\/2025\/08\/IMG_1649-scaled.jpg 2560w, https:\/\/altgsgrebenstein.de\/wp-content\/uploads\/2025\/08\/IMG_1649-300x225.jpg 300w, https:\/\/altgsgrebenstein.de\/wp-content\/uploads\/2025\/08\/IMG_1649-1024x768.jpg 1024w, https:\/\/altgsgrebenstein.de\/wp-content\/uploads\/2025\/08\/IMG_1649-768x576.jpg 768w, https:\/\/altgsgrebenstein.de\/wp-content\/uploads\/2025\/08\/IMG_1649-1536x1152.jpg 1536w, https:\/\/altgsgrebenstein.de\/wp-content\/uploads\/2025\/08\/IMG_1649-2048x1536.jpg 2048w\" sizes=\"(max-width: 2560px) 100vw, 2560px\" \/><\/td>\n<\/tr>\n<\/tbody>\n<\/table>\n<p style=\"text-align: justify;\">Nach den umfangreichen und \u00fcberaus wertvollen Vorarbeiten war in der letzten Mai- und der ersten Juniwoche ein wichtiger Moment erreicht: Die konkrete Bauphase zum Klangwand-Projekt war erreicht. Eingeteilt in kleinen Teams widmeten sich Sch\u00fclerinnen und Sch\u00fcler der Jahrgangsstufen 7 bis 10 aus allen drei Schulzweigen der Schule gemeinsam dem Bau der Klangwand. Genutzt wurden hierzu die Arbeitslehre- und Kunstfachr\u00e4ume, ein Mensa-Nebenraum sowie &#8211; bei sch\u00f6nem Wetter &#8211; der Innenhof. Auf diese Weise entstand eine &#8222;Kreativ-Insel&#8220; inmitten der Schule, die den Lernenden Raum gab, sich mit ihren individuellen F\u00e4higkeiten und Kompetenzen in den Gesamtprozess einzubringen und sich kreativ zu erg\u00e4nzen.<\/p>\n<table style=\"border-collapse: collapse; width: 100%;\">\n<tbody>\n<tr>\n<td style=\"width: 50%;\"><img decoding=\"async\" class=\"alignnone size-full wp-image-18479\" src=\"http:\/\/altgsgrebenstein.de\/wp-content\/uploads\/2025\/08\/IMG_1952-scaled.jpg\" alt=\"\" width=\"2560\" height=\"1920\" srcset=\"https:\/\/altgsgrebenstein.de\/wp-content\/uploads\/2025\/08\/IMG_1952-scaled.jpg 2560w, https:\/\/altgsgrebenstein.de\/wp-content\/uploads\/2025\/08\/IMG_1952-300x225.jpg 300w, https:\/\/altgsgrebenstein.de\/wp-content\/uploads\/2025\/08\/IMG_1952-1024x768.jpg 1024w, https:\/\/altgsgrebenstein.de\/wp-content\/uploads\/2025\/08\/IMG_1952-768x576.jpg 768w, https:\/\/altgsgrebenstein.de\/wp-content\/uploads\/2025\/08\/IMG_1952-1536x1152.jpg 1536w, https:\/\/altgsgrebenstein.de\/wp-content\/uploads\/2025\/08\/IMG_1952-2048x1536.jpg 2048w\" sizes=\"(max-width: 2560px) 100vw, 2560px\" \/><\/td>\n<td style=\"width: 50%;\"><img decoding=\"async\" class=\"alignnone size-full wp-image-18477\" src=\"http:\/\/altgsgrebenstein.de\/wp-content\/uploads\/2025\/08\/IMG_2046-scaled.jpg\" alt=\"\" width=\"2560\" height=\"1920\" srcset=\"https:\/\/altgsgrebenstein.de\/wp-content\/uploads\/2025\/08\/IMG_2046-scaled.jpg 2560w, https:\/\/altgsgrebenstein.de\/wp-content\/uploads\/2025\/08\/IMG_2046-300x225.jpg 300w, https:\/\/altgsgrebenstein.de\/wp-content\/uploads\/2025\/08\/IMG_2046-1024x768.jpg 1024w, https:\/\/altgsgrebenstein.de\/wp-content\/uploads\/2025\/08\/IMG_2046-768x576.jpg 768w, https:\/\/altgsgrebenstein.de\/wp-content\/uploads\/2025\/08\/IMG_2046-1536x1152.jpg 1536w, https:\/\/altgsgrebenstein.de\/wp-content\/uploads\/2025\/08\/IMG_2046-2048x1536.jpg 2048w\" sizes=\"(max-width: 2560px) 100vw, 2560px\" \/><\/td>\n<\/tr>\n<\/tbody>\n<\/table>\n<p style=\"text-align: justify;\">Wertvolle Unterst\u00fctzung erfuhren die Lernenden in dieser Zeit nicht nur durch engagierte Lehrkr\u00e4fte der Schule, sondern auch durch au\u00dferschulische Expertinnen und Experten, die mit ihrem spezifischen Wissen beratend zur Seite standen und den Lernenden dabei halfen, ihre Ideen zu verwirklichen. Zum Expertenpool geh\u00f6rten die Mitarbeiter der <a href=\"https:\/\/holz-baumann.com\/\" target=\"_blank\" rel=\"noopener\">Schreinerei HOLZ.baumann<\/a> (Hofgeismar), der <a href=\"http:\/\/www.heinz-cembalobau.de\/\" target=\"_blank\" rel=\"noopener\">Klavier- und Cembalobaumeister Roland Heinz<\/a> (Espenau), der <a href=\"https:\/\/www.olafpyras.de\/olaf-pyras\/\" target=\"_blank\" rel=\"noopener\">Schlagwerker Olaf Pyras<\/a> (Universit\u00e4t Kassel \/ UdK Berlin) sowie <a href=\"https:\/\/www.hmdk-stuttgart.de\/person\/profin-dr-karolin-schmitt-weidmann\" target=\"_blank\" rel=\"noopener\">Prof. Dr. Karolin Schmitt-Weidmann<\/a> (HMDK Stuttgart). Ihnen sind wir zu besonderem Dank verpflichtet!<\/p>\n<table style=\"border-collapse: collapse; width: 100%;\">\n<tbody>\n<tr>\n<td style=\"width: 50%;\"><img decoding=\"async\" class=\"alignnone size-full wp-image-18474\" src=\"http:\/\/altgsgrebenstein.de\/wp-content\/uploads\/2025\/08\/IMG_1645-scaled.jpg\" alt=\"\" width=\"1920\" height=\"2560\" srcset=\"https:\/\/altgsgrebenstein.de\/wp-content\/uploads\/2025\/08\/IMG_1645-scaled.jpg 1920w, https:\/\/altgsgrebenstein.de\/wp-content\/uploads\/2025\/08\/IMG_1645-225x300.jpg 225w, https:\/\/altgsgrebenstein.de\/wp-content\/uploads\/2025\/08\/IMG_1645-768x1024.jpg 768w, https:\/\/altgsgrebenstein.de\/wp-content\/uploads\/2025\/08\/IMG_1645-1152x1536.jpg 1152w, https:\/\/altgsgrebenstein.de\/wp-content\/uploads\/2025\/08\/IMG_1645-1536x2048.jpg 1536w\" sizes=\"(max-width: 1920px) 100vw, 1920px\" \/><\/td>\n<td style=\"width: 50%;\"><img decoding=\"async\" class=\"alignnone size-full wp-image-18478\" src=\"http:\/\/altgsgrebenstein.de\/wp-content\/uploads\/2025\/08\/IMG_1951-scaled.jpg\" alt=\"\" width=\"1920\" height=\"2560\" srcset=\"https:\/\/altgsgrebenstein.de\/wp-content\/uploads\/2025\/08\/IMG_1951-scaled.jpg 1920w, https:\/\/altgsgrebenstein.de\/wp-content\/uploads\/2025\/08\/IMG_1951-225x300.jpg 225w, https:\/\/altgsgrebenstein.de\/wp-content\/uploads\/2025\/08\/IMG_1951-768x1024.jpg 768w, https:\/\/altgsgrebenstein.de\/wp-content\/uploads\/2025\/08\/IMG_1951-1152x1536.jpg 1152w, https:\/\/altgsgrebenstein.de\/wp-content\/uploads\/2025\/08\/IMG_1951-1536x2048.jpg 1536w\" sizes=\"(max-width: 1920px) 100vw, 1920px\" \/><\/td>\n<\/tr>\n<\/tbody>\n<\/table>\n<p style=\"text-align: justify;\">Am Ende blickten die Sch\u00fclerinnen und Sch\u00fcler stolz auf das erschaffene Klangensemble mit wahrlich ungew\u00f6hnlichen Komponenten: eine optisch \u00fcberaus ansprechende Klangwand mit Orgelpfeifen und einer Zusammenstellung an unterschiedlichen Klavier- und Cembalosaiten, zwei mobile Klangwagen mit unterschiedlich best\u00fcckten und austauschbaren Klangmodulen (z.B. ein diatonisches Glockenbrett, ein Theremin-Modul oder ein selbstgebautes &#8222;Gabelophon&#8220;).<\/p>\n<p>&nbsp;<\/p>\n<p style=\"text-align: justify;\"><strong>11.04.2025:<\/strong><\/p>\n<p><img decoding=\"async\" class=\"alignnone size-full wp-image-18467\" src=\"http:\/\/altgsgrebenstein.de\/wp-content\/uploads\/2025\/08\/78.tagung-titelbild.jpg\" alt=\"\" width=\"1280\" height=\"726\" srcset=\"https:\/\/altgsgrebenstein.de\/wp-content\/uploads\/2025\/08\/78.tagung-titelbild.jpg 1280w, https:\/\/altgsgrebenstein.de\/wp-content\/uploads\/2025\/08\/78.tagung-titelbild-300x170.jpg 300w, https:\/\/altgsgrebenstein.de\/wp-content\/uploads\/2025\/08\/78.tagung-titelbild-1024x581.jpg 1024w, https:\/\/altgsgrebenstein.de\/wp-content\/uploads\/2025\/08\/78.tagung-titelbild-768x436.jpg 768w\" sizes=\"(max-width: 1280px) 100vw, 1280px\" \/><\/p>\n<p style=\"text-align: justify;\">W\u00e4hrend der Osterferien erhielt die Heinrich-Grupe-Schule die M\u00f6glichkeit, ihr Klangwand-Projekt im Rahmen der <a href=\"https:\/\/www.neue-musik.org\/institut_fuer_neue_musik.html\" target=\"_blank\" rel=\"noopener\">78. Fr\u00fchjahrstagung des Institut f\u00fcr Neue Musik und Musikerziehung e.V.<\/a> in Darmstadt zu pr\u00e4sentieren. Am Nachmittag des dritten Veranstaltungstages standen mit Frederik Weidmann (G7b) und Gymnasialzweigleiter Dirk Weidmann zwei Vertreter der HGS mit einer Sch\u00fcler- und einer Lehrerperspektive auf das Projekt zur Verf\u00fcgung. Die R\u00fcckmeldungen der Tagungsteilnehmenden enthielten viel Lob und Zuspruch f\u00fcr das Konzept und die Ideen zur Umsetzung. W\u00e4hrend der Veranstaltung konnten weiterf\u00fchrende Kontakte zu Musikschaffenden aus dem deutschsprachigen Raum gekn\u00fcpft werden, wodurch das Netzwerk der Projektinteressierten deutlich vergr\u00f6\u00dfert werden konnte. Die Eindr\u00fccke der Tagung dokumentieren sowohl ein <a href=\"http:\/\/altgsgrebenstein.de\/?p=18052\" target=\"_blank\" rel=\"noopener\">Schulhomepage-Bericht<\/a> wie auch eine <a href=\"http:\/\/altgsgrebenstein.de\/?p=18052#fvp_40,9s\" target=\"_blank\" rel=\"noopener\">Videoimpression vom Veranstaltungstag<\/a>.<\/p>\n<p style=\"text-align: justify;\"><strong>12.01.2025:<\/strong><\/p>\n<p style=\"text-align: justify;\">Trommeln, (Pan-)Fl\u00f6ten, Vogellockrufpfeifen \u2013 vielschichtig sind die Spenden, welche die Klangwand-AG seit dem \u00f6ffentlichen Spendenaufruf im Herbst 2024 aus der Bev\u00f6lkerung erhalten hat. Jedes gespendete Objekt wird beim Bau des innovativen Klangk\u00f6rpers seine Verwendung finden und am Ende zu einem kreativen Gesamtkunstwerk beitragen. Aufgrund der Vielzahl der inzwischen zum Bau zur Verf\u00fcgung stehenden Instrumente und Objekte zeichnet sich ab, dass nicht nur eine fest-installierte Wand, sondern zus\u00e4tzlich auch mindestens ein kleinerer Klangwand-Wagen entsteht, der ortsunabh\u00e4ngig eingesetzt werden kann. Hierdurch wird das k\u00fcnstlerische Potential der Klangwand noch erweitert.<\/p>\n<table style=\"border-collapse: collapse; width: 100%;\">\n<tbody>\n<tr>\n<td style=\"width: 54.1916%;\"><img decoding=\"async\" class=\"alignnone wp-image-17691\" src=\"http:\/\/altgsgrebenstein.de\/wp-content\/uploads\/2025\/02\/Metallpfeifen.png\" alt=\"\" width=\"302\" height=\"403\" srcset=\"https:\/\/altgsgrebenstein.de\/wp-content\/uploads\/2025\/02\/Metallpfeifen.png 3000w, https:\/\/altgsgrebenstein.de\/wp-content\/uploads\/2025\/02\/Metallpfeifen-225x300.png 225w, https:\/\/altgsgrebenstein.de\/wp-content\/uploads\/2025\/02\/Metallpfeifen-768x1024.png 768w, https:\/\/altgsgrebenstein.de\/wp-content\/uploads\/2025\/02\/Metallpfeifen-1152x1536.png 1152w, https:\/\/altgsgrebenstein.de\/wp-content\/uploads\/2025\/02\/Metallpfeifen-1536x2048.png 1536w\" sizes=\"(max-width: 302px) 100vw, 302px\" \/><\/td>\n<td style=\"width: 45.8084%;\"><img decoding=\"async\" class=\"wp-image-17689 aligncenter\" src=\"http:\/\/altgsgrebenstein.de\/wp-content\/uploads\/2025\/02\/Holz-Orgelpfeifen.png\" alt=\"\" width=\"247\" height=\"392\" srcset=\"https:\/\/altgsgrebenstein.de\/wp-content\/uploads\/2025\/02\/Holz-Orgelpfeifen.png 2520w, https:\/\/altgsgrebenstein.de\/wp-content\/uploads\/2025\/02\/Holz-Orgelpfeifen-189x300.png 189w, https:\/\/altgsgrebenstein.de\/wp-content\/uploads\/2025\/02\/Holz-Orgelpfeifen-645x1024.png 645w, https:\/\/altgsgrebenstein.de\/wp-content\/uploads\/2025\/02\/Holz-Orgelpfeifen-768x1219.png 768w, https:\/\/altgsgrebenstein.de\/wp-content\/uploads\/2025\/02\/Holz-Orgelpfeifen-968x1536.png 968w, https:\/\/altgsgrebenstein.de\/wp-content\/uploads\/2025\/02\/Holz-Orgelpfeifen-1290x2048.png 1290w\" sizes=\"(max-width: 247px) 100vw, 247px\" \/><\/td>\n<\/tr>\n<tr>\n<td style=\"width: 100%;\" colspan=\"2\"><img decoding=\"async\" class=\"alignnone size-full wp-image-17693\" src=\"http:\/\/altgsgrebenstein.de\/wp-content\/uploads\/2025\/02\/Zertifikat-scaled.jpg\" alt=\"\" width=\"2560\" height=\"1810\" srcset=\"https:\/\/altgsgrebenstein.de\/wp-content\/uploads\/2025\/02\/Zertifikat-scaled.jpg 2560w, https:\/\/altgsgrebenstein.de\/wp-content\/uploads\/2025\/02\/Zertifikat-300x212.jpg 300w, https:\/\/altgsgrebenstein.de\/wp-content\/uploads\/2025\/02\/Zertifikat-1024x724.jpg 1024w, https:\/\/altgsgrebenstein.de\/wp-content\/uploads\/2025\/02\/Zertifikat-768x543.jpg 768w, https:\/\/altgsgrebenstein.de\/wp-content\/uploads\/2025\/02\/Zertifikat-1536x1086.jpg 1536w, https:\/\/altgsgrebenstein.de\/wp-content\/uploads\/2025\/02\/Zertifikat-2048x1448.jpg 2048w\" sizes=\"(max-width: 2560px) 100vw, 2560px\" \/><\/td>\n<\/tr>\n<\/tbody>\n<\/table>\n<p style=\"text-align: justify;\">Als besonders ungew\u00f6hnliche Spenden sind u.a. alte Orgelpfeifen aus einer Kirche im Nachbarort Hofgeismar sowie ein ausrangiertes <em>Steingraeber<\/em>-Klavier zu nennen,\u00a0 das der Schule\u00a0von der \u201e<em>Kulturbunker Kassel gGmbH<\/em>\u201c kostenlos zur Verf\u00fcgung gestellt wurde. Dieses eignet sich in besonderer Weise f\u00fcr experimentelles Arbeiten, indem z.B. die Klaviersaiten mit Gummis, Metall und anderen Materialien pr\u00e4pariert und somit vollkommen neue T\u00f6ne und Ger\u00e4usche im Stil Experimenteller Musik produziert werden k\u00f6nnen. Ein umfangreicherer Bericht zu den erhaltenen Spenden findet sich <a href=\"http:\/\/altgsgrebenstein.de\/?p=17688\" target=\"_blank\" rel=\"noopener\">hier<\/a>.<\/p>\n<p><img decoding=\"async\" class=\"alignnone size-full wp-image-17690\" src=\"http:\/\/altgsgrebenstein.de\/wp-content\/uploads\/2025\/02\/Klavier.png\" alt=\"\" width=\"4000\" height=\"3000\" srcset=\"https:\/\/altgsgrebenstein.de\/wp-content\/uploads\/2025\/02\/Klavier.png 4000w, https:\/\/altgsgrebenstein.de\/wp-content\/uploads\/2025\/02\/Klavier-300x225.png 300w, https:\/\/altgsgrebenstein.de\/wp-content\/uploads\/2025\/02\/Klavier-1024x768.png 1024w, https:\/\/altgsgrebenstein.de\/wp-content\/uploads\/2025\/02\/Klavier-768x576.png 768w, https:\/\/altgsgrebenstein.de\/wp-content\/uploads\/2025\/02\/Klavier-1536x1152.png 1536w, https:\/\/altgsgrebenstein.de\/wp-content\/uploads\/2025\/02\/Klavier-2048x1536.png 2048w\" sizes=\"(max-width: 4000px) 100vw, 4000px\" \/><\/p>\n<p><strong>21.+22.11.2024:<\/strong><\/p>\n<p style=\"text-align: justify;\">Gemeinsam mit den anderen Schulen des aktuellen sowie des letzten F\u00f6rderdurchgangs waren Vertreter der Heinrich-Grupe-Schule zum diesj\u00e4hrigen <a href=\"https:\/\/www.neumayer-stiftung.de\/das-erste-netzwerktreffen-im-rahmen-vo-projektkultur-im-frankfurter-massif-central\/\" target=\"_blank\" rel=\"noopener\">Netzwerktreffen der NEUMAYER-Stiftung<\/a> nach Frankfurt (Main) eingeladen. Neben einem wissenschaftlichem Input durch Prof. Dr. Hermann Veith (Universit\u00e4t G\u00f6ttingen) zur Frage, wie \u00e4sthetisches Lernen und kulturelle Bildung im Schulkontext gelingen kann, und der M\u00f6glichkeit des Austausches zu projektbezogenen Fragen waren die teilnehmenden Schulen dazu aufgefordert, ihre Projektideen bzw. -ergebnisse im Rahmen einer Posterausstellung vorzustellen und hier\u00fcber in den Austausch zu treten.<\/p>\n<p><img decoding=\"async\" class=\"alignnone size-full wp-image-17418\" src=\"http:\/\/altgsgrebenstein.de\/wp-content\/uploads\/2024\/11\/IMG_0910-scaled.jpg\" alt=\"\" width=\"2560\" height=\"2258\" srcset=\"https:\/\/altgsgrebenstein.de\/wp-content\/uploads\/2024\/11\/IMG_0910-scaled.jpg 2560w, https:\/\/altgsgrebenstein.de\/wp-content\/uploads\/2024\/11\/IMG_0910-300x265.jpg 300w, https:\/\/altgsgrebenstein.de\/wp-content\/uploads\/2024\/11\/IMG_0910-1024x903.jpg 1024w, https:\/\/altgsgrebenstein.de\/wp-content\/uploads\/2024\/11\/IMG_0910-768x677.jpg 768w, https:\/\/altgsgrebenstein.de\/wp-content\/uploads\/2024\/11\/IMG_0910-1536x1355.jpg 1536w, https:\/\/altgsgrebenstein.de\/wp-content\/uploads\/2024\/11\/IMG_0910-2048x1807.jpg 2048w\" sizes=\"(max-width: 2560px) 100vw, 2560px\" \/><\/p>\n<p style=\"text-align: justify;\">Die f\u00fcr die HGS anwesenden Kollegen Wilhelm Uebach und Dirk Weidmann freuten sich \u00fcber das rege Interesse am HGS-Klangwand-Projekt und einen erfreulich gro\u00dfen Zuspruch durch die anderen Projektschulen.<\/p>\n<p><strong>16.11.2024:<\/strong><\/p>\n<p style=\"text-align: justify;\">Die &#8222;Hessisch-Nieders\u00e4chsische Allgemeine&#8220; berichtet als Lokalpresse in einem <a href=\"http:\/\/altgsgrebenstein.de\/wp-content\/uploads\/2024\/11\/HNA-16.11.2024-S.-3.pdf\">Artikel<\/a> \u00fcber das Klangwand-Projekt der HGS.<\/p>\n<p><strong>01.11.2024:<\/strong><\/p>\n<p style=\"text-align: justify;\">Das &#8222;Klangwand&#8220;-Projekt findet mit einem umfangreichen <a href=\"https:\/\/ganztagsschulverband.de\/zeitschrift\/zeitschrift-die-ganztagsschule\/die-ganztagsschule-64-2024\" target=\"_blank\" rel=\"noopener\">Fachbeitrag zu seinem Potential f\u00fcr zuk\u00fcnftige lokale Service-Learning-Projekte<\/a> Eingang in die Jahresschrift des Ganztagsschulverbands zum Oberthema &#8222;Kulturelle Bildung im Ganztag&#8220;.<\/p>\n<p style=\"text-align: justify;\"><strong>09.10.2024:<\/strong><\/p>\n<p style=\"text-align: justify;\">Schon kurz vor den Herbstferien f\u00fchlt es sich wie Weihnachten an: Eine Vielzahl an Sachspenden aus der Bev\u00f6lkerung hat die Klangwand-AG erreicht und macht ein Sortieren und Inventarisieren erforderlich. Neben klassischen Instrumenten wie Panfl\u00f6ten und Trommeln freuen sich die Sch\u00fclerinnen und Sch\u00fcler auch \u00fcber besondere Sch\u00e4tze, so z.B. \u00fcber drei gro\u00dfe Pfeifen aus einer alten Kirchenorgel.<\/p>\n<table style=\"border-collapse: collapse; width: 100%;\">\n<tbody>\n<tr>\n<td style=\"width: 63.7418%;\"><img decoding=\"async\" class=\"alignnone size-full wp-image-17330\" src=\"http:\/\/altgsgrebenstein.de\/wp-content\/uploads\/2024\/11\/IMG_0547-scaled.jpg\" alt=\"\" width=\"2560\" height=\"1920\" srcset=\"https:\/\/altgsgrebenstein.de\/wp-content\/uploads\/2024\/11\/IMG_0547-scaled.jpg 2560w, https:\/\/altgsgrebenstein.de\/wp-content\/uploads\/2024\/11\/IMG_0547-300x225.jpg 300w, https:\/\/altgsgrebenstein.de\/wp-content\/uploads\/2024\/11\/IMG_0547-1024x768.jpg 1024w, https:\/\/altgsgrebenstein.de\/wp-content\/uploads\/2024\/11\/IMG_0547-768x576.jpg 768w, https:\/\/altgsgrebenstein.de\/wp-content\/uploads\/2024\/11\/IMG_0547-1536x1152.jpg 1536w, https:\/\/altgsgrebenstein.de\/wp-content\/uploads\/2024\/11\/IMG_0547-2048x1536.jpg 2048w\" sizes=\"(max-width: 2560px) 100vw, 2560px\" \/><\/td>\n<td style=\"width: 36.2582%;\"><img decoding=\"async\" class=\"alignnone size-full wp-image-17331\" src=\"http:\/\/altgsgrebenstein.de\/wp-content\/uploads\/2024\/11\/IMG_0549-scaled.jpg\" alt=\"\" width=\"1920\" height=\"2560\" srcset=\"https:\/\/altgsgrebenstein.de\/wp-content\/uploads\/2024\/11\/IMG_0549-scaled.jpg 1920w, https:\/\/altgsgrebenstein.de\/wp-content\/uploads\/2024\/11\/IMG_0549-225x300.jpg 225w, https:\/\/altgsgrebenstein.de\/wp-content\/uploads\/2024\/11\/IMG_0549-768x1024.jpg 768w, https:\/\/altgsgrebenstein.de\/wp-content\/uploads\/2024\/11\/IMG_0549-1152x1536.jpg 1152w, https:\/\/altgsgrebenstein.de\/wp-content\/uploads\/2024\/11\/IMG_0549-1536x2048.jpg 1536w\" sizes=\"(max-width: 1920px) 100vw, 1920px\" \/><\/td>\n<\/tr>\n<\/tbody>\n<\/table>\n<p><strong>02.10.2024:<\/strong><\/p>\n<p style=\"text-align: justify;\">Die Mitglieder der Klangwand-AG besuchen im Rahmen einer <a href=\"http:\/\/altgsgrebenstein.de\/?p=17255\" target=\"_blank\" rel=\"noopener\">Exkursion<\/a> den Future-Space in Kassel und lernen physikalische Grundlagen zu den Themen Schall und Akustik kennen. Die gewonnenen Erkenntnisse sollen bei der weiteren Planung der Klangwand ber\u00fccksichtigt werden.<\/p>\n<table style=\"border-collapse: collapse; width: 100%;\">\n<tbody>\n<tr>\n<td style=\"width: 50%;\"><img decoding=\"async\" class=\"alignnone size-full wp-image-17257\" src=\"http:\/\/altgsgrebenstein.de\/wp-content\/uploads\/2024\/10\/IMG_0483-scaled.jpg\" alt=\"\" width=\"1920\" height=\"2560\" srcset=\"https:\/\/altgsgrebenstein.de\/wp-content\/uploads\/2024\/10\/IMG_0483-scaled.jpg 1920w, https:\/\/altgsgrebenstein.de\/wp-content\/uploads\/2024\/10\/IMG_0483-225x300.jpg 225w, https:\/\/altgsgrebenstein.de\/wp-content\/uploads\/2024\/10\/IMG_0483-768x1024.jpg 768w, https:\/\/altgsgrebenstein.de\/wp-content\/uploads\/2024\/10\/IMG_0483-1152x1536.jpg 1152w, https:\/\/altgsgrebenstein.de\/wp-content\/uploads\/2024\/10\/IMG_0483-1536x2048.jpg 1536w\" sizes=\"(max-width: 1920px) 100vw, 1920px\" \/><\/td>\n<td style=\"width: 50%;\"><img decoding=\"async\" class=\"alignnone size-full wp-image-17258\" src=\"http:\/\/altgsgrebenstein.de\/wp-content\/uploads\/2024\/10\/IMG_0481-scaled.jpg\" alt=\"\" width=\"1920\" height=\"2560\" srcset=\"https:\/\/altgsgrebenstein.de\/wp-content\/uploads\/2024\/10\/IMG_0481-scaled.jpg 1920w, https:\/\/altgsgrebenstein.de\/wp-content\/uploads\/2024\/10\/IMG_0481-225x300.jpg 225w, https:\/\/altgsgrebenstein.de\/wp-content\/uploads\/2024\/10\/IMG_0481-768x1024.jpg 768w, https:\/\/altgsgrebenstein.de\/wp-content\/uploads\/2024\/10\/IMG_0481-1152x1536.jpg 1152w, https:\/\/altgsgrebenstein.de\/wp-content\/uploads\/2024\/10\/IMG_0481-1536x2048.jpg 1536w\" sizes=\"(max-width: 1920px) 100vw, 1920px\" \/><\/td>\n<\/tr>\n<\/tbody>\n<\/table>\n<p><strong>25.09.2024:<\/strong><\/p>\n<p style=\"text-align: justify;\">Das Klangwand-Projekt erh\u00e4lt in der Musikp\u00e4dagogik Aufmerksamkeit: Im Rahmen des 6. Bundeskongresses Musikunterricht des <a href=\"https:\/\/bk-mu.de\/\" target=\"_blank\" rel=\"noopener\">Bundesverbands Musikunterricht e.V.<\/a>, durchgef\u00fchrt an der Universit\u00e4t Kassel, wird das Projekt in zwei Praxisworkshops mit Fokus auf sein &#8222;Service-Learning&#8220;-Potential vorgestellt und erf\u00e4hrt viel positive Resonanz von den Teilnehmenden.<\/p>\n<p><img decoding=\"async\" class=\"alignnone wp-image-17346\" src=\"http:\/\/altgsgrebenstein.de\/wp-content\/uploads\/2024\/11\/csm_Plakat_Bundeskongress-2024_A3_E05_f03d0722a0.png\" alt=\"\" width=\"320\" height=\"453\" srcset=\"https:\/\/altgsgrebenstein.de\/wp-content\/uploads\/2024\/11\/csm_Plakat_Bundeskongress-2024_A3_E05_f03d0722a0.png 424w, https:\/\/altgsgrebenstein.de\/wp-content\/uploads\/2024\/11\/csm_Plakat_Bundeskongress-2024_A3_E05_f03d0722a0-212x300.png 212w\" sizes=\"(max-width: 320px) 100vw, 320px\" \/><\/p>\n<p><strong>Juni 2024:<\/strong><\/p>\n<p style=\"text-align: justify;\">Gro\u00dfe Freude an der HGS: Die NEUMAYER-STIFTUNG w\u00e4hlt f\u00fcr ihr &#8222;<a href=\"https:\/\/www.neumayer-stiftung.de\/project\/kulturarbeit-an-schulen-pilotprojekt\/\" target=\"_blank\" rel=\"noopener\">Projekt:Kultur<\/a>&#8220; das Klangwand-Projekt der Heinrich-Grupe-Schule als eines von bundesweite 30 Projekten aus, das im Schuljahr 2024\/25 eine finanzielle und ideelle F\u00f6rderung erfahren soll! Wir freuen uns \u00fcber diese besondere Auszeichnung und danken f\u00fcr das in uns gesetzte Vertrauen!<\/p>\n<table style=\"border-collapse: collapse; width: 100%;\">\n<tbody>\n<tr>\n<td style=\"width: 50%;\"><img decoding=\"async\" class=\"alignnone size-full wp-image-18447\" src=\"http:\/\/altgsgrebenstein.de\/wp-content\/uploads\/2025\/08\/Logo-NEUMAYER-CMYK.jpg\" alt=\"\" width=\"2362\" height=\"2362\" srcset=\"https:\/\/altgsgrebenstein.de\/wp-content\/uploads\/2025\/08\/Logo-NEUMAYER-CMYK.jpg 2362w, https:\/\/altgsgrebenstein.de\/wp-content\/uploads\/2025\/08\/Logo-NEUMAYER-CMYK-300x300.jpg 300w, https:\/\/altgsgrebenstein.de\/wp-content\/uploads\/2025\/08\/Logo-NEUMAYER-CMYK-1024x1024.jpg 1024w, https:\/\/altgsgrebenstein.de\/wp-content\/uploads\/2025\/08\/Logo-NEUMAYER-CMYK-150x150.jpg 150w, https:\/\/altgsgrebenstein.de\/wp-content\/uploads\/2025\/08\/Logo-NEUMAYER-CMYK-768x768.jpg 768w, https:\/\/altgsgrebenstein.de\/wp-content\/uploads\/2025\/08\/Logo-NEUMAYER-CMYK-1536x1536.jpg 1536w, https:\/\/altgsgrebenstein.de\/wp-content\/uploads\/2025\/08\/Logo-NEUMAYER-CMYK-2048x2048.jpg 2048w\" sizes=\"(max-width: 2362px) 100vw, 2362px\" \/><\/td>\n<td style=\"width: 50%;\"><img decoding=\"async\" class=\"alignnone size-full wp-image-18446\" src=\"http:\/\/altgsgrebenstein.de\/wp-content\/uploads\/2025\/08\/Projekt-Kultur-Logo-hoch-CMYK.jpg\" alt=\"\" width=\"886\" height=\"886\" srcset=\"https:\/\/altgsgrebenstein.de\/wp-content\/uploads\/2025\/08\/Projekt-Kultur-Logo-hoch-CMYK.jpg 886w, https:\/\/altgsgrebenstein.de\/wp-content\/uploads\/2025\/08\/Projekt-Kultur-Logo-hoch-CMYK-300x300.jpg 300w, https:\/\/altgsgrebenstein.de\/wp-content\/uploads\/2025\/08\/Projekt-Kultur-Logo-hoch-CMYK-150x150.jpg 150w, https:\/\/altgsgrebenstein.de\/wp-content\/uploads\/2025\/08\/Projekt-Kultur-Logo-hoch-CMYK-768x768.jpg 768w\" sizes=\"(max-width: 886px) 100vw, 886px\" \/><\/td>\n<\/tr>\n<\/tbody>\n<\/table>\n<p><strong>Kontakt:<\/strong>\u00a0 Dirk Weidmann (Mail: dirk.weidmann@schule.hessen.de).<\/p>\n","protected":false},"excerpt":{"rendered":"<p>Im Verlauf des Schuljahres 2024\/2025 entstand an der Heinrich-Grupe-Schule eine besondere Klanglandschaft, die in dieser Form im Altkreis Hofgeismar einzigartig ist. Die Gesamtschule ging mit dem von Gymnasialzweigleiter Dirk Weidmann initiierten innovativen Klangwand-Projekt mutig neue Wege, denn Sch\u00fclerinnen und Sch\u00fcler der Schule hatten jahrgangs- und schulform\u00fcbergreifend die M\u00f6glichkeit, mit Unterst\u00fctzung von geeigneten Expertinnen und Experten &hellip; <a href=\"https:\/\/altgsgrebenstein.de\/?page_id=17299\" class=\"more-link\"><span class=\"screen-reader-text\">&#8222;Klangwand&#8220; &#8211; Projekt<\/span> weiterlesen <span class=\"meta-nav\">&rarr;<\/span><\/a><\/p>\n","protected":false},"author":9,"featured_media":0,"parent":0,"menu_order":0,"comment_status":"closed","ping_status":"closed","template":"","meta":{"saved_in_kubio":false,"footnotes":""},"class_list":["post-17299","page","type-page","status-publish","hentry"],"kubio_ai_page_context":{"short_desc":"","purpose":"general"},"_links":{"self":[{"href":"https:\/\/altgsgrebenstein.de\/index.php?rest_route=\/wp\/v2\/pages\/17299","targetHints":{"allow":["GET"]}}],"collection":[{"href":"https:\/\/altgsgrebenstein.de\/index.php?rest_route=\/wp\/v2\/pages"}],"about":[{"href":"https:\/\/altgsgrebenstein.de\/index.php?rest_route=\/wp\/v2\/types\/page"}],"author":[{"embeddable":true,"href":"https:\/\/altgsgrebenstein.de\/index.php?rest_route=\/wp\/v2\/users\/9"}],"replies":[{"embeddable":true,"href":"https:\/\/altgsgrebenstein.de\/index.php?rest_route=%2Fwp%2Fv2%2Fcomments&post=17299"}],"version-history":[{"count":32,"href":"https:\/\/altgsgrebenstein.de\/index.php?rest_route=\/wp\/v2\/pages\/17299\/revisions"}],"predecessor-version":[{"id":18490,"href":"https:\/\/altgsgrebenstein.de\/index.php?rest_route=\/wp\/v2\/pages\/17299\/revisions\/18490"}],"wp:attachment":[{"href":"https:\/\/altgsgrebenstein.de\/index.php?rest_route=%2Fwp%2Fv2%2Fmedia&parent=17299"}],"curies":[{"name":"wp","href":"https:\/\/api.w.org\/{rel}","templated":true}]}}