{"id":16592,"date":"2024-03-21T12:13:49","date_gmt":"2024-03-21T11:13:49","guid":{"rendered":"http:\/\/altgsgrebenstein.de\/?page_id=16592"},"modified":"2024-03-21T12:13:49","modified_gmt":"2024-03-21T11:13:49","slug":"delf-sprachzertifikat-franzoesisch","status":"publish","type":"page","link":"https:\/\/altgsgrebenstein.de\/?page_id=16592","title":{"rendered":"DELF \u2013 Sprachzertifikat Franz\u00f6sisch"},"content":{"rendered":"<p>Im Rahmen der Begabtenf\u00f6rderung an der HGS wird allj\u00e4hrlich ein Kurs zum Erwerb des Sprachdiploms DELF\u00a0<i>(Dipl\u00f4me d\u00b4\u00c9tudes de la Langue Francaise)<\/i>\u00a0angeboten.<\/p>\n<p>Das DELF-Diplom richtet sich vor allem an Sch\u00fclerinnen und Sch\u00fcler, die ihre Franz\u00f6sisch-kenntnisse mit einem offiziellen Zertifikat nachweisen m\u00f6chten, da dies aussagekr\u00e4ftiger und vergleichbarer ist als die Zeugnisnoten der Schulen in den verschiedenen L\u00e4ndern. Es dient als\u00a0<u>offizieller Nachweis f\u00fcr franz\u00f6sische Sprachkenntnisse<\/u>\u00a0bei der Immatrikulation an einer Hochschule oder bei der Bewerbung f\u00fcr eine Arbeitsstelle in Frankreich, Belgien, Kanada und der Schweiz.<\/p>\n<p>Und auch hier in Deutschland ist es von Vorteil, wenn bei einer Bewerbung diese Bescheinigung dem Portfolio beigef\u00fcgt werden kann. So mancher Ausbildungsbetrieb freut sich \u00fcber Bewerber mit Franz\u00f6sischkenntnissen, die in den Gesch\u00e4ftsbeziehungen mit dem Nachbarn eingesetzt werden k\u00f6nnen.<\/p>\n<p>Die Diplome werden vom franz\u00f6sischen Bildungsministerium, dem \u201eMinist\u00e8re de l\u2019Education Nationale\u201c ausgestellt und richten sich nach dem Sprachniveau des\u00a0<strong>Gemeinsamen Europ\u00e4ischen Referenzrahmen des Europarats (GER).\u00a0<\/strong><strong>Folgende Stufen sind f\u00fcr uns an der HGS relevant:<\/strong><\/p>\n<p><strong>A1<\/strong>: Bei der ersten Kompetenzstufe wird getestet, ob der Teilnehmer einfachste Situationen verstehen kann und Grundkenntnisse vorhanden sind. (nach einem Lehrjahr)<\/p>\n<p><strong>A2<\/strong>: Die zweite Kompetenzstufe \u00fcberpr\u00fcft elementare Umgangsformen, die die Bew\u00e4ltigung des Alltags gew\u00e4hrleisten (nach zwei Lehrjahren)<\/p>\n<p><strong>B1<\/strong>: Hier wird der Schritt weg von der elementaren bis hin zur selbstst\u00e4ndigen Sprachverwendung vollzogen. Hauptaugenmerk liegt auf dem flexiblen Sprachumgang in allt\u00e4glichen Situationen. (nach f\u00fcnf Lehrjahren oder bei besonderer Qualifikation auch fr\u00fcher)<\/p>\n<p>Jede Pr\u00fcfung beinhaltet einen schriftlichen und einen m\u00fcndlichen Teil. Der schriftliche Teil umfasst das\u00a0<strong>H\u00f6rverst\u00e4ndnis\u00a0<\/strong><strong>(compr\u00e9hension orale)<\/strong>, das\u00a0<strong>Textverst\u00e4ndnis\u00a0<\/strong><strong>(compr\u00e9hension \u00e9crite)<\/strong>\u00a0sowie den\u00a0<strong>schriftlichen Ausdruck\u00a0<\/strong><strong>(production \u00e9crite)<\/strong>. Der\u00a0<strong>m\u00fcndliche Ausdruck (production orale)<\/strong>\u00a0wird in einer Gespr\u00e4chssituation mit einem Pr\u00fcfer\/einer Pr\u00fcferin beleuchtet.<\/p>\n<p>Je nach Niveaustufe sind die Pr\u00fcfungsaufgaben anders aufgebaut und von unterschiedlicher L\u00e4nge. Die Anforderungen an den Teilnehmer werden mit zunehmender Niveaustufe h\u00f6her, auch die Pr\u00fcfungsthemen variieren innerhalb der einzelnen Stufen.<\/p>\n<p>In jedem Pr\u00fcfungsteil muss die Mindestpunktzahl von 5 Punkten und insgesamt m\u00fcssen mindestens 50 von maximal 100 Punkten erreicht werden.<\/p>\n<p>Die m\u00fcndliche Pr\u00fcfung findet j\u00e4hrlich f\u00fcr den gesamten Stadt- und Landkreis an der Albert-Schweitzer-Schule Kassel statt. Die schriftliche Pr\u00fcfung findet an einem Samstagvormittag in der HGS Grebenstein statt.<\/p>\n<p>Die Geb\u00fchren betragen je nach Niveau zwischen 22,- \u20ac (A1) und 48,-\u20ac (B1).<\/p>\n<p><strong>Der Kurs beginnt im ersten Halbjahr eines Schuljahres und endet mit der Pr\u00fcfung kurz nach den Osterferien.<\/strong><\/p>\n<p>\u00dcbungsmaterial zur Vorbereitung der Pr\u00fcfung findet sich auf der Seite des Klett-Verlages:<br \/>\n<a href=\"http:\/\/www.klett.de\/projekte\/delf\" target=\"_blank\" rel=\"noopener\">http:\/\/www.klett.de\/projekte\/delf<\/a><\/p>\n","protected":false},"excerpt":{"rendered":"<p>Im Rahmen der Begabtenf\u00f6rderung an der HGS wird allj\u00e4hrlich ein Kurs zum Erwerb des Sprachdiploms DELF\u00a0(Dipl\u00f4me d\u00b4\u00c9tudes de la Langue Francaise)\u00a0angeboten. Das DELF-Diplom richtet sich vor allem an Sch\u00fclerinnen und Sch\u00fcler, die ihre Franz\u00f6sisch-kenntnisse mit einem offiziellen Zertifikat nachweisen m\u00f6chten, da dies aussagekr\u00e4ftiger und vergleichbarer ist als die Zeugnisnoten der Schulen in den verschiedenen L\u00e4ndern. &hellip; <a href=\"https:\/\/altgsgrebenstein.de\/?page_id=16592\" class=\"more-link\"><span class=\"screen-reader-text\">DELF \u2013 Sprachzertifikat Franz\u00f6sisch<\/span> weiterlesen <span class=\"meta-nav\">&rarr;<\/span><\/a><\/p>\n","protected":false},"author":9,"featured_media":0,"parent":0,"menu_order":0,"comment_status":"closed","ping_status":"closed","template":"","meta":{"saved_in_kubio":false,"footnotes":""},"class_list":["post-16592","page","type-page","status-publish","hentry"],"kubio_ai_page_context":{"short_desc":"","purpose":"general"},"_links":{"self":[{"href":"https:\/\/altgsgrebenstein.de\/index.php?rest_route=\/wp\/v2\/pages\/16592","targetHints":{"allow":["GET"]}}],"collection":[{"href":"https:\/\/altgsgrebenstein.de\/index.php?rest_route=\/wp\/v2\/pages"}],"about":[{"href":"https:\/\/altgsgrebenstein.de\/index.php?rest_route=\/wp\/v2\/types\/page"}],"author":[{"embeddable":true,"href":"https:\/\/altgsgrebenstein.de\/index.php?rest_route=\/wp\/v2\/users\/9"}],"replies":[{"embeddable":true,"href":"https:\/\/altgsgrebenstein.de\/index.php?rest_route=%2Fwp%2Fv2%2Fcomments&post=16592"}],"version-history":[{"count":1,"href":"https:\/\/altgsgrebenstein.de\/index.php?rest_route=\/wp\/v2\/pages\/16592\/revisions"}],"predecessor-version":[{"id":16593,"href":"https:\/\/altgsgrebenstein.de\/index.php?rest_route=\/wp\/v2\/pages\/16592\/revisions\/16593"}],"wp:attachment":[{"href":"https:\/\/altgsgrebenstein.de\/index.php?rest_route=%2Fwp%2Fv2%2Fmedia&parent=16592"}],"curies":[{"name":"wp","href":"https:\/\/api.w.org\/{rel}","templated":true}]}}