{"id":146,"date":"2016-06-19T12:32:34","date_gmt":"2016-06-19T12:32:34","guid":{"rendered":"http:\/\/wordpress.gsgrebenstein.net\/?page_id=146"},"modified":"2024-06-29T23:46:54","modified_gmt":"2024-06-29T22:46:54","slug":"latein","status":"publish","type":"page","link":"https:\/\/altgsgrebenstein.de\/?page_id=146","title":{"rendered":"Latein"},"content":{"rendered":"<div class=\"article-content\">\n<p style=\"text-align: justify;\"><span style=\"font-family: verdana, geneva, sans-serif; font-size: 12pt;\">Von der Antike bis zum Beginn der Neuzeit fungierte Latein in Europa als zentrale gemeinsame Sprache und pr\u00e4gt die europ\u00e4ische Geisteswelt noch bis heute. Daher bietet der Erwerb der lateinischen Sprache und die Auseinandersetzung mit lateinischen Originaltexten in ihrem jeweiligen kulturellen Kontext eine wertvolle Erg\u00e4nzung zum muttersprachlichen Unterricht und zu den modernen Fremdsprachen.<\/span><\/p>\n<p><img decoding=\"async\" class=\"alignnone size-full wp-image-16241\" src=\"http:\/\/altgsgrebenstein.de\/wp-content\/uploads\/2023\/12\/ec9f1d82decdcccb62ee191d3342b175.png\" alt=\"\" width=\"2052\" height=\"1414\" srcset=\"https:\/\/altgsgrebenstein.de\/wp-content\/uploads\/2023\/12\/ec9f1d82decdcccb62ee191d3342b175.png 2052w, https:\/\/altgsgrebenstein.de\/wp-content\/uploads\/2023\/12\/ec9f1d82decdcccb62ee191d3342b175-300x207.png 300w, https:\/\/altgsgrebenstein.de\/wp-content\/uploads\/2023\/12\/ec9f1d82decdcccb62ee191d3342b175-1024x706.png 1024w, https:\/\/altgsgrebenstein.de\/wp-content\/uploads\/2023\/12\/ec9f1d82decdcccb62ee191d3342b175-768x529.png 768w, https:\/\/altgsgrebenstein.de\/wp-content\/uploads\/2023\/12\/ec9f1d82decdcccb62ee191d3342b175-1536x1058.png 1536w, https:\/\/altgsgrebenstein.de\/wp-content\/uploads\/2023\/12\/ec9f1d82decdcccb62ee191d3342b175-2048x1411.png 2048w\" sizes=\"(max-width: 2052px) 100vw, 2052px\" \/><\/p>\n<p style=\"text-align: justify;\"><span style=\"font-family: verdana, geneva, sans-serif; font-size: 12pt;\">W\u00e4hrend die modernen Fremdsprachen vornehmlich darauf ausgerichtet sind, die Sprachverwendung der Zielkultur in der Gegenwart zu erschlie\u00dfen, er\u00f6ffnet das Lateinische einen Zugang zur Vergangenheit, d.h. zur griechisch-r\u00f6mischen Antike und den folgenden Epochen. Dabei stellt die Antike den Ursprung und die gemeinsame Wurzel des zunehmend zusammenwachsenden modernen Europas dar. Ihr verdanken wir zentrale ethisch-moralische wie auch politisch-gesellschaftliche Wertvorstellungen, aus denen heraus sich vielf\u00e4ltige Ankn\u00fcpfungspunkt f\u00fcr die modernen Fremdsprachen und Geisteswissenschaften ergeben. Somit kommt dem Lateinunterricht gerade in der heutigen Zeit noch immer eine gro\u00dfe Bedeutung zu.<\/span><\/p>\n<p style=\"text-align: justify;\"><span style=\"font-family: verdana, geneva, sans-serif; font-size: 12pt;\">Um Latein lebendig werden zu lassen, f\u00fchren die Lerngruppen immer wieder attraktive Exkursionen durch, so z.B. zu <a href=\"https:\/\/www.friedrich-verlag.de\/friedrich-plus\/sekundarstufe\/latein-altgriechisch\/kultur\/totgesagte-leben-langer-13674\" target=\"_blank\" rel=\"noopener\">Sonderausstellungen in der Region<\/a> oder zum <a href=\"http:\/\/altgsgrebenstein.de\/?p=16084\" target=\"_blank\" rel=\"noopener\">R\u00f6merkastell Saalburg <\/a>in Mittelhessen, wo die Lernenden f\u00fcr einen Tag in die Welt der Antike entf\u00fchrt werden.<\/span><\/p>\n<table style=\"border-collapse: collapse; width: 100%;\">\n<tbody>\n<tr>\n<td style=\"width: 50%;\"><img decoding=\"async\" class=\"alignnone size-full wp-image-16236\" src=\"http:\/\/altgsgrebenstein.de\/wp-content\/uploads\/2023\/12\/IMG-8162-scaled.jpg\" alt=\"\" width=\"1920\" height=\"2560\" srcset=\"https:\/\/altgsgrebenstein.de\/wp-content\/uploads\/2023\/12\/IMG-8162-scaled.jpg 1920w, https:\/\/altgsgrebenstein.de\/wp-content\/uploads\/2023\/12\/IMG-8162-225x300.jpg 225w, https:\/\/altgsgrebenstein.de\/wp-content\/uploads\/2023\/12\/IMG-8162-768x1024.jpg 768w, https:\/\/altgsgrebenstein.de\/wp-content\/uploads\/2023\/12\/IMG-8162-1152x1536.jpg 1152w, https:\/\/altgsgrebenstein.de\/wp-content\/uploads\/2023\/12\/IMG-8162-1536x2048.jpg 1536w\" sizes=\"(max-width: 1920px) 100vw, 1920px\" \/><\/td>\n<td style=\"width: 50%;\"><img decoding=\"async\" class=\"alignnone size-full wp-image-16237\" src=\"http:\/\/altgsgrebenstein.de\/wp-content\/uploads\/2023\/12\/IMG-8192-scaled.jpg\" alt=\"\" width=\"1920\" height=\"2560\" srcset=\"https:\/\/altgsgrebenstein.de\/wp-content\/uploads\/2023\/12\/IMG-8192-scaled.jpg 1920w, https:\/\/altgsgrebenstein.de\/wp-content\/uploads\/2023\/12\/IMG-8192-225x300.jpg 225w, https:\/\/altgsgrebenstein.de\/wp-content\/uploads\/2023\/12\/IMG-8192-768x1024.jpg 768w, https:\/\/altgsgrebenstein.de\/wp-content\/uploads\/2023\/12\/IMG-8192-1152x1536.jpg 1152w, https:\/\/altgsgrebenstein.de\/wp-content\/uploads\/2023\/12\/IMG-8192-1536x2048.jpg 1536w\" sizes=\"(max-width: 1920px) 100vw, 1920px\" \/><\/td>\n<\/tr>\n<\/tbody>\n<\/table>\n<p style=\"text-align: justify;\"><span style=\"font-family: verdana, geneva, sans-serif; font-size: 12pt;\"> Au\u00dferdem bieten Latein-Projekttage die M\u00f6glichkeit, <a href=\"http:\/\/altgsgrebenstein.de\/wp-content\/uploads\/2023\/12\/Hmmm-was-duftet-denn-da-so-lecker.pdf\" target=\"_blank\" rel=\"noopener\">r\u00f6mische Kochrezepte in der Schulk\u00fcche auszuprobieren<\/a>, antike Gegenst\u00e4nde selbst herzustellen oder <a href=\"http:\/\/altgsgrebenstein.de\/?p=16980\" target=\"_blank\" rel=\"noopener\">r\u00f6mische Spiele zu spielen<\/a>.<\/span><\/p>\n<table style=\"border-collapse: collapse; width: 100%;\">\n<tbody>\n<tr>\n<td style=\"width: 50%;\"><img decoding=\"async\" class=\"alignnone wp-image-16234\" src=\"http:\/\/altgsgrebenstein.de\/wp-content\/uploads\/2023\/12\/DSC_0962-scaled.jpg\" alt=\"\" width=\"275\" height=\"414\" srcset=\"https:\/\/altgsgrebenstein.de\/wp-content\/uploads\/2023\/12\/DSC_0962-scaled.jpg 1700w, https:\/\/altgsgrebenstein.de\/wp-content\/uploads\/2023\/12\/DSC_0962-199x300.jpg 199w, https:\/\/altgsgrebenstein.de\/wp-content\/uploads\/2023\/12\/DSC_0962-680x1024.jpg 680w, https:\/\/altgsgrebenstein.de\/wp-content\/uploads\/2023\/12\/DSC_0962-768x1156.jpg 768w, https:\/\/altgsgrebenstein.de\/wp-content\/uploads\/2023\/12\/DSC_0962-1020x1536.jpg 1020w, https:\/\/altgsgrebenstein.de\/wp-content\/uploads\/2023\/12\/DSC_0962-1360x2048.jpg 1360w\" sizes=\"(max-width: 275px) 100vw, 275px\" \/><\/td>\n<td style=\"width: 50%;\"><img decoding=\"async\" class=\"alignnone size-full wp-image-16230\" src=\"http:\/\/altgsgrebenstein.de\/wp-content\/uploads\/2023\/12\/20230322_114822-scaled.jpg\" alt=\"\" width=\"1916\" height=\"2560\" srcset=\"https:\/\/altgsgrebenstein.de\/wp-content\/uploads\/2023\/12\/20230322_114822-scaled.jpg 1916w, https:\/\/altgsgrebenstein.de\/wp-content\/uploads\/2023\/12\/20230322_114822-225x300.jpg 225w, https:\/\/altgsgrebenstein.de\/wp-content\/uploads\/2023\/12\/20230322_114822-767x1024.jpg 767w, https:\/\/altgsgrebenstein.de\/wp-content\/uploads\/2023\/12\/20230322_114822-768x1026.jpg 768w, https:\/\/altgsgrebenstein.de\/wp-content\/uploads\/2023\/12\/20230322_114822-1150x1536.jpg 1150w, https:\/\/altgsgrebenstein.de\/wp-content\/uploads\/2023\/12\/20230322_114822-1533x2048.jpg 1533w\" sizes=\"(max-width: 1916px) 100vw, 1916px\" \/><\/td>\n<\/tr>\n<\/tbody>\n<\/table>\n<p style=\"text-align: justify;\"><span style=\"font-family: verdana, geneva, sans-serif; font-size: 12pt;\">Im Rahmen eines in den Lateinunterricht der Jahrgangsstufe G9 eingebetteten <a href=\"http:\/\/altgsgrebenstein.de\/?page_id=189\" target=\"_blank\" rel=\"noopener\">Sch\u00fcleraustauschs<\/a> mit Grebensteins italienischer Partnerstadt Sarsina ergeben sich zudem vielf\u00e4ltige M\u00f6glichkeiten, im Mutterland der lateinischen Sprache auf arch\u00e4ologische Spurensuche zu gehen. Zus\u00e4tzlich leistet das Fach hierdurch auch einen nachhaltigen Beitrag zur St\u00e4rkung der interkulturellen Kompetenzen und zur Weiterentwicklung der Pers\u00f6nlichkeit der Lernenden.<\/span><\/p>\n<table style=\"border-collapse: collapse; width: 100%;\">\n<tbody>\n<tr>\n<td style=\"width: 50%;\"><img decoding=\"async\" class=\"alignnone size-full wp-image-16233\" src=\"http:\/\/altgsgrebenstein.de\/wp-content\/uploads\/2023\/12\/IMG-6408-scaled.jpg\" alt=\"\" width=\"2560\" height=\"1920\" srcset=\"https:\/\/altgsgrebenstein.de\/wp-content\/uploads\/2023\/12\/IMG-6408-scaled.jpg 2560w, https:\/\/altgsgrebenstein.de\/wp-content\/uploads\/2023\/12\/IMG-6408-300x225.jpg 300w, https:\/\/altgsgrebenstein.de\/wp-content\/uploads\/2023\/12\/IMG-6408-1024x768.jpg 1024w, https:\/\/altgsgrebenstein.de\/wp-content\/uploads\/2023\/12\/IMG-6408-768x576.jpg 768w, https:\/\/altgsgrebenstein.de\/wp-content\/uploads\/2023\/12\/IMG-6408-1536x1152.jpg 1536w, https:\/\/altgsgrebenstein.de\/wp-content\/uploads\/2023\/12\/IMG-6408-2048x1536.jpg 2048w\" sizes=\"(max-width: 2560px) 100vw, 2560px\" \/><\/td>\n<td style=\"width: 50%;\"><img decoding=\"async\" class=\"alignnone size-full wp-image-16235\" src=\"http:\/\/altgsgrebenstein.de\/wp-content\/uploads\/2023\/12\/IMG-6360.jpg\" alt=\"\" width=\"2440\" height=\"1500\" srcset=\"https:\/\/altgsgrebenstein.de\/wp-content\/uploads\/2023\/12\/IMG-6360.jpg 2440w, https:\/\/altgsgrebenstein.de\/wp-content\/uploads\/2023\/12\/IMG-6360-300x184.jpg 300w, https:\/\/altgsgrebenstein.de\/wp-content\/uploads\/2023\/12\/IMG-6360-1024x630.jpg 1024w, https:\/\/altgsgrebenstein.de\/wp-content\/uploads\/2023\/12\/IMG-6360-768x472.jpg 768w, https:\/\/altgsgrebenstein.de\/wp-content\/uploads\/2023\/12\/IMG-6360-1536x944.jpg 1536w, https:\/\/altgsgrebenstein.de\/wp-content\/uploads\/2023\/12\/IMG-6360-2048x1259.jpg 2048w\" sizes=\"(max-width: 2440px) 100vw, 2440px\" \/><\/td>\n<\/tr>\n<\/tbody>\n<\/table>\n<p><img decoding=\"async\" class=\"alignnone size-full wp-image-16229\" src=\"http:\/\/altgsgrebenstein.de\/wp-content\/uploads\/2023\/12\/IMG-6382-scaled.jpg\" alt=\"\" width=\"2560\" height=\"1920\" srcset=\"https:\/\/altgsgrebenstein.de\/wp-content\/uploads\/2023\/12\/IMG-6382-scaled.jpg 2560w, https:\/\/altgsgrebenstein.de\/wp-content\/uploads\/2023\/12\/IMG-6382-300x225.jpg 300w, https:\/\/altgsgrebenstein.de\/wp-content\/uploads\/2023\/12\/IMG-6382-1024x768.jpg 1024w, https:\/\/altgsgrebenstein.de\/wp-content\/uploads\/2023\/12\/IMG-6382-768x576.jpg 768w, https:\/\/altgsgrebenstein.de\/wp-content\/uploads\/2023\/12\/IMG-6382-1536x1152.jpg 1536w, https:\/\/altgsgrebenstein.de\/wp-content\/uploads\/2023\/12\/IMG-6382-2048x1536.jpg 2048w\" sizes=\"(max-width: 2560px) 100vw, 2560px\" \/><\/p>\n<p style=\"text-align: justify;\"><span style=\"font-family: verdana, geneva, sans-serif; font-size: 12pt;\">In den vergangenen Jahren hat sich auch der Lateinunterricht selbst kontinuierlich weiterentwickelt und greift selbstverst\u00e4ndlich aktuelle Tendenzen auf. Digitale Medien werden didaktisch sinnvoll in den Unterricht integriert und ihre Nutzung kontinuierlich einge\u00fcbt. Einige an der Heinrich-Grupe-Schule durchgef\u00fchrte Medienprojekte finden dabei immer wieder Anklang in der <a href=\"https:\/\/www.friedrich-verlag.de\/friedrich-plus\/sekundarstufe\/latein-altgriechisch\/didaktik\/individualisierung-mit-neuen-medien-9867\" target=\"_blank\" rel=\"noopener\">Fachcommunity<\/a>. Selbstverst\u00e4ndlich wird an der Heinrich-Grupe-Schule ab der Jahrgangsstufe 8 &#8211; dem aktuellen Medienkonzept der Schule folgend &#8211; auch im Lateinunterricht konsequent mit Tablets gearbeitet. Die Fachschaft beweist immer wieder, dass sie am didaktischen Puls der Zeit ist, indem sie z.B. auch <a href=\"http:\/\/altgsgrebenstein.de\/?p=16303\">KI-gest\u00fctzte Unterrichtseinheiten<\/a> realisiert, was bei den Lernenden immer wieder reges Interesse hervorruft.<\/span><\/p>\n<p style=\"text-align: justify;\"><span style=\"font-family: verdana, geneva, sans-serif; font-size: 12pt;\">F\u00fcr weiterf\u00fchrende Informationen stehen Ihnen und euch die Lateinlehrkr\u00e4fte der Heinrich-Grupe-Schule &#8211; Helwig Haag und Dirk Weidmann &#8211; gerne zur Verf\u00fcgung.<\/span><\/p>\n<p>&nbsp;<\/p>\n<p><span style=\"font-family: verdana, geneva, sans-serif; font-size: 12pt;\">Stand der Informationen: 29.06.2024 \/ WD<\/span><\/p>\n<\/div>\n","protected":false},"excerpt":{"rendered":"<p>Von der Antike bis zum Beginn der Neuzeit fungierte Latein in Europa als zentrale gemeinsame Sprache und pr\u00e4gt die europ\u00e4ische Geisteswelt noch bis heute. Daher bietet der Erwerb der lateinischen Sprache und die Auseinandersetzung mit lateinischen Originaltexten in ihrem jeweiligen kulturellen Kontext eine wertvolle Erg\u00e4nzung zum muttersprachlichen Unterricht und zu den modernen Fremdsprachen. W\u00e4hrend die &hellip; <a href=\"https:\/\/altgsgrebenstein.de\/?page_id=146\" class=\"more-link\"><span class=\"screen-reader-text\">Latein<\/span> weiterlesen <span class=\"meta-nav\">&rarr;<\/span><\/a><\/p>\n","protected":false},"author":9,"featured_media":0,"parent":0,"menu_order":0,"comment_status":"closed","ping_status":"closed","template":"","meta":{"saved_in_kubio":false,"footnotes":""},"class_list":["post-146","page","type-page","status-publish","hentry"],"kubio_ai_page_context":{"short_desc":"","purpose":"general"},"_links":{"self":[{"href":"https:\/\/altgsgrebenstein.de\/index.php?rest_route=\/wp\/v2\/pages\/146","targetHints":{"allow":["GET"]}}],"collection":[{"href":"https:\/\/altgsgrebenstein.de\/index.php?rest_route=\/wp\/v2\/pages"}],"about":[{"href":"https:\/\/altgsgrebenstein.de\/index.php?rest_route=\/wp\/v2\/types\/page"}],"author":[{"embeddable":true,"href":"https:\/\/altgsgrebenstein.de\/index.php?rest_route=\/wp\/v2\/users\/9"}],"replies":[{"embeddable":true,"href":"https:\/\/altgsgrebenstein.de\/index.php?rest_route=%2Fwp%2Fv2%2Fcomments&post=146"}],"version-history":[{"count":8,"href":"https:\/\/altgsgrebenstein.de\/index.php?rest_route=\/wp\/v2\/pages\/146\/revisions"}],"predecessor-version":[{"id":16988,"href":"https:\/\/altgsgrebenstein.de\/index.php?rest_route=\/wp\/v2\/pages\/146\/revisions\/16988"}],"wp:attachment":[{"href":"https:\/\/altgsgrebenstein.de\/index.php?rest_route=%2Fwp%2Fv2%2Fmedia&parent=146"}],"curies":[{"name":"wp","href":"https:\/\/api.w.org\/{rel}","templated":true}]}}