{"id":144,"date":"2016-06-19T12:32:21","date_gmt":"2016-06-19T12:32:21","guid":{"rendered":"http:\/\/wordpress.gsgrebenstein.net\/?page_id=144"},"modified":"2020-12-27T16:49:49","modified_gmt":"2020-12-27T15:49:49","slug":"franzoesisch","status":"publish","type":"page","link":"https:\/\/altgsgrebenstein.de\/?page_id=144","title":{"rendered":"Franz\u00f6sisch"},"content":{"rendered":"<h2><span style=\"font-size: 18pt;\"><strong><em>Comment \u00e7a va?<\/em> &#8211; Franz\u00f6sisch an der HGS<\/strong><\/span><\/h2>\n<p>Im Jahrgang 7 k\u00f6nnen sich die Sch\u00fclerinnen und Sch\u00fcler neben Englisch f\u00fcr eine weitere moderne Fremdsprache entscheiden: Franz\u00f6sisch. Im Gymnasialzweig f\u00e4llt die Entscheidung zwischen <span style=\"text-decoration: underline;\">Franz\u00f6sisch und Latein<\/span>, im Realschulzweig zwischen <span style=\"text-decoration: underline;\">Franz\u00f6sisch und Arbeitslehre<\/span>.<\/p>\n<p>Um die Entscheidung zu erleichtern, gibt es vor der Einwahl einen <span style=\"text-decoration: underline;\">Informationsabend<\/span> f\u00fcr Eltern und Sch\u00fcler sowie eine <span style=\"text-decoration: underline;\">Schnupperstunde<\/span>.<\/p>\n<p>Es gibt viele gute Gr\u00fcnde, die besonders sch\u00f6ne Sprache unseres\u00a0 Nachbarlandes Frankreich zu lernen. Der Blick in die<strong> Brosch\u00fcre &#8222;Franz\u00f6sisch ist mehr&#8230;&#8220;<\/strong> lohnt sich. Sie befindet sich auf der Seite des Institut Fran\u00e7ais\/Mainz:<\/p>\n<p><a href=\"https:\/\/mainz.institutfrancais.de\/bildung\/franzoesisch-ist-mehr\" target=\"_blank\" rel=\"noopener\">https:\/\/mainz.institutfrancais.de\/bildung\/franzoesisch-ist-mehr<\/a><\/p>\n<p>Der Spracherwerb erfolgt durch intensives Ein\u00fcben der verschieden Sprachfertigkeiten <strong>H\u00f6ren, Lesen, Schreiben, Sprechen<\/strong>. Auf der m\u00fcndlichen Kommunikation liegt hierbei der\u00a0 Schwerpunkt. Durch Erarbeitung von Dialogen und Rollenspielen in Kleingruppen gestaltet sich der Unterricht sehr abwechslungsreich.<\/p>\n<p>Unsere mehrb\u00e4ndigen Lehrwerke <strong>\u00c0 plus<\/strong> und <strong>\u00c0 toi<\/strong> (Cornelsen-Verlag) bieten viele Zusatzmaterialien (Grammatikheft, \u00dcbungsheft, Lerntagebuch, CD, DVD, &#8230;). Auf der Internetseite des Verlages finden sich viele verschiedene \u00dcbungsm\u00f6glichkeiten im Bereich Grammatik und Wortschatz, die online bearbeitet oder als Arbeitsblatt ausgedruckt werden k\u00f6nnen. Ebenso kann hier \u00fcber kleine Video-Clips das H\u00f6rverstehen trainiert werden.<\/p>\n<p><a href=\"http:\/\/www.cornelsen.de\" target=\"_blank\" rel=\"noopener\">http:\/\/www.cornelsen.de<\/a><\/p>\n<p>Das regelm\u00e4\u00dfige Vokabellernen lohnt sich, denn mit zunehmender Sprachkompetenz w\u00e4chst der Erfolg und damit der Spa\u00df!<\/p>\n<p>Zudem ist die<strong> Kultur Frankreichs<\/strong> sehr vielf\u00e4ltig und interessant. Im Rahmen des Unterrichtes besch\u00e4ftigen wir uns neben dem <span style=\"text-decoration: underline;\">Alltag und Schulleben der Franzosen<\/span> ebenso mit den <span style=\"text-decoration: underline;\">Traditionen und Festen, der Musik, den Spezialit\u00e4ten, den unterschiedlichen landschafltichen Regionen\u00a0<\/span> wie z.B.\u00a0 dem Elsass, der Bretagne, der C\u00f4te d\u00b4Azur, der Camargue, &#8230; Die Sch\u00fcler lernen die St\u00e4dte Strasburg, Montpellier, Nantes und Paris kennen.<\/p>\n<p>Einmal im Jahr gehen wir gemeinsam ins Kino und sehen uns im Rahmen der &#8222;<em><strong>Cin\u00e9f\u00eate<\/strong><\/em>&#8220; einen franz\u00f6sischen Film in Originalsprache mit deutschen Untertiteln an. Hierf\u00fcr sind die Sch\u00fclerinnen und Sch\u00fcler vom Unterricht befreit, um am Vormittag dieses besondere Bonbon in einem der Programmkinos in Kassel (Gloria, Bali, Filmladen) genie\u00dfen zu k\u00f6nnen. Im Unterricht k\u00f6nnen die Filme vor- und nachbereitet werden. Weiter Informationen zur Cin\u00e9f\u00eate gibt es hier:<\/p>\n<p><a href=\"http:\/\/www.cinefete.de\" target=\"_blank\" rel=\"noopener\">http:\/\/www.cinefete.de<\/a><\/p>\n<p>&nbsp;<\/p>\n<p><span style=\"font-size: 14pt;\"><b>DELF \u2013 Sprachzertifikat Franz\u00f6sisch<\/b><\/span><\/p>\n<p>Im Rahmen der Begabtenf\u00f6rderung an der HGS wird allj\u00e4hrlich ein Kurs zum Erwerb des Sprachdiploms DELF <i>(Dipl\u00f4me d\u00b4\u00c9tudes de la Langue Francaise)<\/i> angeboten.<\/p>\n<p>Das DELF-Diplom richtet sich vor allem an Sch\u00fclerinnen und Sch\u00fcler, die ihre Franz\u00f6sisch-kenntnisse mit einem offiziellen Zertifikat nachweisen m\u00f6chten, da dies aussagekr\u00e4ftiger und vergleichbarer ist als die Zeugnisnoten der Schulen in den verschiedenen L\u00e4ndern. Es dient als <u>offizieller Nachweis f\u00fcr franz\u00f6sische Sprachkenntnisse<\/u> bei der Immatrikulation an einer Hochschule oder bei der Bewerbung f\u00fcr eine Arbeitsstelle in Frankreich, Belgien, Kanada und der Schweiz.<\/p>\n<p>Und auch hier in Deutschland ist es von Vorteil, wenn bei einer Bewerbung diese Bescheinigung dem Portfolio beigef\u00fcgt werden kann. So mancher Ausbildungsbetrieb freut sich \u00fcber Bewerber mit Franz\u00f6sischkenntnissen, die in den Gesch\u00e4ftsbeziehungen mit dem Nachbarn eingesetzt werden k\u00f6nnen.<\/p>\n<p>Die Diplome werden vom franz\u00f6sischen Bildungsministerium, dem \u201eMinist\u00e8re de l\u2019Education Nationale\u201c ausgestellt und richten sich nach dem Sprachniveau des <strong>Gemeinsamen Europ\u00e4ischen Referenzrahmen des Europarats (GER). <\/strong><strong>Folgende Stufen sind f\u00fcr uns an der HGS relevant:<\/strong><\/p>\n<p><strong>A1<\/strong>: Bei der ersten Kompetenzstufe wird getestet, ob der Teilnehmer einfachste Situationen verstehen kann und Grundkenntnisse vorhanden sind. (nach einem Lehrjahr)<\/p>\n<p><strong>A2<\/strong>: Die zweite Kompetenzstufe \u00fcberpr\u00fcft elementare Umgangsformen, die die Bew\u00e4ltigung des Alltags gew\u00e4hrleisten (nach zwei Lehrjahren)<\/p>\n<p><strong>B1<\/strong>: Hier wird der Schritt weg von der elementaren bis hin zur selbstst\u00e4ndigen Sprachverwendung vollzogen. Hauptaugenmerk liegt auf dem flexiblen Sprachumgang in allt\u00e4glichen Situationen. (nach f\u00fcnf Lehrjahren oder bei besonderer Qualifikation auch fr\u00fcher)<\/p>\n<p>Jede Pr\u00fcfung beinhaltet einen schriftlichen und einen m\u00fcndlichen Teil. Der schriftliche Teil umfasst das <strong>H\u00f6rverst\u00e4ndnis <\/strong><strong>(compr\u00e9hension orale)<\/strong>, das <strong>Textverst\u00e4ndnis <\/strong><strong>(compr\u00e9hension \u00e9crite)<\/strong> sowie den <strong>schriftlichen Ausdruck <\/strong><strong>(production \u00e9crite)<\/strong>. Der <strong>m\u00fcndliche Ausdruck (production orale)<\/strong> wird in einer Gespr\u00e4chssituation mit einem Pr\u00fcfer\/einer Pr\u00fcferin beleuchtet.<\/p>\n<p>Je nach Niveaustufe sind die Pr\u00fcfungsaufgaben anders aufgebaut und von unterschiedlicher L\u00e4nge. Die Anforderungen an den Teilnehmer werden mit zunehmender Niveaustufe h\u00f6her, auch die Pr\u00fcfungsthemen variieren innerhalb der einzelnen Stufen.<\/p>\n<p>In jedem Pr\u00fcfungsteil muss die Mindestpunktzahl von 5 Punkten und insgesamt m\u00fcssen mindestens 50 von maximal 100 Punkten erreicht werden.<\/p>\n<p>Die m\u00fcndliche Pr\u00fcfung findet j\u00e4hrlich f\u00fcr den gesamten Stadt- und Landkreis an der Albert-Schweitzer-Schule Kassel statt. Die schriftliche Pr\u00fcfung findet an einem Samstagvormittag in der HGS Grebenstein statt.<\/p>\n<p>Die Geb\u00fchren betragen je nach Niveau zwischen 22,- \u20ac (A1) und 48,-\u20ac (B1).<\/p>\n<p><strong>Der Kurs beginnt im ersten Halbjahr eines Schuljahres und endet mit der Pr\u00fcfung kurz nach den Osterferien.<\/strong><\/p>\n<p>\u00dcbungsmaterial zur Vorbereitung der Pr\u00fcfung findet sich auf der Seite des Klett-Verlages:<br \/>\n<a href=\"http:\/\/www.klett.de\/projekte\/delf\" target=\"_blank\" rel=\"noopener\">http:\/\/www.klett.de\/projekte\/delf<\/a><\/p>\n<hr \/>\n<p><span style=\"font-size: 14pt;\"><b>Studienfahrt nach Frankreich \u2013 Niederbronn-les-Bains (Elsass)<\/b><\/span><\/p>\n<p>Sch\u00fclerinnen und Sch\u00fcler Jahrgangsstufe 9 haben an der HGS die M\u00f6glichkeit, an einer Studienfahrt nach Frankreich, genauer ins Elsass, nach Niederbronn-les-Bains, teilzunehmen.<\/p>\n<p>Dort verbringen sie eine Woche in einer Jugendbegegnungsst\u00e4tte, die sich ausf\u00fchrlich mit der Vergangenheit, Gegenwart und Zukunft beider Nachbarl\u00e4nder Frankreich und Deutschland besch\u00e4ftigt. Unter dem Motto <i><b>\u201eVers\u00f6hnung \u00fcber den Gr\u00e4bern \u2013 Arbeit f\u00fcr den Frieden\u201c<\/b><\/i> wird den Sch\u00fclerinnen und Sch\u00fclern mit p\u00e4dagogischer Begleitung die Bedeutung des Ersten Weltkrieges sowie der Vers\u00f6hnung beider L\u00e4nder und damit der Grund f\u00fcr das Erlernen ihrer 2. Fremdsprache nahegebracht. Sie wohnen in unmittelbarer N\u00e4he eines Soldatenfriedhofs, lesen Briefe der Soldaten, wandern entlang der Befestigungslinien. Doch auch die Gegenwart soll nicht zu kurz kommen: Gemeinsame Ausfl\u00fcge nach Stra\u00dfburg und Colmar, eine Nachtwanderung zur Wasenburg, ein gemeinsamer Flammkuchen-Abend, kreative Workshops zu Tanz, Musik, Film, Bildhauen, Zeitung, sowie Interviews mit der einheimischen Bev\u00f6lkerung bieten Einblicke in die Kultur unserer Nachbarn, st\u00e4rken die Gemeinschaft und den Spa\u00df an der erlernten Sprache.<\/p>\n<p><i>Eine Bootsfahrt durch Stra\u00dfburg macht Spa\u00df und kn\u00fcpft direkt andie Inhalte unseres Franz\u00f6sisch-Lehrwerks<\/i><i><b>\u201e\u00c0 plus! 1\u201c<\/b> (Cornelsen-Verlag) an, in welchem die Sch\u00fclerinnen und Sch\u00fcler bereits virtuell mit dem Boot die Stadt erkunden und in den Geschichten der franz\u00f6sischen Jugendlichen die Region Elsass kennenlernen.<\/i><\/p>\n<p><em><span style=\"font-size: 10pt;\">Die Fachschaft Franz\u00f6sisch<\/span><\/em><\/p>\n","protected":false},"excerpt":{"rendered":"<p>Comment \u00e7a va? &#8211; Franz\u00f6sisch an der HGS Im Jahrgang 7 k\u00f6nnen sich die Sch\u00fclerinnen und Sch\u00fcler neben Englisch f\u00fcr eine weitere moderne Fremdsprache entscheiden: Franz\u00f6sisch. Im Gymnasialzweig f\u00e4llt die Entscheidung zwischen Franz\u00f6sisch und Latein, im Realschulzweig zwischen Franz\u00f6sisch und Arbeitslehre. Um die Entscheidung zu erleichtern, gibt es vor der Einwahl einen Informationsabend f\u00fcr Eltern &hellip; <a href=\"https:\/\/altgsgrebenstein.de\/?page_id=144\" class=\"more-link\"><span class=\"screen-reader-text\">Franz\u00f6sisch<\/span> weiterlesen <span class=\"meta-nav\">&rarr;<\/span><\/a><\/p>\n","protected":false},"author":9,"featured_media":0,"parent":0,"menu_order":0,"comment_status":"closed","ping_status":"closed","template":"","meta":{"saved_in_kubio":false,"footnotes":""},"class_list":["post-144","page","type-page","status-publish","hentry"],"kubio_ai_page_context":{"short_desc":"","purpose":"general"},"_links":{"self":[{"href":"https:\/\/altgsgrebenstein.de\/index.php?rest_route=\/wp\/v2\/pages\/144","targetHints":{"allow":["GET"]}}],"collection":[{"href":"https:\/\/altgsgrebenstein.de\/index.php?rest_route=\/wp\/v2\/pages"}],"about":[{"href":"https:\/\/altgsgrebenstein.de\/index.php?rest_route=\/wp\/v2\/types\/page"}],"author":[{"embeddable":true,"href":"https:\/\/altgsgrebenstein.de\/index.php?rest_route=\/wp\/v2\/users\/9"}],"replies":[{"embeddable":true,"href":"https:\/\/altgsgrebenstein.de\/index.php?rest_route=%2Fwp%2Fv2%2Fcomments&post=144"}],"version-history":[{"count":2,"href":"https:\/\/altgsgrebenstein.de\/index.php?rest_route=\/wp\/v2\/pages\/144\/revisions"}],"predecessor-version":[{"id":12267,"href":"https:\/\/altgsgrebenstein.de\/index.php?rest_route=\/wp\/v2\/pages\/144\/revisions\/12267"}],"wp:attachment":[{"href":"https:\/\/altgsgrebenstein.de\/index.php?rest_route=%2Fwp%2Fv2%2Fmedia&parent=144"}],"curies":[{"name":"wp","href":"https:\/\/api.w.org\/{rel}","templated":true}]}}