{"id":13778,"date":"2021-10-04T20:20:40","date_gmt":"2021-10-04T19:20:40","guid":{"rendered":"http:\/\/altgsgrebenstein.de\/?page_id=13778"},"modified":"2024-12-04T10:24:10","modified_gmt":"2024-12-04T09:24:10","slug":"berufsberatung-durch-die-agentur-fuer-arbeit","status":"publish","type":"page","link":"https:\/\/altgsgrebenstein.de\/?page_id=13778","title":{"rendered":"Unser Berufsberater der Bundesagentur f\u00fcr Arbeit"},"content":{"rendered":"<p><strong><img decoding=\"async\" class=\"wp-image-14365 alignright\" src=\"http:\/\/altgsgrebenstein.de\/wp-content\/uploads\/2022\/04\/Berufsberater-Foto-2022-scaled.jpg\" alt=\"\" width=\"252\" height=\"377\" srcset=\"https:\/\/altgsgrebenstein.de\/wp-content\/uploads\/2022\/04\/Berufsberater-Foto-2022-scaled.jpg 1707w, https:\/\/altgsgrebenstein.de\/wp-content\/uploads\/2022\/04\/Berufsberater-Foto-2022-200x300.jpg 200w, https:\/\/altgsgrebenstein.de\/wp-content\/uploads\/2022\/04\/Berufsberater-Foto-2022-683x1024.jpg 683w, https:\/\/altgsgrebenstein.de\/wp-content\/uploads\/2022\/04\/Berufsberater-Foto-2022-768x1152.jpg 768w, https:\/\/altgsgrebenstein.de\/wp-content\/uploads\/2022\/04\/Berufsberater-Foto-2022-1024x1536.jpg 1024w, https:\/\/altgsgrebenstein.de\/wp-content\/uploads\/2022\/04\/Berufsberater-Foto-2022-1365x2048.jpg 1365w\" sizes=\"(max-width: 252px) 100vw, 252px\" \/><\/strong><strong>Herr Langenegger <\/strong><br \/>\nE-Mail:\u00a0 kassel.berufsberatung@arbeitsagentur.de<br \/>\n<em>(z. Hd. Herrn Langenegger)<\/em><\/p>\n<p><strong>Schulsprechstunde in der HGS:<\/strong><br \/>\nTermine auf Anfrage<br \/>\nHerr Langenegger ist <strong>fast w\u00f6chentlich (donnerstags)<\/strong> an der HGS (Klassensprechstunde im Berufswahlb\u00fcro, Geb\u00e4ude 5).<\/p>\n<p><strong>Hier<\/strong> findet ihr meine<strong> Beratungstermine f\u00fcr das aktuelle Schulhalbjahr (24_25):<\/strong><\/p>\n<p><a href=\"http:\/\/altgsgrebenstein.de\/wp-content\/uploads\/2024\/12\/Beratungstermine-24_25-1.-Halbjahr.pdf\">Beratungstermine 24_25, 1. Halbjahr<\/a><\/p>\n<p><strong><span style=\"font-size: 18pt;\">Ihr k\u00f6nnt mich erreichen: \u00a0\u00a0\u00a0\u00a0\u00a0\u00a0\u00a0\u00a0\u00a0<\/span><br \/>\n<\/strong><\/p>\n<p><strong>Sprechstunde in der HGS Schule:<br \/>\n<\/strong>Jeden <strong>Donnerstag<\/strong> im Berufswahlb\u00fcro<br \/>\nTermine auf Anfrage m\u00f6glich (bitte bei Herrn Feuring erkundigen)<\/p>\n<p><strong>Pers\u00f6nlich:<br \/>\n<\/strong>Agentur f\u00fcr Arbeit Kassel (Zimmer A1.72)<br \/>\nLewinskistra\u00dfe 6<br \/>\n34127 Kassel<\/p>\n<p><strong>Telefonisch via Service-Hotline<\/strong>:<br \/>\n0561 701 1774<\/p>\n<p><strong>Email:<\/strong><br \/>\nKassel.Berufsberatung@arbeitsagentur.de\u00a0 (z.H. Herr Langenegger)<\/p>\n<p><span style=\"font-size: 18pt;\"><strong>Angebote in der Schule:<\/strong><\/span><\/p>\n<p><strong>Regelm\u00e4\u00dfige Schulsprechtage <\/strong><\/p>\n<ul>\n<li><strong>Berufsorientierung<\/strong> (Informationsveranstaltung zu ausgew\u00e4hlten Themen<\/li>\n<li>der Berufsvorbereitung\/- orientierung in der 8., 9. und 10. Klasse)<\/li>\n<li><strong>Regionale und \u00fcberregionale Ausbildungsm\u00f6glichkeiten<\/strong><\/li>\n<li><strong>Eltern- und Lehrerveranstaltungen <\/strong><\/li>\n<\/ul>\n<p><strong>Angebote in der<\/strong> <strong>Agentur f\u00fcr Arbeit:<\/strong><\/p>\n<ul>\n<li><strong>Einzelberatung<\/strong> (Anmeldung nach dem ersten Termin in der<\/li>\n<li>Schulsprechstunde oder \u00fcber die Service-Hotline 0561 701 1774)<\/li>\n<li><strong>Beratungsgespr\u00e4che gemeinsam mit Sch\u00fclern und Eltern<\/strong><\/li>\n<li><strong>Durchf\u00fchrung eines Berufswahltests <\/strong><\/li>\n<li>(individuelle Orientierungshilfe f\u00fcr eure Berufswahlentscheidung)<\/li>\n<\/ul>\n<p><strong>Internetauftritt &#8211; Startseite Arbeitsagentur Kassel:<\/strong><br \/>\n<a href=\"https:\/\/www.arbeitsagentur.de\/vor-ort\/kassel\/startseite\">https:\/\/www.arbeitsagentur.de\/vor-ort\/kassel\/startseite<\/a><\/p>\n<p><strong>Wichtig:<\/strong><br \/>\nBevor du zu Herrn Langenegger in die Beratung gehst, musst du den <strong>Anmeldebogen<\/strong> ausf\u00fcllen:<br \/>\n<a href=\"http:\/\/altgsgrebenstein.de\/wp-content\/uploads\/2021\/10\/Anmeldebogen-Berufsberatung.pdf\">Anmeldebogen Berufsberatung<\/a><\/p>\n<p>Hier findest du auf einen Blick <strong>alle Medienangebote<\/strong> der Berufsberatung:<br \/>\n<a href=\"http:\/\/altgsgrebenstein.de\/wp-content\/uploads\/2021\/10\/Medienangebot-der-Berufsberatung.pdf\">Medienangebot der Berufsberatung<\/a><\/p>\n","protected":false},"excerpt":{"rendered":"<p>Herr Langenegger E-Mail:\u00a0 kassel.berufsberatung@arbeitsagentur.de (z. Hd. Herrn Langenegger) Schulsprechstunde in der HGS: Termine auf Anfrage Herr Langenegger ist fast w\u00f6chentlich (donnerstags) an der HGS (Klassensprechstunde im Berufswahlb\u00fcro, Geb\u00e4ude 5). Hier findet ihr meine Beratungstermine f\u00fcr das aktuelle Schulhalbjahr (24_25): Beratungstermine 24_25, 1. Halbjahr Ihr k\u00f6nnt mich erreichen: \u00a0\u00a0\u00a0\u00a0\u00a0\u00a0\u00a0\u00a0\u00a0 Sprechstunde in der HGS Schule: Jeden Donnerstag &hellip; <a href=\"https:\/\/altgsgrebenstein.de\/?page_id=13778\" class=\"more-link\"><span class=\"screen-reader-text\">Unser Berufsberater der Bundesagentur f\u00fcr Arbeit<\/span> weiterlesen <span class=\"meta-nav\">&rarr;<\/span><\/a><\/p>\n","protected":false},"author":9,"featured_media":0,"parent":0,"menu_order":0,"comment_status":"closed","ping_status":"closed","template":"","meta":{"saved_in_kubio":false,"footnotes":""},"class_list":["post-13778","page","type-page","status-publish","hentry"],"kubio_ai_page_context":{"short_desc":"","purpose":"general"},"_links":{"self":[{"href":"https:\/\/altgsgrebenstein.de\/index.php?rest_route=\/wp\/v2\/pages\/13778","targetHints":{"allow":["GET"]}}],"collection":[{"href":"https:\/\/altgsgrebenstein.de\/index.php?rest_route=\/wp\/v2\/pages"}],"about":[{"href":"https:\/\/altgsgrebenstein.de\/index.php?rest_route=\/wp\/v2\/types\/page"}],"author":[{"embeddable":true,"href":"https:\/\/altgsgrebenstein.de\/index.php?rest_route=\/wp\/v2\/users\/9"}],"replies":[{"embeddable":true,"href":"https:\/\/altgsgrebenstein.de\/index.php?rest_route=%2Fwp%2Fv2%2Fcomments&post=13778"}],"version-history":[{"count":19,"href":"https:\/\/altgsgrebenstein.de\/index.php?rest_route=\/wp\/v2\/pages\/13778\/revisions"}],"predecessor-version":[{"id":17537,"href":"https:\/\/altgsgrebenstein.de\/index.php?rest_route=\/wp\/v2\/pages\/13778\/revisions\/17537"}],"wp:attachment":[{"href":"https:\/\/altgsgrebenstein.de\/index.php?rest_route=%2Fwp%2Fv2%2Fmedia&parent=13778"}],"curies":[{"name":"wp","href":"https:\/\/api.w.org\/{rel}","templated":true}]}}