{"id":1309,"date":"2016-11-16T19:20:40","date_gmt":"2016-11-16T18:20:40","guid":{"rendered":"http:\/\/www.gsgrebenstein.net\/wordpress\/?page_id=1309"},"modified":"2021-12-20T07:15:06","modified_gmt":"2021-12-20T06:15:06","slug":"aktionen","status":"publish","type":"page","link":"https:\/\/altgsgrebenstein.de\/?page_id=1309","title":{"rendered":"Aktionen"},"content":{"rendered":"<p><b>Kooperation Tischtennis<\/b> (Schuljahr 2021\/2022 bis 2023\/2024)<\/p>\n<p><strong><em>Ballsportarten mit erneuter Kooperation<\/em><\/strong><\/p>\n<p>Der Schwerpunkt Ballsportarten, der in den vergangenen drei Jahren eine Kooperation mit der Frauenfu\u00dfballabteilung des TSV Jahn Calden f\u00fchrte, kooperiert seit diesem Schuljahr mit der Tischtennisabteilung des TuSpo Grebenstein.<\/p>\n<p>Zum einen zeigt die erneute Kooperation die Vielf\u00e4ltigkeit des Schwerpunktes Ballsportarten, zum anderen beruht es auf einer sehr angenehmen Zusammenarbeit zwischen den Vereinen des Einzugsgebiets der Schule und der HGS.<\/p>\n<p>Die Kooperation wird von schulischer Seite durch Stefan Englich, langj\u00e4hriger Hessenligaspieler, geleitet. Die Sch\u00fclerinnen und Sch\u00fcler erfahren durch Herrn Englich eine qualifizierte und anschauliche F\u00f6rderung, die auch dem Tischtennissport in den Vereinen dienen soll.<\/p>\n<p>&nbsp;<\/p>\n<p><b>Trainingslager der M\u00e4dchenfu\u00dfballerinnen<\/b> (31. Januar \/ 01. Februar 2018)<\/p>\n<p><b><i>Zweites M\u00e4dchenfu\u00dfball-Trainingslager<\/i><\/b><\/p>\n<p>Intensive Vorarbeit, nachhaltiger Ertrag! Nachdem im Vorjahr der Slogan \u201eTalente sichten, Talente f\u00f6rdern, Talente zueinander bringen\u201c als potenzieller Titel f\u00fcr den Fu\u00dfballschwerpunkt der HGS ausgerufen wurde, konnte in diesem Schuljahr eine auf drei Jahre ausgelegte Kooperation mit dem TSV Jahn Calden Frauenfu\u00dfball ins Leben gerufen werden, die den M\u00e4dchenfu\u00dfball an der HGS weiter f\u00f6rdern soll.<\/p>\n<p><b>Zweites M\u00e4dchenfu\u00dfballtrainingslager an der HGS<\/b><\/p>\n<p>Durch die Teilnahme am Regionalentscheid in den Schuljahren 2015\/2016 und 2016\/2017, die positiven Eindr\u00fccke, die die M\u00e4dchenfu\u00dfballerinnen stets am \u201eTag der offenen T\u00fcr\u201c hinterlassen sowie die Kooperation mit den Frauenfu\u00dfballerinnen aus Calden, konnten auch in diesem Schuljahr wieder zwei AG\u00b4s mit insgesamt 25 aktiven Teilnehmerinnen ins Leben gerufen werden. Im M\u00e4rz und April wird die HGS wieder Mannschaften in den Wettk\u00e4mpfen II, III und IV der \u201eJugend trainiert f\u00fcr Olympia\u201c-Turniere stellen. Zum zweiten Trainingslager der Fu\u00dfballm\u00e4dchen meldeten sich 24 Sch\u00fclerinnen an &#8211; die F\u00f6rderung des M\u00e4dchenfu\u00dfballs zeigt im Januar 2018 in eine gute Richtung! <a href=\"http:\/\/altgsgrebenstein.de\/wp-content\/uploads\/2020\/12\/DSC01680-scaled.jpg\"><img decoding=\"async\" class=\"alignnone size-medium wp-image-12190\" src=\"http:\/\/altgsgrebenstein.de\/wp-content\/uploads\/2020\/12\/DSC01680-300x225.jpg\" alt=\"\" width=\"300\" height=\"225\" srcset=\"https:\/\/altgsgrebenstein.de\/wp-content\/uploads\/2020\/12\/DSC01680-300x225.jpg 300w, https:\/\/altgsgrebenstein.de\/wp-content\/uploads\/2020\/12\/DSC01680-1024x768.jpg 1024w, https:\/\/altgsgrebenstein.de\/wp-content\/uploads\/2020\/12\/DSC01680-768x576.jpg 768w, https:\/\/altgsgrebenstein.de\/wp-content\/uploads\/2020\/12\/DSC01680-2048x1536.jpg 2048w\" sizes=\"(max-width: 300px) 100vw, 300px\" \/><\/a> <a href=\"http:\/\/altgsgrebenstein.de\/wp-content\/uploads\/2020\/12\/DSC01682-scaled.jpg\"><img decoding=\"async\" class=\"alignnone size-medium wp-image-12191\" src=\"http:\/\/altgsgrebenstein.de\/wp-content\/uploads\/2020\/12\/DSC01682-300x225.jpg\" alt=\"\" width=\"300\" height=\"225\" srcset=\"https:\/\/altgsgrebenstein.de\/wp-content\/uploads\/2020\/12\/DSC01682-300x225.jpg 300w, https:\/\/altgsgrebenstein.de\/wp-content\/uploads\/2020\/12\/DSC01682-1024x768.jpg 1024w, https:\/\/altgsgrebenstein.de\/wp-content\/uploads\/2020\/12\/DSC01682-768x576.jpg 768w, https:\/\/altgsgrebenstein.de\/wp-content\/uploads\/2020\/12\/DSC01682-2048x1536.jpg 2048w\" sizes=\"(max-width: 300px) 100vw, 300px\" \/><\/a><\/p>\n<p><!--more-->Im Vorlauf des Trainingslagers bef\u00fcrchteten die Lehrkr\u00e4fte Robin G\u00f6ring und Eva Thiemann eine Absageflut, da die Grippewelle viele Sch\u00fclerinnen betraf. Dennoch nahmen 16 Sch\u00fclerinnen, die die Jahrg\u00e4nge 5 bis 9 besuchen, das Angebot des Trainingslagers wahr und freuten sich, wieder Teil dieses Unterfangens zu sein.<\/p>\n<p>Die erste Trainingseinheit nach der Begr\u00fc\u00dfung beinhaltete insbesondere weiterf\u00fchrende Pass\u00fcbungen, die das An- und Mitnahmeverhalten der Fu\u00dfballerinnen in den Fokus stellte. In vertiefenden Spielformen wurde zudem das raumorientierte Verhalten geschult, welches in den Vorjahren Schwierigkeiten in der Umsetzung auf dem Spielfeld bot.<\/p>\n<p>Im Anschluss an das Mittagessen, das durch die Mensa zubereitet wurde, nahmen die Sch\u00fclerinnen an einer kurzen Theorieeinheit teil, die die Grundregeln des Fu\u00dfballs sowie die zuvor erlernte Raumorientierung ber\u00fccksichtigte.<\/p>\n<p>Ab 15 Uhr standen die Spielerinnen auf den Kunstrasenpl\u00e4tzen der Soccerhalle in Hofgeismar und wurden durch den Gruppenligaspieler des TuSpo Grebenstein, Tobias M\u00f6ller, erw\u00e4rmt und im \u00dcben von \u00dcber- und Unterzahlsituationen geschult. Abschlie\u00dfend stand das Miteinander im Vordergrund und das gemeinsame Spielen mit- und gegeneinander.<\/p>\n<p>Nach einem kurzen Spaziergang vom Bahnhof zur\u00fcck in die Schule, kochten die Sch\u00fclerinnen gemeinsam ihr Abendessen und schauten zum Abschluss des Tages einen Film. Insbesondere die gemeinsame Zeit und die f\u00fcr Sch\u00fcler sowie Lehrer immer wieder besondere Situation des \u201ein der Schule Schlafens\u201c sorgten daf\u00fcr, dass es ein gespr\u00e4chiger Abend und eine anschlie\u00dfend ruhige Nacht wurden.<\/p>\n<p>Bevor die letzte Trainingseinheit startete, st\u00e4rkten sich die Sportlerinnen mit einem nahrhaften Fr\u00fchst\u00fcck der Schulmensa. Das immer wiederkehrende Essen und gemeinsame Unternehmen bewirkte, dass ein sehr respektvolles und sch\u00f6nes Miteinander entstanden ist.<\/p>\n<p><a href=\"http:\/\/altgsgrebenstein.de\/wp-content\/uploads\/2020\/12\/DSC01677-scaled.jpg\"><img decoding=\"async\" class=\"alignnone size-medium wp-image-12192\" src=\"http:\/\/altgsgrebenstein.de\/wp-content\/uploads\/2020\/12\/DSC01677-300x225.jpg\" alt=\"\" width=\"300\" height=\"225\" srcset=\"https:\/\/altgsgrebenstein.de\/wp-content\/uploads\/2020\/12\/DSC01677-300x225.jpg 300w, https:\/\/altgsgrebenstein.de\/wp-content\/uploads\/2020\/12\/DSC01677-1024x768.jpg 1024w, https:\/\/altgsgrebenstein.de\/wp-content\/uploads\/2020\/12\/DSC01677-768x576.jpg 768w, https:\/\/altgsgrebenstein.de\/wp-content\/uploads\/2020\/12\/DSC01677-2048x1536.jpg 2048w\" sizes=\"(max-width: 300px) 100vw, 300px\" \/><\/a> <a href=\"http:\/\/altgsgrebenstein.de\/wp-content\/uploads\/2020\/12\/DSC01679-scaled.jpg\"><img decoding=\"async\" class=\"alignnone size-medium wp-image-12193\" src=\"http:\/\/altgsgrebenstein.de\/wp-content\/uploads\/2020\/12\/DSC01679-300x225.jpg\" alt=\"\" width=\"300\" height=\"225\" srcset=\"https:\/\/altgsgrebenstein.de\/wp-content\/uploads\/2020\/12\/DSC01679-300x225.jpg 300w, https:\/\/altgsgrebenstein.de\/wp-content\/uploads\/2020\/12\/DSC01679-768x576.jpg 768w, https:\/\/altgsgrebenstein.de\/wp-content\/uploads\/2020\/12\/DSC01679-2048x1536.jpg 2048w\" sizes=\"(max-width: 300px) 100vw, 300px\" \/><\/a><\/p>\n<p>Die dritte Praxiseinheit wurde von der Caldener Fu\u00dfballerin Miriam St\u00fcer geleitet. Aufgrund ihrer sehr positiven und mitrei\u00dfenden Art schaffte sie es, m\u00fcde Sch\u00fclerinnen zu motivieren und weiter f\u00fcr die Sportart Fu\u00dfball zu begeistern. Eine aktive Fu\u00dfballerin des Kooperationspartners, die sich selbst ein solches Angebot zu ihrer Schulzeit gew\u00fcnscht h\u00e4tte, hat den Sch\u00fclerinnen gezeigt, dass die Absichten der HGS keineswegs kurzfristig, sondern m\u00f6glichst langfristig gedacht sind.<\/p>\n<p>Damit das Trainingslager und auch die perspektivische Weiterentwicklung des M\u00e4dchenfu\u00dfballschwerpunktes gef\u00f6rdert wird, bedanken sich die M\u00e4dchen beim REWE Markt Ehlert f\u00fcr die Spende diverser Lebensmittel und Getr\u00e4nke. Auch zuk\u00fcnftig wollen\u00a0 die F\u00f6rderer den Schwerpunkt Fu\u00dfball und den Sportfachbereich der HGS unterst\u00fctzen.<\/p>\n<p>Wie bereits im letzten Jahr hoffen die Initiatoren des Fu\u00dfball-Schwerpunktes, dass der Fu\u00dfball eine Perspektive erh\u00e4lt und vor allem bewusst wird, dass Fu\u00dfball mehr ist als ein ausschlie\u00dflich medialer Hype um 11 Personen, die einem Ball hinterherrennen. Fu\u00dfball ist Leidenschaft, Schach auf dem Feld und gemeinsames Erleben. F\u00fcr die Sch\u00fclerinnen steht nach einer intensiven Reflexion fest: egal wie schwer die Grippewelle im n\u00e4chsten Jahr zuschlagen sollte, sie nehmen wieder teil!<\/p>\n<p>&nbsp;<\/p>\n<p><b>Interview mit Karina\u00a0Krohne\u00a0<\/b>(11. Mai 2017)<\/p>\n<p><b>\u201e<\/b><b>Der M\u00e4dchenfu\u00dfball liegt mir sehr am Herzen!\u201c<\/b><\/p>\n<p><img decoding=\"async\" class=\"size-full wp-image-12194 alignleft\" src=\"http:\/\/altgsgrebenstein.de\/wp-content\/uploads\/2020\/12\/Karina-Krohne.jpg\" alt=\"\" width=\"213\" height=\"289\" \/>Im Rahmen des Fu\u00dfballschwerpunktes und der entstehenden Kooperation sprachen wir\u00a0 mit Karina Krohne, der ehemaligen Junioren-Nationalspielerin, langj\u00e4hrigen Spielerin und derzeitigen Jugendtrainerin des TSV Jahn Calden. Zudem geh\u00f6rte Karina zu den Leistungstr\u00e4gerinnen der Fu\u00dfballerinnen der HGS und wurde zweifache Deutsche Meisterin mit unserer Schule.<\/p>\n<p>Wir haben Karina gebeten, uns in einer schnellen Fragerunde Antworten zu geben:<\/p>\n<p><i><br \/>\nWie bist du zum M\u00e4dchen- und sp\u00e4ter zum Frauenfu\u00dfball gekommen?<\/i><\/p>\n<ul>\n<li>\u201eDurch meinen \u00e4lteren Bruder. Oft haben wir uns im Garten den Ball zugekickt. Fr\u00fch haben meine Eltern mein gro\u00dfes Interesse f\u00fcr den Ball entdeckt und mich im Fu\u00dfballverein angemeldet. Wir haben als Familie oft das Wochenende auf dem Fu\u00dfballplatz verbracht. In meinem Heimatverein TSV Jahn Calden habe ich alle Jugendmannschaften, Jungen und M\u00e4dchen, durchlaufen, bis ich dann mit 17 Jahren in die Frauenmannschaft von Calden gewechselt bin. Mit 20 Jahren erhielt ich ein Sportstipendium und durfte in den USA in einem College-Team Fu\u00dfball spielen. Eine weitere Station war die Zeit in der Bundesliga, wo ich in Frankfurt drei Jahre lang als Stammspielerin gespielt habe.\u201c<\/li>\n<\/ul>\n<p><i>Was entgegnest du Menschen, die Fu\u00dfball f\u00fcr einen Sport halten, bei dem 22 SpielerInnen planlos hinter einem Ball herjagen?<\/i><\/p>\n<ul>\n<li>\u201eIch probiere Sie von dem Gegenteil zu \u00fcberzeugen. Denn Menschen k\u00f6nnen durch diesen Sport viele Erfahrungen f\u00fcr ihr eigenes Leben mitnehmen. Gerade Fu\u00dfball ist aus meiner Sicht ein Mannschaftssport, wo Menschen positive sowie negative Erlebnisse haben und somit wichtige Erfahrungen f\u00fcr ihren weiteren Lebensweg sammeln.\u201c<\/li>\n<\/ul>\n<p><i>Was versprichst du dir von der Kooperation mit der HGS?<\/i><\/p>\n<ul>\n<li>\u201eAls Trainerin der M\u00e4dchenmannschaft des TSV Jahn Calden unterst\u00fctze ich gerne das Projekt \u201aSchule und Verein: gemeinsam am Ball\u2018; viele Kinder sind noch nicht im Fu\u00dfballverein aktiv, finden aber sp\u00e4ter durch die Fu\u00dfball-AG ein Interesse an der Sportart und entscheiden sich f\u00fcr den Vereinsfu\u00dfball.\u201c<\/li>\n<\/ul>\n<p><i>Weshalb sollten M\u00e4dchen an der Fu\u00dfball-AG der HGS teilnehmen? (Auch ohne Vereinsaktivit\u00e4t)<\/i><\/p>\n<ul>\n<li>Durch die Fu\u00dfball-AG haben die M\u00e4dchen ein tolles Bewegungsangebot und zus\u00e4tzliche Trainingstage in der Woche. In einem Mannschaftssport hat man viel Spa\u00df und kann Erfolge gemeinsam feiern. Durch qualifizierte \u00dcbungsleiter\/Trainer haben die M\u00e4dchen eine sportliche F\u00f6rderung an der HGS und werden sich fu\u00dfballerisch weiterentwickeln.\u201c<\/li>\n<\/ul>\n<p><i>Beende bitte folgenden Satz: Ich unterst\u00fctze den M\u00e4dchenfu\u00dfball an der HGS, weil \u2026<\/i><\/p>\n<ul>\n<li>\u201e\u2026 mir der M\u00e4dchenfu\u00dfball seit meiner Schulzeit sehr am Herzen liegt. Der M\u00e4dchen-Fu\u00dfball hat eine gro\u00dfe Tradition und ich hoffe, dass die HGS in naher Zukunft wieder gro\u00dfe Erfolge feiern wird.\u201c<\/li>\n<\/ul>\n<p>&nbsp;<\/p>\n<p><b>Ausblick auf das kommende\u00a0Schuljahr 2017\u00a0\/ 2018<\/b><\/p>\n<p><em><b>DFB-Schulfu\u00dfballabzeichen,\u00a0<\/b><b>der Fu\u00dfballschwerpunkt der HGS nimmt teil!<\/b><\/em><\/p>\n<p>Im Schuljahr 2017 \/ 2018 werden im Rahmen des Fu\u00dfballschwerpunktes der HGS ein Gro\u00dfteil der\u00a0teilnehmenden Fu\u00dfballerinnen und Fu\u00dfballer am DFB-Schulfu\u00dfballabzeichen teilnehmen. Das Abzeichen ber\u00fccksichtigt die Basistechniken des Fu\u00dfballs (Schie\u00dfen, Passen, Dribbling, Flanken und Kopfball) und kann in jedem Jahr wiederholt abgenommen werden. Dadurch erfahren die Sch\u00fclerinnen und Sch\u00fcler eine hohe Transparenz und k\u00f6nnen ihre eigenen Fortschritte sowie die Entwicklung ihrer Fertigkeiten nachvollziehen!<\/p>\n<p>Au\u00dferdem wird das DFB-Mobil im ersten Schulhalbjahr wieder eine Einheit der Fu\u00dfball-AG gestalten und den\u00a0Fu\u00dfballm\u00e4dchen ein weiteres Training mit einem qualifizierten Trainer bieten!<\/p>\n<p>&nbsp;<\/p>\n<p><b>Fu\u00dfballm\u00e4dchen absolvieren erstes Trainingslager an der HGS!\u00a0<\/b>(25.\/26. Januar 2017)<\/p>\n<p><b><i>Zwei Tage Fu\u00dfball an der HGS<\/i><\/b><\/p>\n<p>Die M\u00e4dchenfu\u00dfballerinnen der HGS trainierten zwei Tage gemeinsam mit ihren Lehrkr\u00e4ften\u00a0und gestalteten ein erfolgreiches erstes Trainingslager! Den vollst\u00e4ndigen Bericht k\u00f6nnen Sie unter folgendem Link lesen:<\/p>\n<p><a href=\"http:\/\/altgsgrebenstein.de\/?p=1579\">Erstes Trainingslager der Fu\u00dfballm\u00e4dchen!<\/a><\/p>\n<p><b>Trikots f\u00fcr den Sportfachbereich <\/b>(13. Oktober 2016)<\/p>\n<p><b><i>Neue Farben f\u00fcr die M\u00e4dchen- und Jungenmannschaften des Fu\u00dfballschwerpunktes\u00a0<\/i><\/b><\/p>\n<p>Die Schulmannschaften der Heinrich-Grupe-Schule demn\u00e4chst zu den verschiedenen Schulwettk\u00e4mpfen fahren, werden die Sch\u00fclerinnen und Sch\u00fcler in der Schulfarbe \u201egelb\u201c deutlich erkennbar sein. Neben der markanten Farbe sind sowohl die Trikots\u00e4tze als auch die neuen Syntheticshirts mit dem Schulnamen und Schullogo beflockt. Die Aktiven der HGS k\u00f6nnen dabei, unterst\u00fctzt durch den F\u00f6rderverein der Schule, auf zwei Trikots\u00e4tze \u00e0 15 Trikots und f\u00fcnfzig Syntheticshirts zur\u00fcckgreifen!<\/p>\n<p>Die Anschaffungen wurden notwendig, da die zuletzt verwendeten Trikots gezeichnet waren von umk\u00e4mpften Turnieren und der starken Nutzung in den letzten Jahren. Nun erstrahlen die Sportlerinnen und Sportler in neuem Glanz und wir hoffen, dass unsere Mannschaften erfolgreiche und ereignisreiche Reisen mit den neuen Trikots absolvieren werden!<\/p>\n<p><a href=\"http:\/\/altgsgrebenstein.de\/wp-content\/uploads\/2020\/12\/thumb_DSC_8544_1024.jpg\"><img decoding=\"async\" class=\"alignnone wp-image-12195 size-full\" src=\"http:\/\/altgsgrebenstein.de\/wp-content\/uploads\/2020\/12\/thumb_DSC_8544_1024.jpg\" alt=\"\" width=\"1009\" height=\"540\" srcset=\"https:\/\/altgsgrebenstein.de\/wp-content\/uploads\/2020\/12\/thumb_DSC_8544_1024.jpg 1009w, https:\/\/altgsgrebenstein.de\/wp-content\/uploads\/2020\/12\/thumb_DSC_8544_1024-300x161.jpg 300w, https:\/\/altgsgrebenstein.de\/wp-content\/uploads\/2020\/12\/thumb_DSC_8544_1024-768x411.jpg 768w\" sizes=\"(max-width: 1009px) 100vw, 1009px\" \/><\/a><\/p>\n<p>Exemplarisch f\u00fcr unsere diversen Schulmannschaften und Sportarten pr\u00e4sentieren die M\u00e4dchen-Fu\u00dfballerinnen die neuen Trikots. In diesem Schuljahr nehmen bis zu 25 Sch\u00fclerinnen zwischen der 5. und 9. Jahrgangsstufe die Fu\u00dfballangebote der Heinrich-Grupe-Schule wahr. Die M\u00e4dchen werden im zweiten Halbjahr in den neuen Trikots an den Jugend trainiert f\u00fcr Olympia Turnieren in den Wettk\u00e4mpfen II, III und IV teilnehmen!<\/p>\n<p><a href=\"http:\/\/altgsgrebenstein.de\/wp-content\/uploads\/2020\/12\/thumb_DSC_8548_1024.jpg\"><img decoding=\"async\" class=\"alignnone wp-image-12196 size-full\" src=\"http:\/\/altgsgrebenstein.de\/wp-content\/uploads\/2020\/12\/thumb_DSC_8548_1024.jpg\" alt=\"\" width=\"913\" height=\"687\" srcset=\"https:\/\/altgsgrebenstein.de\/wp-content\/uploads\/2020\/12\/thumb_DSC_8548_1024.jpg 913w, https:\/\/altgsgrebenstein.de\/wp-content\/uploads\/2020\/12\/thumb_DSC_8548_1024-300x226.jpg 300w, https:\/\/altgsgrebenstein.de\/wp-content\/uploads\/2020\/12\/thumb_DSC_8548_1024-768x578.jpg 768w\" sizes=\"(max-width: 913px) 100vw, 913px\" \/><\/a><\/p>\n<p>Wir w\u00fcnschen unseren Sch\u00fclerinnen und Sch\u00fclern viel Spa\u00df in den neuen Trikots &#8211; der erste Eindruck sieht bereits gro\u00dfartig aus!<\/p>\n<p>&nbsp;<\/p>\n<p><b>DFB-Mobil <\/b>(05. Oktober 2016)<\/p>\n<p><b><i>Profitipps f\u00fcr Nachwuchskickerinnen<\/i><\/b><\/p>\n<p>Deutsche Fu\u00dfballer sind Weltmeister. Die DFB-Teams spielen auf internationalem Parkett in vorderster Reihe. Aber als Champions kamen Simone Laudehr, Babett Peter, Thomas M\u00fcller, Manuel Neuer und Co. nicht zur Welt. Bis zur Weltspitze schaffen es nur Wenige, aber fr\u00fche F\u00f6rderung ist nicht nur f\u00fcr k\u00fcnftige Spitzenfu\u00dfballer sehr bedeutsam.<\/p>\n<p>Fu\u00dfball spielt an der Heinrich-Grupe-Schule eine gro\u00dfe Rolle, vor allem die M\u00e4dchenteams erzielten in der Vergangenheit sogar bundesweit herausragende Erfolge. An diese Tradition m\u00f6chte Sportlehrer Robin G\u00f6ring ankn\u00fcpfen und die Fu\u00dfball-begeisterten M\u00e4dchen gezielt f\u00f6rdern.<\/p>\n<p>Mit Marcel Bietendorf, mit dem er vor vielen Jahren die Schulbank dr\u00fcckte, verbindet ihn nicht nur die Leidenschaft f\u00fcr den Fu\u00dfball, sondern sie engagieren sich als Jugendtrainer in der Region.<\/p>\n<p>Seit 2009 gibt es die DFB-Mobile, ein Projekt, das deutschlandweit Vereine und Schulen unterst\u00fctzt. Zu den hessischen Teams geh\u00f6rt auch Marcel Bietendorf, der sich hier ehrenamtlich einbringt: \u201eWir wollen Fu\u00dfball attraktiver machen, helfen den Trainern in den Vereinen durch Beratung und Informationsmaterial. Gespr\u00e4che sind dabei sehr wichtig.\u201c<\/p>\n<p><img decoding=\"async\" class=\"alignnone wp-image-12197 size-large\" src=\"http:\/\/altgsgrebenstein.de\/wp-content\/uploads\/2020\/12\/DSC_8411-1024x678.jpg\" alt=\"\" width=\"604\" height=\"400\" srcset=\"https:\/\/altgsgrebenstein.de\/wp-content\/uploads\/2020\/12\/DSC_8411-1024x678.jpg 1024w, https:\/\/altgsgrebenstein.de\/wp-content\/uploads\/2020\/12\/DSC_8411-300x199.jpg 300w, https:\/\/altgsgrebenstein.de\/wp-content\/uploads\/2020\/12\/DSC_8411-768x509.jpg 768w, https:\/\/altgsgrebenstein.de\/wp-content\/uploads\/2020\/12\/DSC_8411-2048x1356.jpg 2048w\" sizes=\"(max-width: 604px) 100vw, 604px\" \/><\/p>\n<p>Anfang Oktober stand eines der hessischen DFB-Mobile vor der Kulturhalle Grebenstein. Mit den jugendlichen Fu\u00dfballerinnen der Jahrg\u00e4nge 5 bis 8, die in der Schule trainieren, absolvierte Bietendorf eine 90min\u00fctige Trainingseinheit. Initiiert hatte den Besuch Robin G\u00f6ring und dieser besondere Nachmittag kam bei den Sch\u00fclerinnen sehr gut an: \u201eEs war gut, ein Coaching von au\u00dfen zu erhalten. Die \u00dcbungen kannte ich, aber es war hilfreich, ein anderes Feedback zu bekommen\u201c, fasst Samira Sharbaji aus der Klasse G8c ihre Eindr\u00fccke zusammen. Ihre Mitspielerinnen Lea Gr\u00f6schner und Leonie Austerm\u00fchle aus der G6b hatten Spa\u00df an dieser Trainingseinheit der anderen Art. Bietendorf hatte nicht nur Warm Ups und Aufw\u00e4rmspiele mit den M\u00e4dchen durchgef\u00fchrt, sondern auch Technik\u00fcbungen. Am Ende teilte er Teams ein, die gegeneinander spielten. Anschlie\u00dfend erhielten sie vom DFB-Fachmann Tipps, die ihnen k\u00fcnftig zugutekommen. Fu\u00dfball bedeutet den drei M\u00e4dchen sehr viel: \u201eEs ist wie eine Familie. Man erlebt gemeinsam H\u00f6hen und Tiefen\u201c, dr\u00fcckt Samira Sharbaji eine der Motivationen der drei aus, viel freie Zeit mit dem Teamsport zu verbringen.<\/p>\n","protected":false},"excerpt":{"rendered":"<p>Kooperation Tischtennis (Schuljahr 2021\/2022 bis 2023\/2024) Ballsportarten mit erneuter Kooperation Der Schwerpunkt Ballsportarten, der in den vergangenen drei Jahren eine Kooperation mit der Frauenfu\u00dfballabteilung des TSV Jahn Calden f\u00fchrte, kooperiert seit diesem Schuljahr mit der Tischtennisabteilung des TuSpo Grebenstein. Zum einen zeigt die erneute Kooperation die Vielf\u00e4ltigkeit des Schwerpunktes Ballsportarten, zum anderen beruht es auf &hellip; <a href=\"https:\/\/altgsgrebenstein.de\/?page_id=1309\" class=\"more-link\"><span class=\"screen-reader-text\">Aktionen<\/span> weiterlesen <span class=\"meta-nav\">&rarr;<\/span><\/a><\/p>\n","protected":false},"author":20,"featured_media":0,"parent":0,"menu_order":0,"comment_status":"closed","ping_status":"closed","template":"","meta":{"saved_in_kubio":false,"footnotes":""},"class_list":["post-1309","page","type-page","status-publish","hentry"],"kubio_ai_page_context":{"short_desc":"","purpose":"general"},"_links":{"self":[{"href":"https:\/\/altgsgrebenstein.de\/index.php?rest_route=\/wp\/v2\/pages\/1309","targetHints":{"allow":["GET"]}}],"collection":[{"href":"https:\/\/altgsgrebenstein.de\/index.php?rest_route=\/wp\/v2\/pages"}],"about":[{"href":"https:\/\/altgsgrebenstein.de\/index.php?rest_route=\/wp\/v2\/types\/page"}],"author":[{"embeddable":true,"href":"https:\/\/altgsgrebenstein.de\/index.php?rest_route=\/wp\/v2\/users\/20"}],"replies":[{"embeddable":true,"href":"https:\/\/altgsgrebenstein.de\/index.php?rest_route=%2Fwp%2Fv2%2Fcomments&post=1309"}],"version-history":[{"count":7,"href":"https:\/\/altgsgrebenstein.de\/index.php?rest_route=\/wp\/v2\/pages\/1309\/revisions"}],"predecessor-version":[{"id":14035,"href":"https:\/\/altgsgrebenstein.de\/index.php?rest_route=\/wp\/v2\/pages\/1309\/revisions\/14035"}],"wp:attachment":[{"href":"https:\/\/altgsgrebenstein.de\/index.php?rest_route=%2Fwp%2Fv2%2Fmedia&parent=1309"}],"curies":[{"name":"wp","href":"https:\/\/api.w.org\/{rel}","templated":true}]}}