{"id":755,"date":"2016-06-30T16:24:17","date_gmt":"2016-06-30T15:24:17","guid":{"rendered":"http:\/\/wordpress.gsgrebenstein.net\/?page_id=755"},"modified":"2025-05-16T10:14:54","modified_gmt":"2025-05-16T09:14:54","slug":"bisherige-teilnehmer-am-cafe-beruf","status":"publish","type":"page","link":"http:\/\/altgsgrebenstein.de\/?page_id=755","title":{"rendered":"Bisherige Teilnehmer am Caf\u00e9 Beruf"},"content":{"rendered":"<p><span style=\"font-family: verdana,geneva,sans-serif; font-size: 10pt;\">Diese Betriebe bzw. diese Personen waren bei uns zu Gast. Sie haben sich wohl gef\u00fchlt und zugesagt, ein offenes Ohr f\u00fcr Bewerbungen um einen Praktikumsplatz oder sp\u00e4ter eine Arbeitsm\u00f6glichkeit f\u00fcr HGS- Sch\u00fclerinnen und Sch\u00fcler zu haben.<br \/>\nNutzen Sie diese Palette f\u00fcr Anfragen \u2013 bzw. bewerbt Euch in diesen \u00b4Caf\u00e9 Beruf\u00b4\u2013 Betrieben!<\/span><\/p>\n<p><span style=\"font-family: verdana,geneva,sans-serif; font-size: 10pt;\"><strong>1\u00a0\u00a0\u00a0\u00a0 <\/strong>21. November 2003<br \/>\n<strong>Gesundheitswesen<\/strong> \u2013 Frau Floren, Klinikum Kassel, Bildungszentrum<br \/>\n<strong>Metall <\/strong>\u2013 Herr Fehr, Stahlbau-Leichtmetall Fehr, Ebersch\u00fctz<br \/>\nV<strong>erwaltung <\/strong>\u2013 Herr Horbr\u00fcgger, Kreishandwerkerschaft Hofgeismar-Wolfhagen<br \/>\n<strong>Elektrotechnik <\/strong>\u2013 Herr Lang, Elektro\/Installation Lang, Grebenstein<\/span><\/p>\n<p><span style=\"font-family: verdana,geneva,sans-serif; font-size: 10pt;\"><strong>2\u00a0\u00a0\u00a0\u00a0 <\/strong>27. Februar 2oo4<br \/>\n<strong>Kunststoffverarbeitung \u2013 <\/strong>Herr Sch\u00fcssler, Fa. sera, Immenhausen<br \/>\n<strong>Landwirtschaft<\/strong> \u2013 Herr Schmacke , landwirtschaftl. Betrieb, Grebenstein<br \/>\n<strong>Fris\u00f6r\/in <\/strong>\u2013 Frau Arend, Fris\u00f6rmeisterin, Immenhausen<br \/>\n<strong>Lebensmittel<\/strong> &#8211; Frau Sch\u00e4fer, B\u00e4ckermeisterin, Zierenberg<\/span><\/p>\n<p><span style=\"font-family: verdana,geneva,sans-serif; font-size: 10pt;\"><strong>3\u00a0\u00a0\u00a0\u00a0 <\/strong>24. September 2oo4<br \/>\n<strong>Pflegeberufe<\/strong> \u2013 Herr Vialon, Ergotherapie Altenhilfe, Hofgeismar<br \/>\n<strong>Holzverarbeitung\u00a0 &#8211; <\/strong>Herr Opfer, Schreinerei und Fensterbau Opfer, Hofgeismar<br \/>\n<strong>Gastronomie <\/strong>\u2013 Herr Koseck, Dornr\u00f6schenschloss GmbH, Sababurg<br \/>\n<strong>Einzelhandel <\/strong>&#8211; Frau Sch\u00e4fer, B\u00e4ckermeisterin, Zierenberg<\/span><\/p>\n<p><span style=\"font-family: verdana,geneva,sans-serif; font-size: 10pt;\"><strong>4\u00a0\u00a0\u00a0\u00a0 <\/strong>26. November 2004<br \/>\n<strong>Industriemechanik <\/strong>\u2013 Herr Tolksdorf, ZF Luftfahrt, Calden<br \/>\n<strong>Zahntechnik <\/strong>\u2013 Herr G\u00e4rtner, Dentallabor, Grebenstein<br \/>\n<strong>Maurerhandwerk \u2013 <\/strong>Frau Kayser, Fa. Kayser, Grebenstein<br \/>\n<strong>Einzelhandel <\/strong>\u2013 Herr Ehlert, Rewe, Grebenstein<\/span><\/p>\n<p><span style=\"font-family: verdana,geneva,sans-serif; font-size: 10pt;\"><strong>5\u00a0\u00a0\u00a0\u00a0 <\/strong>25. Februar 2005<br \/>\n<strong>Garten- und Landschaftsbau <\/strong>\u2013 Herr Frank, Fa. Frank, Grebenstein<br \/>\n<\/span><span style=\"font-family: verdana,geneva,sans-serif; font-size: 10pt;\"><strong>IT -Berufe<\/strong> \u2013 Herr Riebensahm, Management Services, Hofgeismar<br \/>\n<\/span><span style=\"font-family: verdana,geneva,sans-serif; font-size: 10pt;\"><strong>Naturwissenscahft\/Technik<\/strong> \u2013 Herr Dr.Giesler, Degussa, Hanau<br \/>\n<strong>Mechatroniker <\/strong>\u2013 Herr Lund, Autohaus Lund, Grebenst<\/span><\/p>\n<p><span style=\"font-family: verdana,geneva,sans-serif; font-size: 10pt;\"><strong>6\u00a0\u00a0\u00a0\u00a0 <\/strong>11. November 2005<br \/>\n<strong>Tischlerhandwerk \/ Design \u2013 <\/strong>\u00a0Herr Berndt, Fa. Baum u. S\u00f6hne, Kassel<br \/>\n<strong>Luftfahrttechnik \/ Wartung<\/strong> \u2013 Herr Lehmann, Fa. Jet Aviation, Calden<br \/>\n<strong>Versicherungskaufmann\/frau <\/strong>\u2013 Herr Scheffer, DAK Hofgeismar<br \/>\n<strong>Metallberufe <\/strong>\u2013 Herr Fetters\u00a0 Fa. Autok\u00fchler AKG Hofgeismar<\/span><\/p>\n<p><span style=\"font-family: verdana,geneva,sans-serif; font-size: 10pt;\"><strong>7\u00a0\u00a0\u00a0\u00a0 <\/strong>3. November 2006<br \/>\n<strong>Gewerblich-technische Berufe \/ Fahrzeugtechnik <\/strong>\u2013 Frau Gottschalk, Fa.H\u00fcbner, Kassel<br \/>\n(entfiel)<br \/>\n<strong>Fleischerei \/ Feinkost \/Lebensmittelverarbeitung <\/strong>\u2013 Herr Koch, Fleischerei, Calden<br \/>\n<strong>Kaufm\u00e4nnische u. gewerblich-technische Berufe <\/strong>\u2013 Frau Fischmann, SMA-Technologie, Kassel<br \/>\n<strong>Metallbau \/ -Verarbeitung <\/strong>\u2013 Herr Erdmann, Fa. Hanf und Erdmann, Hofgeismar<\/span><\/p>\n<p><span style=\"font-family: verdana,geneva,sans-serif; font-size: 10pt;\"><strong>8\u00a0\u00a0\u00a0\u00a0 <\/strong>9.M\u00e4rz 2007<br \/>\n<strong>Fahrzeugtechnik <\/strong>\u2013 Herr Schwede, Fa. H\u00fcbner, Kassel<br \/>\n<strong>Verwaltungsberufe <\/strong>\u2013 Herr Horbr\u00fcgger, Kreishandwerkerschaft Hofgeismar \u2013 Wolfhagen<br \/>\n<strong>Gartenbau\/ Floristik <\/strong>\u2013 Herr Fricke, Baumschule Fricke, Grebenstein<br \/>\n<strong>Industriemechanik<\/strong> \u2013 Herr Tolksdorf, ZF Luftfahrt, Calden<\/span><\/p>\n<p><span style=\"font-family: verdana,geneva,sans-serif; font-size: 10pt;\"><strong>9\u00a0\u00a0\u00a0\u00a0 <\/strong>1.Juni 2007<br \/>\n<\/span><span style=\"font-family: verdana,geneva,sans-serif; font-size: 10pt;\"><strong>Altenpflege<\/strong> \u2013 Frau Vering, Altenpflegeschule Hofgeismar<br \/>\n<strong>Augenoptik <\/strong>\u2013 Herr Kloss, Grebenstein<br \/>\n<strong>Industriekaufmann\/frau \/ Metallberufe <\/strong>\u2013 Fa. Fr\u00e4ger , Grebenstein<br \/>\n<strong>Bankkaufmann\/frau <\/strong>\u2013 Herr\u00a0 Wanik, Stadtsparkasse Grebenstein<\/span><\/p>\n<p><span style=\"font-family: verdana,geneva,sans-serif; font-size: 10pt;\"><strong>10<\/strong>\u00a0\u00a0 17.November 2007<br \/>\n<strong>Automobilbranche <\/strong>\u2013 Daimler AG (vormals Daimler-Chrysler) Kassel<br \/>\n<strong>Sanit\u00e4r-und Heizungsbau <\/strong>\u2013 Fa Scholl, Hofgeismar<br \/>\n<strong>Uni Kassel- Ausbildungswerkstatt \u2013 <\/strong>verschiedene Berufe \u2013 Kassel<br \/>\n<strong>Schornsteinfeger\/Energieberater \u2013 <\/strong>Innung Hofgeismar<\/span><\/p>\n<p><span style=\"font-family: verdana,geneva,sans-serif; font-size: 10pt;\"><strong>11\u00a0\u00a0 <\/strong>4.M\u00e4rz 2008<br \/>\n<strong>Werk-Hilfe e.V. <\/strong>\u2013 Prof. Olbrich, Calden\u00a0\u00a0 (soziale Berufe, Pflege, Betreuung)<br \/>\n<strong>Wirtschaftskanzlei \/Rechtsanwaltspraxis <\/strong>\u2013 Dr. Westhelle \/ Frau Ohneberg<br \/>\n<strong>Dithmar Westhelle Assenmacher Zwingmann u. Partner<\/strong>, Kassel(B\u00fcrokaufmann\/frau, Rechtsanwalts- u. Notarfachangestellte)<br \/>\n<strong>Fris\u00f6r\/in <\/strong>\u2013 Frau Arend, Fris\u00f6rmeisterin, Immenhausen<br \/>\n<strong>Mechatroniker\/in <\/strong>\u2013 Autohaus Fiege, Hofgeismar<\/span><\/p>\n<p><span style=\"font-family: verdana,geneva,sans-serif; font-size: 10pt;\"><strong>12\u00a0\u00a0 <\/strong>27.Februar 2009<br \/>\n<strong>Polizei Hessen<\/strong> \u2013 Herr Meier<br \/>\n<strong>ZSP Kurhessen \/ Gesundheits-und Krankenpflege <\/strong>\u2013 Herr Engel<br \/>\n<strong>AKG Autok\u00fchler<\/strong> &#8211; Herr Fetters<br \/>\n<strong>Stadt Grebenstein \/ Verwaltungsberufe <\/strong>\u2013 Herr Sutor<\/span><\/p>\n<p><span style=\"font-family: verdana,geneva,sans-serif; font-size: 10pt;\"><strong>13\u00a0\u00a0 <\/strong>15. Januar 2010<br \/>\n<strong>Bundeswehr<\/strong> \u2013 Herr Hirsch<br \/>\n<strong>Steuerberatung <\/strong>\u2013 Herr Helmbrecht<br \/>\n<strong>Lebensmittelbranche <\/strong>\u2013 Herr Koch<br \/>\n<strong>IT-Service <\/strong>\u2013 Herr Schindeh\u00fctte, Frau Gockel<\/span><\/p>\n<p><span style=\"font-family: verdana,geneva,sans-serif; font-size: 10pt;\"><strong>14\u00a0 <\/strong>\u00a012. November 2010<br \/>\n<strong>Pflegeschule Hofgeismar<\/strong> \u2013 Herr Schneider u. Team<br \/>\n<strong>Tegut-Lebensmittelm\u00e4rkte<\/strong> \u2013 Krau Klapp<br \/>\n<strong>Deutsche Bahn AG <\/strong>&#8211; Herr Gille<br \/>\n<strong>Museumslandschaft Hessen-Landschaftsgestaltung<\/strong> \u2013 Herr Lipphardt<\/span><\/p>\n<p><span style=\"font-family: verdana,geneva,sans-serif; font-size: 10pt;\"><strong>15\u00a0\u00a0 <\/strong>18. Februar 2011<br \/>\n<strong>SMA- Solar Technology AG Kassel<\/strong> \u2013 Ausbildungsteam Frau Warkentin<br \/>\n<strong>sera- Seybert+Rahier <\/strong>, Frau Pfl\u00e4ging<br \/>\n<strong>KVVG-Kasseler Verkehrs-u.Versorgungsbetriebe<\/strong> \u2013 Frau Drotleff<br \/>\n<strong>AOK Hessen<\/strong>, Frau Boyens<\/span><\/p>\n<p><span style=\"font-family: verdana,geneva,sans-serif; font-size: 10pt;\"><strong>16\u00a0\u00a0 <\/strong>9. November 2011<br \/>\n<strong>Polizei <\/strong>&#8211; Bundesbereitschaftspolizei, Frau Vogt und Team<br \/>\n<strong>Diakonie <\/strong>Kurhessen-Waldeck, Frau Paulig und Team<br \/>\n<strong>Solartechnik <\/strong>&#8211; Bluetec Trendelburg, Herr Zimmermann<\/span><\/p>\n<p><span style=\"font-family: verdana,geneva,sans-serif; font-size: 10pt;\"><strong>17\u00a0\u00a0 <\/strong>11. Mai 2012<br \/>\n<strong>VW Kassel<\/strong> \u2013 Herr Schaupeter<br \/>\n<strong>Fa. sera Immenhausen<\/strong>, Frau Pfl\u00e4ging und Team<br \/>\n<strong>REWE \u2013 Lebensmittelm\u00e4rkte<\/strong>, Herr Ehlert und Team<br \/>\n<strong>Akg Autok\u00fchler Hofgeismar<\/strong>, Herr Fetters<\/span><\/p>\n<p><span style=\"font-family: verdana,geneva,sans-serif; font-size: 10pt;\"><strong>18\u00a0\u00a0 <\/strong>30. November 2012<br \/>\n<strong>B\u00e4ckerei Amthor &#8211;\u00a0 Trendelburg<\/strong>, Herr Simon jun.<br \/>\n<strong>VW Kassel<\/strong>, Herr Schaupeter<br \/>\n<strong>Werkhilfe Calden<\/strong>, Herr Olbrich<br \/>\n<strong>Fa. Fr\u00e4ger &#8211; Immenhausen<\/strong>, Herr Hadrian<\/span><\/p>\n<p><span style=\"font-family: verdana,geneva,sans-serif; font-size: 10pt;\"><strong>19\u00a0\u00a0 <\/strong>7. Juni 2013<br \/>\n<strong>Tischlerei Bonnet &#8211;\u00a0 Liebenau-Obermeiser<\/strong>, Herr Bonnet und Team<br \/>\n<strong>Landespolizei Hessen<\/strong>, Herr Meier<br \/>\n<strong>Farben Habich \u2013 Reinhardshagen<\/strong>, Herr Garbe, Herr Wallbach<br \/>\n<strong>Fa. sera \u2013 Immenhausen<\/strong>, Frau Butterweck<\/span><\/p>\n<p><span style=\"font-family: verdana,geneva,sans-serif; font-size: 10pt;\"><strong>20\u00a0\u00a0 <\/strong>8. November 2013<br \/>\n<strong>Fris\u00f6rhandwerk<\/strong>, Frau Arend Immenhausen<br \/>\n<strong>Metallverarbeitung<\/strong>, Akg-Autok\u00fchler Hofgeismar, Frau Werner<br \/>\n<strong>Pflege-\/ Gesundheitsberufe<\/strong>, Altenpflegeschule Hofgeismar, Frau Vering und Team<br \/>\n<strong>Garten- und Landschaftsbau <\/strong>\u2013 Fa. Frank, Herr Frank<\/span><\/p>\n<p><span style=\"font-family: verdana,geneva,sans-serif; font-size: 10pt;\"><strong>21\u00a0\u00a0 <\/strong>14. M\u00e4rz 2014<br \/>\n<strong>Luftfahrttechnik \u2013 ZF Calden<\/strong>, Herr Hofmann<br \/>\n<strong>Rechtsanwaltsberufe \u2013 RA-Kammer Kassel<\/strong>, Herr Dilcher<br \/>\n<strong>Hauswirtschaft \u2013 EKKW Hofgeismar<\/strong>, Frau Urmoneit<br \/>\n<strong>Lebensmittel-\/Umweltanalytik \u2013 Hess. Landeslabor<\/strong>, Herr Reinbott<\/span><\/p>\n<p><span style=\"font-family: verdana,geneva,sans-serif; font-size: 10pt;\"><strong>22\u00a0\u00a0 <\/strong>23. Januar 2015<br \/>\n<strong>Physiotherapie-Schule Hess. Lichtenau<br \/>\nFa. H\u00fcbner GmbH u. Co Kg<br \/>\nBundeswehr<br \/>\nNetto &#8211; Discountm\u00e4rkte<\/strong><\/span><\/p>\n<p><span style=\"font-family: verdana,geneva,sans-serif; font-size: 10pt;\"><strong>23\u00a0\u00a0 <\/strong>19. Juni 2015<br \/>\n<strong>Wewa \u2013 Textiltechnik\u00a0 Immenhausen<br \/>\nEinzelhandel Rewe Fuldabr\u00fcck<br \/>\nOptiker Kassel<br \/>\nManagement Services Hofgeismar<\/strong><\/span><\/p>\n<p><span style=\"font-family: verdana,geneva,sans-serif; font-size: 10pt;\"><strong>24\u00a0\u00a0\u00a0 <\/strong>22. Januar 2016<br \/>\n<strong>VW Coaching Baunatal<\/strong><br \/>\n<strong>Rohrbach Schulen Kassel<\/strong><br \/>\n<strong>Landfleischerei Koch Calden<\/strong><br \/>\n<strong>Barmer \u2013 GEK Kassel<\/strong><\/span><\/p>\n<p><span style=\"font-family: verdana,geneva,sans-serif; font-size: 10pt;\"><strong>25 <\/strong>03. Juni 2016<br \/>\n<strong>Landhaus Meister Kassel<\/strong><br \/>\n<\/span><strong><span style=\"font-family: verdana,geneva,sans-serif; font-size: 10pt;\">Hackl\u00e4nder GmbH Kassel<br \/>\nNesbit Zahngesundheitszentrum Trendelburg<br \/>\nHauptzollamt Gie\u00dfen<\/span><\/strong><\/p>\n<p><strong><span style=\"font-family: verdana, geneva, sans-serif; font-size: 10pt;\">26 <\/span><\/strong><\/p>\n<p><strong>27<\/strong><\/p>\n<p>&nbsp;<\/p>\n<p><span style=\"font-family: verdana, geneva, sans-serif; font-size: 10pt;\"><strong>28<\/strong> 10.11.2017<\/span><\/p>\n<h6><strong><span style=\"font-family: verdana, geneva, sans-serif; font-size: 10pt;\">Regionalbauernverband Kurhessen e.V.<\/span><\/strong><\/h6>\n<p><strong><span style=\"font-family: verdana, geneva, sans-serif; font-size: 10pt;\">Saskia Wienand, Werbeagentur Erbeck, K\u00f6rle<\/span><\/strong><\/p>\n<p><strong><span style=\"font-family: verdana, geneva, sans-serif; font-size: 10pt;\">DB Fahrzeuginstandhaltung GmbH, Werk Kassel<\/span><\/strong><\/p>\n<p><strong><span style=\"font-family: verdana, geneva, sans-serif; font-size: 10pt;\">Vitalis Senioren Zentrum Reinhardswald<\/span><\/strong><\/p>\n<p>&nbsp;<\/p>\n<p><span style=\"font-family: verdana, geneva, sans-serif; font-size: 10pt;\"><strong>29 <\/strong>04.05.2018<\/span><\/p>\n<p><strong><span style=\"font-family: verdana, geneva, sans-serif; font-size: 10pt;\">AOK Kassel, Frau Angelika Boyens<\/span><\/strong><\/p>\n<p><strong><span style=\"font-family: verdana, geneva, sans-serif; font-size: 10pt;\">Andreas Scholl, Heizungsbau, Hofgeismar<\/span><span style=\"font-family: verdana, geneva, sans-serif; font-size: 10pt;\">H\u00fcbner, Kassel<\/span><\/strong><\/p>\n<p><strong><span style=\"font-family: verdana, geneva, sans-serif; font-size: 10pt;\">VR Bank<\/span><\/strong><\/p>\n<p>&nbsp;<\/p>\n<p><span style=\"font-family: verdana, geneva, sans-serif; font-size: 10pt;\"><strong>30 <\/strong>09.11.2018<\/span><\/p>\n<p><strong><span style=\"font-family: verdana, geneva, sans-serif; font-size: 10pt;\">Landfleischerei Koch, Calden<\/span><\/strong><\/p>\n<p><strong><span style=\"font-family: verdana, geneva, sans-serif; font-size: 10pt;\">Management Services Helwig Schmitt, Hofgeismar<\/span><\/strong><\/p>\n<p><strong><span style=\"font-family: verdana, geneva, sans-serif; font-size: 10pt;\">Vitalis Senioren Zentrum Reinhardswald<\/span><\/strong><\/p>\n<p><strong><span style=\"font-family: verdana, geneva, sans-serif; font-size: 10pt;\">Technoform, Kassel<\/span><\/strong><\/p>\n<p>&nbsp;<\/p>\n<p><span style=\"font-family: verdana, geneva, sans-serif; font-size: 10pt;\"><strong>31 <\/strong>03.05.2019<\/span><\/p>\n<p><strong><span style=\"font-family: verdana, geneva, sans-serif; font-size: 10pt;\">MEWA, Immenhausen<\/span><\/strong><\/p>\n<p><strong><span style=\"font-family: verdana, geneva, sans-serif; font-size: 10pt;\">H\u00fcbner, Kassel<\/span><\/strong><\/p>\n<p><strong><span style=\"font-family: verdana, geneva, sans-serif; font-size: 10pt;\">DB Instandsetzung, Kassel<\/span><\/strong><\/p>\n<p><strong><span style=\"font-family: verdana, geneva, sans-serif; font-size: 10pt;\">Podologie Schmidt, Hofgeismar<\/span><\/strong><\/p>\n<p><span style=\"font-family: verdana, geneva, sans-serif; font-size: 10pt;\"><strong>\u00a0<\/strong><\/span><\/p>\n<p><span style=\"font-family: verdana, geneva, sans-serif; font-size: 10pt;\"><strong>32 <\/strong>01.11.2019<\/span><\/p>\n<p><strong><span style=\"font-family: verdana, geneva, sans-serif; font-size: 10pt;\">BODE Schaltbau, Kaufungen<\/span><\/strong><\/p>\n<p><strong><span style=\"font-family: verdana, geneva, sans-serif; font-size: 10pt;\">Hackl\u00e4nder, Kassel<\/span><\/strong><\/p>\n<p><strong><span style=\"font-family: verdana, geneva, sans-serif; font-size: 10pt;\">Promundius, Calden<\/span><\/strong><\/p>\n<p><strong><span style=\"font-family: verdana, geneva, sans-serif; font-size: 10pt;\">Agentur f\u00fcr Arbeit, Kassel (Wege nach der Schule)<\/span><\/strong><\/p>\n<p><span style=\"font-family: verdana, geneva, sans-serif; font-size: 10pt;\"><strong>\u00a0<\/strong><\/span><\/p>\n<p><span style=\"font-family: verdana, geneva, sans-serif; font-size: 10pt;\"><strong>33 <\/strong>07.05.2021 (digital)<\/span><\/p>\n<p><strong><span style=\"font-family: verdana, geneva, sans-serif; font-size: 10pt;\">Koch Elektronik, Ahnatal<\/span><\/strong><\/p>\n<p><strong><span style=\"font-family: verdana, geneva, sans-serif; font-size: 10pt;\">Metzgerei Koch, Calden<\/span><\/strong><\/p>\n<p><strong><span style=\"font-family: verdana, geneva, sans-serif; font-size: 10pt;\">Vitos Schule f\u00fcr Gesundheitsberufe, Bad Emstal<\/span><\/strong><\/p>\n<p><strong><span style=\"font-family: verdana, geneva, sans-serif; font-size: 10pt;\">Optiker Kloss, Grebenstein<\/span><\/strong><\/p>\n<p><span style=\"font-family: verdana, geneva, sans-serif; font-size: 10pt;\"><strong>\u00a0<\/strong><\/span><\/p>\n<p><span style=\"font-family: verdana, geneva, sans-serif; font-size: 10pt;\"><strong>34 <\/strong>29.10.2021 (digital)<\/span><\/p>\n<h5><strong><span style=\"font-family: verdana, geneva, sans-serif; font-size: 10pt;\">Koch Elektronik, Ahnatal<\/span><\/strong><\/h5>\n<h5><strong><span style=\"font-family: verdana, geneva, sans-serif; font-size: 10pt;\">Metzgerei Koch, Calden<\/span><\/strong><\/h5>\n<h5><strong><span style=\"font-family: verdana, geneva, sans-serif; font-size: 10pt;\">Vitos Schule f\u00fcr Gesundheitsberufe, Bad Emstal<\/span><\/strong><\/h5>\n<h5><strong><span style=\"font-family: verdana, geneva, sans-serif; font-size: 10pt;\">Optiker Kloss, Grebenstein<\/span><\/strong><\/h5>\n<p style=\"font-weight: 400;\"><strong>35 (14.05.22)<\/strong><\/p>\n<ul style=\"font-weight: 400;\">\n<li><strong>Volunta (DRK)<\/strong><\/li>\n<li><strong>Kreishandwerkerschaft Hofgeismar<\/strong><\/li>\n<li><strong>Bundespolizei, Standort Fuldatal<\/strong><\/li>\n<li><strong>Handwerkskammer Kassel<\/strong><\/li>\n<li><strong>\u00a0Fleischerei Koch, Calden<\/strong><\/li>\n<\/ul>\n<p style=\"font-weight: 400;\"><strong>36 (08.11.2022)<\/strong><\/p>\n<ul>\n<li><strong>Firma Glinicke \/ Glaskontor<\/strong><\/li>\n<li><strong>Herwig-Blankertz-Schule Hofgeismar (Schwerpunkt Pflege \/ soziale Berufe)<\/strong><\/li>\n<li><strong>Kreishandwerkerschaft Hofgeismar (Schwerpunkt Maurer, Tischler, Landmaschinenmechatroniker)<\/strong><\/li>\n<li><strong>Firma ALSTOM \/ Standort Kassel<\/strong><\/li>\n<\/ul>\n<p style=\"font-weight: 400;\"><strong>37 (09.05.2023)<\/strong><\/p>\n<ul>\n<li><strong>Volunta (Freiwilligendienste)<\/strong><\/li>\n<li><strong>Herwig-Blankertz-Schule Hofgeismar (Pflege und soziale Berufe)<\/strong><\/li>\n<li><strong>Finanzamt Kassel (duales Studium)<\/strong><\/li>\n<li><strong>Stadtsparkasse Grebenstein<\/strong><\/li>\n<li><strong>Kreishandwerkerschaft Hofgeismar (handwerkliche Berufe)<\/strong><\/li>\n<\/ul>\n<p style=\"font-weight: 400;\"><strong>38 (08.11.2023)<\/strong><\/p>\n<ul>\n<li><strong>Daimler<\/strong><\/li>\n<li><strong>SMA<\/strong><\/li>\n<li><strong>Herwig Blankertz Schule<\/strong><\/li>\n<li><strong>Lungenfachklinik Immenhausen<\/strong><\/li>\n<li><strong>Meinolf Gockel<\/strong><\/li>\n<li><strong>Volunta<\/strong><\/li>\n<\/ul>\n<p><strong>39 (22.05.2024)<\/strong><\/p>\n<ul style=\"list-style-type: square;\">\n<li>Volkswagen Akademie<\/li>\n<li>Pfarrerin Hannah Tinnefeld<\/li>\n<li>Lungenfachklinik Immenhausen<\/li>\n<li>Vitos<\/li>\n<\/ul>\n<p><strong>40 (04.02.2025)<\/strong><\/p>\n<ul style=\"list-style-type: square;\">\n<li>Bundespolizei<\/li>\n<li>Amtsgericht Kassel<\/li>\n<li>Finanzamt Kassel<\/li>\n<li>KVV<\/li>\n<li>Zollamt Gie\u00dfen<\/li>\n<li>LVM-Versicherungen<\/li>\n<li>HBS (Hofgeismar)<\/li>\n<li>Horst &amp; Wicke Design<\/li>\n<li>Landfleischerei Koch<\/li>\n<li>Sportakademie Tigers<\/li>\n<li>Tischlerei Bonnet<\/li>\n<li>Vitalis Seniorenzentrum Reinhardswald<\/li>\n<li>EKS (Kassel)<\/li>\n<li>Firma Hackl\u00e4nder<\/li>\n<li>Bundesagentur f\u00fcr Arbeit<\/li>\n<\/ul>\n<p style=\"font-weight: 400;\">\n","protected":false},"excerpt":{"rendered":"<p>Diese Betriebe bzw. diese Personen waren bei uns zu Gast. Sie haben sich wohl gef\u00fchlt und zugesagt, ein offenes Ohr f\u00fcr Bewerbungen um einen Praktikumsplatz oder sp\u00e4ter eine Arbeitsm\u00f6glichkeit f\u00fcr HGS- Sch\u00fclerinnen und Sch\u00fcler zu haben. Nutzen Sie diese Palette f\u00fcr Anfragen \u2013 bzw. bewerbt Euch in diesen \u00b4Caf\u00e9 Beruf\u00b4\u2013 Betrieben! 1\u00a0\u00a0\u00a0\u00a0 21. November 2003 &hellip; <a href=\"http:\/\/altgsgrebenstein.de\/?page_id=755\" class=\"more-link\"><span class=\"screen-reader-text\">Bisherige Teilnehmer am Caf\u00e9 Beruf<\/span> weiterlesen <span class=\"meta-nav\">&rarr;<\/span><\/a><\/p>\n","protected":false},"author":28,"featured_media":0,"parent":0,"menu_order":0,"comment_status":"closed","ping_status":"closed","template":"","meta":{"saved_in_kubio":false,"footnotes":""},"class_list":["post-755","page","type-page","status-publish","hentry"],"kubio_ai_page_context":{"short_desc":"","purpose":"general"},"_links":{"self":[{"href":"http:\/\/altgsgrebenstein.de\/index.php?rest_route=\/wp\/v2\/pages\/755","targetHints":{"allow":["GET"]}}],"collection":[{"href":"http:\/\/altgsgrebenstein.de\/index.php?rest_route=\/wp\/v2\/pages"}],"about":[{"href":"http:\/\/altgsgrebenstein.de\/index.php?rest_route=\/wp\/v2\/types\/page"}],"author":[{"embeddable":true,"href":"http:\/\/altgsgrebenstein.de\/index.php?rest_route=\/wp\/v2\/users\/28"}],"replies":[{"embeddable":true,"href":"http:\/\/altgsgrebenstein.de\/index.php?rest_route=%2Fwp%2Fv2%2Fcomments&post=755"}],"version-history":[{"count":6,"href":"http:\/\/altgsgrebenstein.de\/index.php?rest_route=\/wp\/v2\/pages\/755\/revisions"}],"predecessor-version":[{"id":18151,"href":"http:\/\/altgsgrebenstein.de\/index.php?rest_route=\/wp\/v2\/pages\/755\/revisions\/18151"}],"wp:attachment":[{"href":"http:\/\/altgsgrebenstein.de\/index.php?rest_route=%2Fwp%2Fv2%2Fmedia&parent=755"}],"curies":[{"name":"wp","href":"https:\/\/api.w.org\/{rel}","templated":true}]}}